{"id":6407,"date":"2025-11-03T18:22:56","date_gmt":"2025-11-03T17:22:56","guid":{"rendered":"https:\/\/www.camping-lesjardinsdagathe.com\/inicio\/"},"modified":"2026-02-25T10:31:41","modified_gmt":"2026-02-25T09:31:41","slug":"accueil","status":"publish","type":"page","link":"https:\/\/www.camping-lesjardinsdagathe.com\/es\/","title":{"rendered":"Inicio"},"content":{"rendered":"\n<section class=\"wp-block-group section-1 has-custom-color-4-background-color has-background has-global-padding is-layout-constrained wp-container-core-group-is-layout-70b11869 wp-block-group-is-layout-constrained\" style=\"margin-bottom:6rem;padding-top:4rem;padding-right:0px;padding-bottom:4rem;padding-left:0px\">\n<figure class=\"wp-block-image aligncenter size-full is-resized shape-top\"><img decoding=\"async\" width=\"313\" height=\"297\" src=\"https:\/\/www.camping-lesjardinsdagathe.com\/wp-content\/uploads\/2026\/01\/fleur.png\" alt=\"flor\" class=\"wp-image-2354\" style=\"width:299px\" srcset=\"https:\/\/www.camping-lesjardinsdagathe.com\/wp-content\/uploads\/2026\/01\/fleur.png 313w, https:\/\/www.camping-lesjardinsdagathe.com\/wp-content\/uploads\/2026\/01\/fleur-300x285.png 300w\" sizes=\"(max-width: 313px) 100vw, 313px\" \/><\/figure>\n\n\n\n<div class=\"wp-block-group top-content has-global-padding is-layout-constrained wp-container-core-group-is-layout-f4426c34 wp-block-group-is-layout-constrained\" style=\"padding-right:10rem;padding-left:10rem\">\n<p class=\"has-text-align-center big-title has-custom-color-3-color has-text-color has-link-color has-chanticleer-font-family wp-elements-65ec2b2a8ba17e938d44c1ff8e7ff6bb\" style=\"font-size:clamp(97.676px, 6.105rem + ((1vw - 3.2px) * 14.825), 240px);font-style:normal;font-weight:400;line-height:1;text-transform:uppercase\">Bienvenido<\/p>\n\n\n\n<h1 class=\"wp-block-heading has-text-align-center\">Camping en <strong>Cap d&#8217;Agde<\/strong> junto al mar  <\/h1>\n\n\n\n<p class=\"has-text-align-center\">\u00bfBuscas un camping con<strong>un ambiente c\u00e1lido y acogedor<\/strong> para tu pr\u00f3xima <strong>estancia en Cap d&#8217;Agde<\/strong>? Les Jardins d&#8217;Agathe te dan la bienvenida del 17 de abril al 3 de octubre, en un entorno encantador para tus vacaciones en familia, con amigos, en pareja, etc. Les Jardins d&#8217;Agathe es un peque\u00f1o y encantador camping familiar, situado en un lugar <strong>tranquilo<\/strong>, a s\u00f3lo <strong>5 kil\u00f3metros del centro de <\/strong>Agde y a <strong>15 minutos a pie de la primera playa<\/strong>.  <\/p>\n\n\n\n<p class=\"has-text-align-center\">\u00a1Se ha pensado en todo para que tus estancias en <strong>familia<\/strong>, con <strong>amigos<\/strong>, en <strong>pareja <\/strong>o <strong>solo <\/strong>en Cap d&#8217;Agde sean lo m\u00e1s c\u00f3modas posible! \u00a1Disfruta de una estancia excepcional en nuestro camping de Cap d&#8217;Agde! Tambi\u00e9n te ofrecemos los servicios de nuestro <strong>asistente virtual<\/strong> <strong>, l&#8217;\u00c9ph\u00e8be<\/strong>, que podr\u00e1 responder a todas tus preguntas. Para hacerle todas tus preguntas, \u00a1haz clic en el enlace de abajo!   <\/p>\n<\/div>\n\n\n\n<div class=\"wp-block-columns is-layout-flex wp-container-core-columns-is-layout-fd8265d6 wp-block-columns-is-layout-flex\" style=\"margin-top:8rem\">\n<div class=\"wp-block-column left is-layout-flow wp-block-column-is-layout-flow\" style=\"padding-right:3rem;padding-left:10rem\">\n<figure class=\"wp-block-image size-full\"><img decoding=\"async\" width=\"802\" height=\"657\" src=\"https:\/\/www.camping-lesjardinsdagathe.com\/wp-content\/uploads\/2026\/01\/camping-herault-carte.png\" alt=\"camping herault mapa\" class=\"wp-image-2196\" srcset=\"https:\/\/www.camping-lesjardinsdagathe.com\/wp-content\/uploads\/2026\/01\/camping-herault-carte.png 802w, https:\/\/www.camping-lesjardinsdagathe.com\/wp-content\/uploads\/2026\/01\/camping-herault-carte-300x246.png 300w, https:\/\/www.camping-lesjardinsdagathe.com\/wp-content\/uploads\/2026\/01\/camping-herault-carte-768x629.png 768w\" sizes=\"(max-width: 802px) 100vw, 802px\" \/><\/figure>\n\n\n\n<p class=\"text-deco has-custom-color-1-color has-text-color has-link-color wp-elements-77d20164127e12a79acb52e06fa10b9f\" style=\"font-size:clamp(27.894px, 1.743rem + ((1vw - 3.2px) * 2.094), 48px);font-style:normal;font-weight:300;line-height:1;text-transform:uppercase\">A <strong>900 m<\/strong> de la playa<br\/>&#8230;<\/p>\n<\/div>\n\n\n\n<div class=\"wp-block-column right is-layout-flow wp-block-column-is-layout-flow\">\n<div data-swiper=\"{&quot;speed&quot;:400,&quot;spaceBetween&quot;:16,&quot;slidesPerView&quot;:1,&quot;createElements&quot;:true,&quot;loop&quot;:true,&quot;freemode&quot;:true,&quot;navigation&quot;:{&quot;nextEl&quot;:&quot;buttonNext&quot;,&quot;prevEl&quot;:&quot;buttonPrev&quot;},&quot;pagination&quot;:{&quot;el&quot;:&quot;.swiper-pagination&quot;,&quot;dynamicBullets&quot;:true},&quot;breakpoints&quot;:[{&quot;slidesPerView&quot;:1}],&quot;effect&quot;:&quot;fade&quot;}\" class=\"wp-block-group gt-is-slider gt-is-slider-desktop has-global-padding is-layout-constrained wp-block-group-is-layout-constrained\">\n<figure class=\"wp-block-image size-full has-custom-border\"><img decoding=\"async\" width=\"896\" height=\"900\" src=\"https:\/\/www.camping-lesjardinsdagathe.com\/wp-content\/uploads\/2026\/01\/camping-en-bord-de-mer-cap-dagde.jpg\" alt=\"acampada junto al mar cap dagde\" class=\"wp-image-2104\" style=\"border-top-left-radius:200px;aspect-ratio:1;object-fit:cover\" srcset=\"https:\/\/www.camping-lesjardinsdagathe.com\/wp-content\/uploads\/2026\/01\/camping-en-bord-de-mer-cap-dagde.jpg 896w, https:\/\/www.camping-lesjardinsdagathe.com\/wp-content\/uploads\/2026\/01\/camping-en-bord-de-mer-cap-dagde-300x300.jpg 300w, https:\/\/www.camping-lesjardinsdagathe.com\/wp-content\/uploads\/2026\/01\/camping-en-bord-de-mer-cap-dagde-150x150.jpg 150w, https:\/\/www.camping-lesjardinsdagathe.com\/wp-content\/uploads\/2026\/01\/camping-en-bord-de-mer-cap-dagde-768x771.jpg 768w\" sizes=\"(max-width: 896px) 100vw, 896px\" \/><\/figure>\n\n\n\n<figure class=\"wp-block-image size-full has-custom-border\"><img decoding=\"async\" width=\"900\" height=\"896\" src=\"https:\/\/www.camping-lesjardinsdagathe.com\/wp-content\/uploads\/2026\/01\/camping-cap-dagde-en-bord-de-plage.jpg\" alt=\"camping cap dagde junto a la playa\" class=\"wp-image-2099\" style=\"border-top-left-radius:200px;aspect-ratio:1;object-fit:cover\" srcset=\"https:\/\/www.camping-lesjardinsdagathe.com\/wp-content\/uploads\/2026\/01\/camping-cap-dagde-en-bord-de-plage.jpg 900w, https:\/\/www.camping-lesjardinsdagathe.com\/wp-content\/uploads\/2026\/01\/camping-cap-dagde-en-bord-de-plage-300x300.jpg 300w, https:\/\/www.camping-lesjardinsdagathe.com\/wp-content\/uploads\/2026\/01\/camping-cap-dagde-en-bord-de-plage-150x150.jpg 150w, https:\/\/www.camping-lesjardinsdagathe.com\/wp-content\/uploads\/2026\/01\/camping-cap-dagde-en-bord-de-plage-768x765.jpg 768w\" sizes=\"(max-width: 900px) 100vw, 900px\" \/><\/figure>\n\n\n\n<figure class=\"wp-block-image size-full has-custom-border\"><img decoding=\"async\" width=\"879\" height=\"900\" src=\"https:\/\/www.camping-lesjardinsdagathe.com\/wp-content\/uploads\/2026\/01\/camping-proche-de-la-plage-cap-dagde.jpg\" alt=\"camping cerca de la playa de cap dagde\" class=\"wp-image-2054\" style=\"border-top-left-radius:200px;aspect-ratio:1;object-fit:cover\" srcset=\"https:\/\/www.camping-lesjardinsdagathe.com\/wp-content\/uploads\/2026\/01\/camping-proche-de-la-plage-cap-dagde.jpg 879w, https:\/\/www.camping-lesjardinsdagathe.com\/wp-content\/uploads\/2026\/01\/camping-proche-de-la-plage-cap-dagde-293x300.jpg 293w, https:\/\/www.camping-lesjardinsdagathe.com\/wp-content\/uploads\/2026\/01\/camping-proche-de-la-plage-cap-dagde-768x786.jpg 768w\" sizes=\"(max-width: 879px) 100vw, 879px\" \/><\/figure>\n\n\n\n<figure class=\"wp-block-image size-full has-custom-border\"><img decoding=\"async\" width=\"875\" height=\"900\" src=\"https:\/\/www.camping-lesjardinsdagathe.com\/wp-content\/uploads\/2026\/01\/camping-en-bord-de-plage-cap-dagde.jpg\" alt=\"camping frente al mar cap dagde\" class=\"wp-image-2109\" style=\"border-top-left-radius:200px;aspect-ratio:1;object-fit:cover\" srcset=\"https:\/\/www.camping-lesjardinsdagathe.com\/wp-content\/uploads\/2026\/01\/camping-en-bord-de-plage-cap-dagde.jpg 875w, https:\/\/www.camping-lesjardinsdagathe.com\/wp-content\/uploads\/2026\/01\/camping-en-bord-de-plage-cap-dagde-292x300.jpg 292w, https:\/\/www.camping-lesjardinsdagathe.com\/wp-content\/uploads\/2026\/01\/camping-en-bord-de-plage-cap-dagde-768x790.jpg 768w\" sizes=\"(max-width: 875px) 100vw, 875px\" \/><\/figure>\n<\/div>\n\n\n\n<div class=\"wp-block-group fake-pagination has-custom-color-4-background-color has-background is-vertical is-layout-flex wp-container-core-group-is-layout-74fd7d07 wp-block-group-is-layout-flex\" style=\"border-top-left-radius:100px;border-top-right-radius:100px;padding-top:2rem;padding-right:1em;padding-bottom:0rem;padding-left:1em\">\n<div class=\"wp-block-group bullet active has-global-padding is-layout-constrained wp-block-group-is-layout-constrained\">\n<figure class=\"wp-block-image size-full is-resized has-custom-border\"><img decoding=\"async\" width=\"896\" height=\"900\" src=\"https:\/\/www.camping-lesjardinsdagathe.com\/wp-content\/uploads\/2026\/01\/camping-en-bord-de-mer-cap-dagde.jpg\" alt=\"acampada junto al mar cap dagde\" class=\"wp-image-2104\" style=\"border-radius:1000px;object-fit:cover;width:114px;height:114px\" srcset=\"https:\/\/www.camping-lesjardinsdagathe.com\/wp-content\/uploads\/2026\/01\/camping-en-bord-de-mer-cap-dagde.jpg 896w, https:\/\/www.camping-lesjardinsdagathe.com\/wp-content\/uploads\/2026\/01\/camping-en-bord-de-mer-cap-dagde-300x300.jpg 300w, https:\/\/www.camping-lesjardinsdagathe.com\/wp-content\/uploads\/2026\/01\/camping-en-bord-de-mer-cap-dagde-150x150.jpg 150w, https:\/\/www.camping-lesjardinsdagathe.com\/wp-content\/uploads\/2026\/01\/camping-en-bord-de-mer-cap-dagde-768x771.jpg 768w\" sizes=\"(max-width: 896px) 100vw, 896px\" \/><\/figure>\n<\/div>\n\n\n\n<div class=\"wp-block-group bullet has-global-padding is-layout-constrained wp-block-group-is-layout-constrained\">\n<figure class=\"wp-block-image size-full is-resized has-custom-border\"><img decoding=\"async\" width=\"900\" height=\"896\" src=\"https:\/\/www.camping-lesjardinsdagathe.com\/wp-content\/uploads\/2026\/01\/camping-cap-dagde-en-bord-de-plage.jpg\" alt=\"camping cap dagde junto a la playa\" class=\"wp-image-2099\" style=\"border-radius:1000px;object-fit:cover;width:114px;height:114px\" srcset=\"https:\/\/www.camping-lesjardinsdagathe.com\/wp-content\/uploads\/2026\/01\/camping-cap-dagde-en-bord-de-plage.jpg 900w, https:\/\/www.camping-lesjardinsdagathe.com\/wp-content\/uploads\/2026\/01\/camping-cap-dagde-en-bord-de-plage-300x300.jpg 300w, https:\/\/www.camping-lesjardinsdagathe.com\/wp-content\/uploads\/2026\/01\/camping-cap-dagde-en-bord-de-plage-150x150.jpg 150w, https:\/\/www.camping-lesjardinsdagathe.com\/wp-content\/uploads\/2026\/01\/camping-cap-dagde-en-bord-de-plage-768x765.jpg 768w\" sizes=\"(max-width: 900px) 100vw, 900px\" \/><\/figure>\n<\/div>\n\n\n\n<div class=\"wp-block-group bullet has-global-padding is-layout-constrained wp-block-group-is-layout-constrained\">\n<figure class=\"wp-block-image size-full is-resized has-custom-border\"><img decoding=\"async\" width=\"879\" height=\"900\" src=\"https:\/\/www.camping-lesjardinsdagathe.com\/wp-content\/uploads\/2026\/01\/camping-proche-de-la-plage-cap-dagde.jpg\" alt=\"camping cerca de la playa de cap dagde\" class=\"wp-image-2054\" style=\"border-radius:1000px;object-fit:cover;width:114px;height:114px\" srcset=\"https:\/\/www.camping-lesjardinsdagathe.com\/wp-content\/uploads\/2026\/01\/camping-proche-de-la-plage-cap-dagde.jpg 879w, https:\/\/www.camping-lesjardinsdagathe.com\/wp-content\/uploads\/2026\/01\/camping-proche-de-la-plage-cap-dagde-293x300.jpg 293w, https:\/\/www.camping-lesjardinsdagathe.com\/wp-content\/uploads\/2026\/01\/camping-proche-de-la-plage-cap-dagde-768x786.jpg 768w\" sizes=\"(max-width: 879px) 100vw, 879px\" \/><\/figure>\n<\/div>\n\n\n\n<div class=\"wp-block-group bullet has-global-padding is-layout-constrained wp-block-group-is-layout-constrained\">\n<figure class=\"wp-block-image size-full is-resized has-custom-border\"><img decoding=\"async\" width=\"875\" height=\"900\" src=\"https:\/\/www.camping-lesjardinsdagathe.com\/wp-content\/uploads\/2026\/01\/camping-en-bord-de-plage-cap-dagde.jpg\" alt=\"camping frente al mar cap dagde\" class=\"wp-image-2109\" style=\"border-radius:1000px;object-fit:cover;width:114px;height:114px\" srcset=\"https:\/\/www.camping-lesjardinsdagathe.com\/wp-content\/uploads\/2026\/01\/camping-en-bord-de-plage-cap-dagde.jpg 875w, https:\/\/www.camping-lesjardinsdagathe.com\/wp-content\/uploads\/2026\/01\/camping-en-bord-de-plage-cap-dagde-292x300.jpg 292w, https:\/\/www.camping-lesjardinsdagathe.com\/wp-content\/uploads\/2026\/01\/camping-en-bord-de-plage-cap-dagde-768x790.jpg 768w\" sizes=\"(max-width: 875px) 100vw, 875px\" \/><\/figure>\n<\/div>\n<\/div>\n<\/div>\n<\/div>\n<\/section>\n\n<section class=\"wp-block-group section-2 has-base-2-background-color has-background has-global-padding is-layout-constrained wp-container-core-group-is-layout-ed0d3ee8 wp-block-group-is-layout-constrained\" style=\"margin-top:0px;margin-bottom:0px;padding-right:0px;padding-left:0px\">\n<div class=\"wp-block-cover is-light gt-multiple-images-cover has-slider\" style=\"padding-bottom:5rem;min-height:100vh;aspect-ratio:unset;\" data-image-ids=\"[2184,2179,2094,2089]\"><div class=\"gt-is-slider swiper-container\" data-swiper=\"{&quot;speed&quot;:1000,&quot;autoplay&quot;:{&quot;delay&quot;:5000,&quot;disableOnInteraction&quot;:false},&quot;spaceBetween&quot;:0,&quot;slidesPerView&quot;:1,&quot;pagination&quot;:{&quot;el&quot;:&quot;.swiper-pagination&quot;,&quot;dynamicBullets&quot;:true,&quot;clickable&quot;:true,&quot;type&quot;:&quot;bullets&quot;},&quot;navigation&quot;:{&quot;nextEl&quot;:&quot;.swiper-button-next&quot;,&quot;prevEl&quot;:&quot;.swiper-button-prev&quot;},&quot;breakpoints&quot;:[{&quot;slidesPerView&quot;:1}],&quot;effect&quot;:&quot;fade&quot;}\"><div class=\"swiper-wrapper\"><div class=\"swiper-slide\"><img decoding=\"async\" src=\"https:\/\/www.camping-lesjardinsdagathe.com\/wp-content\/uploads\/2026\/01\/camping-avec-piscine-chauffe-en-herault.png\" alt=\"camping avec piscine chauffe en herault\" class=\"gt-cover-image\" \/><\/div><div class=\"swiper-slide\"><img decoding=\"async\" src=\"https:\/\/www.camping-lesjardinsdagathe.com\/wp-content\/uploads\/2026\/01\/camping-piscine-chauffee-au-cap-dagde.jpg\" alt=\"camping piscine chauffee au cap dagde\" class=\"gt-cover-image\" \/><\/div><div class=\"swiper-slide\"><img decoding=\"async\" src=\"https:\/\/www.camping-lesjardinsdagathe.com\/wp-content\/uploads\/2026\/01\/camping-cap-dagde-avec-toboggan-aquatique.jpg\" alt=\"camping cap dagde avec toboggan aquatique\" class=\"gt-cover-image\" \/><\/div><div class=\"swiper-slide\"><img decoding=\"async\" src=\"https:\/\/www.camping-lesjardinsdagathe.com\/wp-content\/uploads\/2026\/01\/camping-cap-dagde-avec-piscine.jpg\" alt=\"camping cap dagde avec piscine\" class=\"gt-cover-image\" \/><\/div><\/div><\/div><span aria-hidden=\"true\" class=\"wp-block-cover__background has-contrast-background-color has-background-dim-20 has-background-dim\"><\/span><div class=\"wp-block-cover__inner-container has-global-padding is-layout-constrained wp-container-core-cover-is-layout-5d8960c0 wp-block-cover-is-layout-constrained\">\n<div class=\"wp-block-group fake-pagination is-horizontal is-nowrap is-layout-flex wp-container-core-group-is-layout-263b45c2 wp-block-group-is-layout-flex\" style=\"border-top-left-radius:100px;border-top-right-radius:100px;padding-top:0rem;padding-right:0em;padding-bottom:8rem;padding-left:0em\">\n<div class=\"wp-block-group bullet active has-border-color has-global-padding is-layout-constrained wp-block-group-is-layout-constrained\" style=\"border-color:#ffffff;border-width:2px;border-top-left-radius:30px;border-top-right-radius:30px;border-bottom-left-radius:30px;border-bottom-right-radius:30px\">\n<figure class=\"wp-block-image size-full is-resized has-custom-border\"><img decoding=\"async\" width=\"1920\" height=\"1271\" src=\"https:\/\/www.camping-lesjardinsdagathe.com\/wp-content\/uploads\/2026\/01\/camping-avec-piscine-chauffe-en-herault.png\" alt=\"camping con piscina climatizada en herault\" class=\"wp-image-2184\" style=\"border-top-left-radius:30px;border-top-right-radius:30px;border-bottom-left-radius:30px;border-bottom-right-radius:30px;object-fit:cover;width:111px;height:111px\" srcset=\"https:\/\/www.camping-lesjardinsdagathe.com\/wp-content\/uploads\/2026\/01\/camping-avec-piscine-chauffe-en-herault.png 1920w, https:\/\/www.camping-lesjardinsdagathe.com\/wp-content\/uploads\/2026\/01\/camping-avec-piscine-chauffe-en-herault-300x199.png 300w, https:\/\/www.camping-lesjardinsdagathe.com\/wp-content\/uploads\/2026\/01\/camping-avec-piscine-chauffe-en-herault-1024x678.png 1024w, https:\/\/www.camping-lesjardinsdagathe.com\/wp-content\/uploads\/2026\/01\/camping-avec-piscine-chauffe-en-herault-768x508.png 768w, https:\/\/www.camping-lesjardinsdagathe.com\/wp-content\/uploads\/2026\/01\/camping-avec-piscine-chauffe-en-herault-1536x1017.png 1536w\" sizes=\"(max-width: 1920px) 100vw, 1920px\" \/><\/figure>\n<\/div>\n\n\n\n<div class=\"wp-block-group bullet active has-border-color has-global-padding is-layout-constrained wp-block-group-is-layout-constrained\" style=\"border-color:#ffffff;border-width:2px;border-top-left-radius:30px;border-top-right-radius:30px;border-bottom-left-radius:30px;border-bottom-right-radius:30px\">\n<figure class=\"wp-block-image size-full is-resized has-custom-border\"><img decoding=\"async\" width=\"1633\" height=\"1081\" src=\"https:\/\/www.camping-lesjardinsdagathe.com\/wp-content\/uploads\/2026\/01\/camping-piscine-chauffee-au-cap-dagde.jpg\" alt=\"camping piscina climatizada en cap dagde\" class=\"wp-image-2179\" style=\"border-top-left-radius:30px;border-top-right-radius:30px;border-bottom-left-radius:30px;border-bottom-right-radius:30px;object-fit:cover;width:111px;height:111px\" srcset=\"https:\/\/www.camping-lesjardinsdagathe.com\/wp-content\/uploads\/2026\/01\/camping-piscine-chauffee-au-cap-dagde.jpg 1633w, https:\/\/www.camping-lesjardinsdagathe.com\/wp-content\/uploads\/2026\/01\/camping-piscine-chauffee-au-cap-dagde-300x199.jpg 300w, https:\/\/www.camping-lesjardinsdagathe.com\/wp-content\/uploads\/2026\/01\/camping-piscine-chauffee-au-cap-dagde-1024x678.jpg 1024w, https:\/\/www.camping-lesjardinsdagathe.com\/wp-content\/uploads\/2026\/01\/camping-piscine-chauffee-au-cap-dagde-768x508.jpg 768w, https:\/\/www.camping-lesjardinsdagathe.com\/wp-content\/uploads\/2026\/01\/camping-piscine-chauffee-au-cap-dagde-1536x1017.jpg 1536w\" sizes=\"(max-width: 1633px) 100vw, 1633px\" \/><\/figure>\n<\/div>\n\n\n\n<div class=\"wp-block-group bullet active has-border-color has-global-padding is-layout-constrained wp-block-group-is-layout-constrained\" style=\"border-color:#ffffff;border-width:2px;border-top-left-radius:30px;border-top-right-radius:30px;border-bottom-left-radius:30px;border-bottom-right-radius:30px\">\n<figure class=\"wp-block-image size-full is-resized has-custom-border\"><img decoding=\"async\" width=\"1631\" height=\"1080\" src=\"https:\/\/www.camping-lesjardinsdagathe.com\/wp-content\/uploads\/2026\/01\/camping-cap-dagde-avec-toboggan-aquatique.jpg\" alt=\"camping cap dagde con tobog&#xE1;n acu&#xE1;tico\" class=\"wp-image-2094\" style=\"border-top-left-radius:30px;border-top-right-radius:30px;border-bottom-left-radius:30px;border-bottom-right-radius:30px;object-fit:cover;width:111px;height:111px\" srcset=\"https:\/\/www.camping-lesjardinsdagathe.com\/wp-content\/uploads\/2026\/01\/camping-cap-dagde-avec-toboggan-aquatique.jpg 1631w, https:\/\/www.camping-lesjardinsdagathe.com\/wp-content\/uploads\/2026\/01\/camping-cap-dagde-avec-toboggan-aquatique-300x199.jpg 300w, https:\/\/www.camping-lesjardinsdagathe.com\/wp-content\/uploads\/2026\/01\/camping-cap-dagde-avec-toboggan-aquatique-1024x678.jpg 1024w, https:\/\/www.camping-lesjardinsdagathe.com\/wp-content\/uploads\/2026\/01\/camping-cap-dagde-avec-toboggan-aquatique-768x509.jpg 768w, https:\/\/www.camping-lesjardinsdagathe.com\/wp-content\/uploads\/2026\/01\/camping-cap-dagde-avec-toboggan-aquatique-1536x1017.jpg 1536w\" sizes=\"(max-width: 1631px) 100vw, 1631px\" \/><\/figure>\n<\/div>\n\n\n\n<div class=\"wp-block-group bullet active has-border-color has-global-padding is-layout-constrained wp-block-group-is-layout-constrained\" style=\"border-color:#ffffff;border-width:2px;border-top-left-radius:30px;border-top-right-radius:30px;border-bottom-left-radius:30px;border-bottom-right-radius:30px\">\n<figure class=\"wp-block-image size-full is-resized has-custom-border\"><img decoding=\"async\" width=\"1631\" height=\"1080\" src=\"https:\/\/www.camping-lesjardinsdagathe.com\/wp-content\/uploads\/2026\/01\/camping-cap-dagde-avec-piscine.jpg\" alt=\"camping cap dagde con piscina\" class=\"wp-image-2089\" style=\"border-top-left-radius:30px;border-top-right-radius:30px;border-bottom-left-radius:30px;border-bottom-right-radius:30px;object-fit:cover;width:111px;height:111px\" srcset=\"https:\/\/www.camping-lesjardinsdagathe.com\/wp-content\/uploads\/2026\/01\/camping-cap-dagde-avec-piscine.jpg 1631w, https:\/\/www.camping-lesjardinsdagathe.com\/wp-content\/uploads\/2026\/01\/camping-cap-dagde-avec-piscine-300x199.jpg 300w, https:\/\/www.camping-lesjardinsdagathe.com\/wp-content\/uploads\/2026\/01\/camping-cap-dagde-avec-piscine-1024x678.jpg 1024w, https:\/\/www.camping-lesjardinsdagathe.com\/wp-content\/uploads\/2026\/01\/camping-cap-dagde-avec-piscine-768x509.jpg 768w, https:\/\/www.camping-lesjardinsdagathe.com\/wp-content\/uploads\/2026\/01\/camping-cap-dagde-avec-piscine-1536x1017.jpg 1536w\" sizes=\"(max-width: 1631px) 100vw, 1631px\" \/><\/figure>\n<\/div>\n<\/div>\n\n\n\n<p class=\"has-text-align-center big-title has-text-color has-link-color has-chanticleer-font-family wp-elements-52962fae8edc8ae420e81a185df6adc8\" style=\"color:#f2cbc057;font-size:clamp(97.676px, 6.105rem + ((1vw - 3.2px) * 14.825), 240px);font-style:normal;font-weight:400;line-height:1;text-transform:uppercase\">Dabbling<\/p>\n\n\n\n<h2 class=\"wp-block-heading has-text-align-center has-base-2-color has-text-color has-link-color wp-elements-d51fa34351a45f7d12f9fe27eb119ac1\" style=\"padding-right:10rem;padding-left:10rem\"><strong>Piscina climatizada al sol<\/strong> <br\/>de l&#8217;H\u00e9rault<\/h2>\n<\/div><\/div>\n\n\n\n<div class=\"wp-block-group content has-global-padding is-layout-constrained wp-container-core-group-is-layout-83b9ca77 wp-block-group-is-layout-constrained\" style=\"margin-top:0px;margin-bottom:0px;padding-top:4rem;padding-right:14rem;padding-bottom:4rem;padding-left:14rem\">\n<div class=\"wp-block-columns are-vertically-aligned-center is-layout-flex wp-container-core-columns-is-layout-123045d2 wp-block-columns-is-layout-flex\">\n<div class=\"wp-block-column is-vertically-aligned-center left is-layout-flow wp-block-column-is-layout-flow\" style=\"flex-basis:66.66%\">\n<p class=\"has-text-align-left\" style=\"margin-bottom:4rem\">En el Camping Les Jardins d&#8217;Agathe, hemos pensado en todo para que pases una estancia excelente, y cada momento que pases en nuestro <a href=\"https:\/\/www.camping-lesjardinsdagathe.com\/es\/camping-piscina-climatizada-agde\/\" data-type=\"page\" data-id=\"8\">parque acu\u00e1tico de Cap d&#8217;Agde<\/a> es una invitaci\u00f3n a <strong>relajarte <\/strong>y <strong>divertirte<\/strong>. Podr\u00e1s refrescarte en la <strong>piscina<\/strong>, descansar en las <strong>tumbonas<\/strong> y divertirte en el <strong>tobog\u00e1n<\/strong>.<br\/>La piscina climatizada, las tumbonas, el tobog\u00e1n de 35 metros, <strong>la piscina infantil<\/strong> y los juegos acu\u00e1ticos har\u00e1n las delicias de <strong>grandes y peque\u00f1os<\/strong>. Disfruta de un entorno familiar para unas vacaciones inolvidables en el camping con piscina de Cap d&#8217;Agde.  <\/p>\n\n\n\n<div class=\"wp-block-buttons is-layout-flex wp-block-buttons-is-layout-flex\">\n<div class=\"wp-block-button is-style-outline btn-1 is-style-outline--1\"><a class=\"wp-block-button__link has-custom-color-1-color has-text-color has-link-color has-custom-font-size wp-element-button\" href=\"https:\/\/www.camping-lesjardinsdagathe.com\/es\/camping-piscina-climatizada-agde\/\" style=\"border-radius:100px;font-size:clamp(1.006rem, 1.006rem + ((1vw - 0.2rem) * 0.89), 1.54rem);text-transform:uppercase\"><img decoding=\"async\" width=\"39\" height=\"36\" class=\"wp-image-2011\" style=\"width: 39px;\" src=\"https:\/\/www.camping-lesjardinsdagathe.com\/wp-content\/uploads\/2026\/01\/fleur.svg\" alt=\"flor\"\/>Zona acu\u00e1tica<img decoding=\"async\" width=\"19\" height=\"19\" class=\"wp-image-2006\" style=\"width: 19px;\" src=\"https:\/\/www.camping-lesjardinsdagathe.com\/wp-content\/uploads\/2026\/01\/angle-de-la-fleche-droite.svg\" alt=\"&#xE1;ngulo de la flecha derecha\"\/><\/a><\/div>\n<\/div>\n<\/div>\n\n\n\n<div class=\"wp-block-column is-vertically-aligned-center right is-layout-flow wp-block-column-is-layout-flow\" style=\"flex-basis:33.33%\">\n<figure class=\"wp-block-image size-full\"><img decoding=\"async\" width=\"1079\" height=\"805\" src=\"https:\/\/www.camping-lesjardinsdagathe.com\/wp-content\/uploads\/2026\/01\/camping-piscine-herault.png\" alt=\"piscina camping herault\" class=\"wp-image-2168\" srcset=\"https:\/\/www.camping-lesjardinsdagathe.com\/wp-content\/uploads\/2026\/01\/camping-piscine-herault.png 1079w, https:\/\/www.camping-lesjardinsdagathe.com\/wp-content\/uploads\/2026\/01\/camping-piscine-herault-300x224.png 300w, https:\/\/www.camping-lesjardinsdagathe.com\/wp-content\/uploads\/2026\/01\/camping-piscine-herault-1024x764.png 1024w, https:\/\/www.camping-lesjardinsdagathe.com\/wp-content\/uploads\/2026\/01\/camping-piscine-herault-768x573.png 768w\" sizes=\"(max-width: 1079px) 100vw, 1079px\" \/><\/figure>\n\n\n\n<p class=\"has-text-align-center text-deco has-custom-color-1-color has-text-color has-link-color wp-elements-8f32355b510221a1df9eeef3e4093ce6\" style=\"font-size:clamp(1.686rem, 1.686rem + ((1vw - 0.2rem) * 1.99), 2.88rem);font-style:normal;font-weight:300;line-height:1;text-transform:uppercase\">\u00a1<strong>Relajaci\u00f3n<\/strong><br\/>te espera!<\/p>\n<\/div>\n<\/div>\n<\/div>\n<\/section>\n\n<section class=\"wp-block-group section-3 has-base-2-background-color has-background has-global-padding is-layout-constrained wp-container-core-group-is-layout-4e9cac8d wp-block-group-is-layout-constrained\" style=\"margin-top:0px;margin-bottom:0px;padding-top:151px;padding-right:0px;padding-left:0px\">\n<div class=\"wp-block-group has-global-padding is-layout-constrained wp-container-core-group-is-layout-c5903013 wp-block-group-is-layout-constrained\" style=\"padding-right:0px;padding-left:0px\">\n<figure class=\"wp-block-image size-large is-resized arrow-slider-prev\"><img decoding=\"async\" width=\"46\" height=\"35\" src=\"https:\/\/www.camping-lesjardinsdagathe.com\/wp-content\/uploads\/2025\/11\/fleche-slider-prev.svg\" alt=\"flecha deslizante anterior\" class=\"wp-image-793\" style=\"object-fit:contain;width:43px;height:43px\"\/><\/figure>\n\n\n\n<figure class=\"wp-block-image size-large is-resized arrow-slider-next\"><img decoding=\"async\" width=\"46\" height=\"35\" src=\"https:\/\/www.camping-lesjardinsdagathe.com\/wp-content\/uploads\/2025\/11\/fleche-slider-next.svg\" alt=\"flecha deslizante siguiente\" class=\"wp-image-795\" style=\"object-fit:contain;width:43px;height:43px\"\/><\/figure>\n\n\n\n<div class=\"wp-block-group slider-img has-global-padding is-layout-constrained wp-container-core-group-is-layout-8c91c79d wp-block-group-is-layout-constrained\" style=\"margin-top:0rem;padding-right:0px;padding-left:0px\">\n<div data-swiper=\"{&quot;speed&quot;:400,&quot;spaceBetween&quot;:-100,&quot;slidesPerView&quot;:1,&quot;createElements&quot;:true,&quot;loop&quot;:true,&quot;freemode&quot;:true,&quot;navigation&quot;:{&quot;nextEl&quot;:&quot;.arrow-slider-next&quot;,&quot;prevEl&quot;:&quot;.arrow-slider-prev&quot;},&quot;pagination&quot;:{&quot;el&quot;:&quot;.swiper-pagination&quot;,&quot;dynamicBullets&quot;:true},&quot;breakpoints&quot;:{&quot;330&quot;:{&quot;slidePerView&quot;:1,&quot;spaceBetween&quot;:16},&quot;1024&quot;:{&quot;slidesPerView&quot;:3,&quot;spaceBetween&quot;:-60},&quot;1350&quot;:{&quot;spaceBetween&quot;:-100,&quot;slidesPerView&quot;:3}},&quot;autoplay&quot;:{&quot;delay&quot;:5000}}\" class=\"wp-block-group gt-is-slider gt-is-slider-desktop has-global-padding is-layout-constrained wp-container-core-group-is-layout-12243e0f wp-block-group-is-layout-constrained\"><a href=\"https:\/\/www.camping-lesjardinsdagathe.com\/achat-vente-mobil-home-agde\/\"    class=\"cta wp-block-tiptip-hyperlink-group-block\" >\n<figure class=\"wp-block-image size-full has-custom-border\"><img decoding=\"async\" width=\"1600\" height=\"1068\" src=\"https:\/\/www.camping-lesjardinsdagathe.com\/wp-content\/uploads\/2026\/01\/devenir-propietaire-mobil-home-camping-cap-dagde.jpg\" alt=\"convertirse en propietario de una casa m&#xF3;vil camping cap dagde\" class=\"wp-image-2059\" style=\"border-top-left-radius:200px;border-top-right-radius:200px;border-bottom-left-radius:60px;border-bottom-right-radius:60px\" srcset=\"https:\/\/www.camping-lesjardinsdagathe.com\/wp-content\/uploads\/2026\/01\/devenir-propietaire-mobil-home-camping-cap-dagde.jpg 1600w, https:\/\/www.camping-lesjardinsdagathe.com\/wp-content\/uploads\/2026\/01\/devenir-propietaire-mobil-home-camping-cap-dagde-300x200.jpg 300w, https:\/\/www.camping-lesjardinsdagathe.com\/wp-content\/uploads\/2026\/01\/devenir-propietaire-mobil-home-camping-cap-dagde-1024x684.jpg 1024w, https:\/\/www.camping-lesjardinsdagathe.com\/wp-content\/uploads\/2026\/01\/devenir-propietaire-mobil-home-camping-cap-dagde-768x513.jpg 768w, https:\/\/www.camping-lesjardinsdagathe.com\/wp-content\/uploads\/2026\/01\/devenir-propietaire-mobil-home-camping-cap-dagde-1536x1025.jpg 1536w\" sizes=\"(max-width: 1600px) 100vw, 1600px\" \/><\/figure>\n\n<p class=\"is-style-outline btn-1 cta-title has-border-color has-base-2-border-color has-base-2-color has-text-color has-link-color wp-elements-f9c83a61b276027048efdbc4f3f0a1dd\" style=\"border-width:1px;border-radius:100px;font-size:clamp(1.006rem, 1.006rem + ((1vw - 0.2rem) * 0.89), 1.54rem);text-transform:uppercase\"><img decoding=\"async\" width=\"39\" height=\"36\" class=\"wp-image-2449\" style=\"width: 39px;\" src=\"https:\/\/www.camping-lesjardinsdagathe.com\/wp-content\/uploads\/2026\/01\/fleur-blanche.svg\" alt=\"flor blanca\"\/>Hazte propietario<img decoding=\"async\" width=\"12\" height=\"19\" class=\"wp-image-425\" style=\"width: 12px;\" src=\"https:\/\/www.camping-lesjardinsdagathe.com\/wp-content\/uploads\/2025\/11\/icon-fleche-btn-blanc.svg\" alt=\"icono fleche btn blanco\"\/><\/p>\n<\/a>\n\n<a href=\"https:\/\/www.camping-lesjardinsdagathe.com\/location-mobil-home-agde\/\"    class=\"cta wp-block-tiptip-hyperlink-group-block\" >\n<figure class=\"wp-block-image size-full has-custom-border\"><img decoding=\"async\" width=\"1600\" height=\"1067\" src=\"https:\/\/www.camping-lesjardinsdagathe.com\/wp-content\/uploads\/2026\/01\/camping-cap-dagde-avec-mobil-home.jpg\" alt=\"camping cap dagde con casa m&#xF3;vil\" class=\"wp-image-2084\" style=\"border-top-left-radius:200px;border-top-right-radius:200px;border-bottom-left-radius:60px;border-bottom-right-radius:60px\" srcset=\"https:\/\/www.camping-lesjardinsdagathe.com\/wp-content\/uploads\/2026\/01\/camping-cap-dagde-avec-mobil-home.jpg 1600w, https:\/\/www.camping-lesjardinsdagathe.com\/wp-content\/uploads\/2026\/01\/camping-cap-dagde-avec-mobil-home-300x200.jpg 300w, https:\/\/www.camping-lesjardinsdagathe.com\/wp-content\/uploads\/2026\/01\/camping-cap-dagde-avec-mobil-home-1024x683.jpg 1024w, https:\/\/www.camping-lesjardinsdagathe.com\/wp-content\/uploads\/2026\/01\/camping-cap-dagde-avec-mobil-home-768x512.jpg 768w, https:\/\/www.camping-lesjardinsdagathe.com\/wp-content\/uploads\/2026\/01\/camping-cap-dagde-avec-mobil-home-1536x1024.jpg 1536w\" sizes=\"(max-width: 1600px) 100vw, 1600px\" \/><\/figure>\n\n<p class=\"is-style-outline btn-1 cta-title has-border-color has-base-2-border-color has-base-2-color has-text-color has-link-color wp-elements-0931f92f2441700b5d890bcba875425a\" style=\"border-style:solid;border-width:1px;border-radius:100px;font-size:clamp(1.006rem, 1.006rem + ((1vw - 0.2rem) * 0.89), 1.54rem);text-transform:uppercase\"><img decoding=\"async\" width=\"39\" height=\"36\" class=\"wp-image-2449\" style=\"width: 39px;\" src=\"https:\/\/www.camping-lesjardinsdagathe.com\/wp-content\/uploads\/2026\/01\/fleur-blanche.svg\" alt=\"flor blanca\"\/>casa m\u00f3vil<img decoding=\"async\" width=\"12\" height=\"19\" class=\"wp-image-425\" style=\"width: 12px;\" src=\"https:\/\/www.camping-lesjardinsdagathe.com\/wp-content\/uploads\/2025\/11\/icon-fleche-btn-blanc.svg\" alt=\"icono fleche btn blanco\"\/><\/p>\n<\/a>\n\n<a href=\"https:\/\/www.camping-lesjardinsdagathe.com\/location-mobil-home-agde\/#insolites\"    class=\"cta wp-block-tiptip-hyperlink-group-block\" >\n<figure class=\"wp-block-image size-full has-custom-border\"><img decoding=\"async\" width=\"1600\" height=\"1060\" src=\"https:\/\/www.camping-lesjardinsdagathe.com\/wp-content\/uploads\/2026\/01\/camping-cap-dagde-avec-locations-insolites.jpg\" alt=\"camping cap dagde con alquileres ins&#xF3;litos\" class=\"wp-image-2079\" style=\"border-top-left-radius:200px;border-top-right-radius:200px;border-bottom-left-radius:60px;border-bottom-right-radius:60px\" srcset=\"https:\/\/www.camping-lesjardinsdagathe.com\/wp-content\/uploads\/2026\/01\/camping-cap-dagde-avec-locations-insolites.jpg 1600w, https:\/\/www.camping-lesjardinsdagathe.com\/wp-content\/uploads\/2026\/01\/camping-cap-dagde-avec-locations-insolites-300x199.jpg 300w, https:\/\/www.camping-lesjardinsdagathe.com\/wp-content\/uploads\/2026\/01\/camping-cap-dagde-avec-locations-insolites-1024x678.jpg 1024w, https:\/\/www.camping-lesjardinsdagathe.com\/wp-content\/uploads\/2026\/01\/camping-cap-dagde-avec-locations-insolites-768x509.jpg 768w, https:\/\/www.camping-lesjardinsdagathe.com\/wp-content\/uploads\/2026\/01\/camping-cap-dagde-avec-locations-insolites-1536x1018.jpg 1536w\" sizes=\"(max-width: 1600px) 100vw, 1600px\" \/><\/figure>\n\n<p class=\"is-style-outline btn-1 cta-title has-border-color has-base-2-border-color has-base-2-color has-text-color has-link-color wp-elements-6a364f2de46b9c6162f0cd9766b8bc87\" style=\"border-style:solid;border-width:1px;border-radius:100px;font-size:clamp(1.006rem, 1.006rem + ((1vw - 0.2rem) * 0.89), 1.54rem);text-transform:uppercase\"><img decoding=\"async\" width=\"39\" height=\"36\" class=\"wp-image-2449\" style=\"width: 39px;\" src=\"https:\/\/www.camping-lesjardinsdagathe.com\/wp-content\/uploads\/2026\/01\/fleur-blanche.svg\" alt=\"flor blanca\"\/>inusual<img decoding=\"async\" width=\"12\" height=\"19\" class=\"wp-image-425\" style=\"width: 12px;\" src=\"https:\/\/www.camping-lesjardinsdagathe.com\/wp-content\/uploads\/2025\/11\/icon-fleche-btn-blanc.svg\" alt=\"icono fleche btn blanco\"\/><\/p>\n<\/a>\n\n<a href=\"https:\/\/www.camping-lesjardinsdagathe.com\/location-emplacement-agde\/\"    class=\"cta wp-block-tiptip-hyperlink-group-block\" >\n<figure class=\"wp-block-image size-full has-custom-border\"><img decoding=\"async\" width=\"1600\" height=\"1060\" src=\"https:\/\/www.camping-lesjardinsdagathe.com\/wp-content\/uploads\/2026\/01\/camping-avec-emplacement-tente-cap-dagde.jpg\" alt=\"camping con emplazamiento para tienda cap dagde\" class=\"wp-image-2428\" style=\"border-top-left-radius:200px;border-top-right-radius:200px;border-bottom-left-radius:60px;border-bottom-right-radius:60px\" srcset=\"https:\/\/www.camping-lesjardinsdagathe.com\/wp-content\/uploads\/2026\/01\/camping-avec-emplacement-tente-cap-dagde.jpg 1600w, https:\/\/www.camping-lesjardinsdagathe.com\/wp-content\/uploads\/2026\/01\/camping-avec-emplacement-tente-cap-dagde-300x199.jpg 300w, https:\/\/www.camping-lesjardinsdagathe.com\/wp-content\/uploads\/2026\/01\/camping-avec-emplacement-tente-cap-dagde-1024x678.jpg 1024w, https:\/\/www.camping-lesjardinsdagathe.com\/wp-content\/uploads\/2026\/01\/camping-avec-emplacement-tente-cap-dagde-768x509.jpg 768w, https:\/\/www.camping-lesjardinsdagathe.com\/wp-content\/uploads\/2026\/01\/camping-avec-emplacement-tente-cap-dagde-1536x1018.jpg 1536w\" sizes=\"(max-width: 1600px) 100vw, 1600px\" \/><\/figure>\n\n<p class=\"is-style-outline btn-1 cta-title has-border-color has-base-2-border-color has-base-2-color has-text-color has-link-color wp-elements-8e335210df952b2cfef72211cf6899e8\" style=\"border-style:solid;border-width:1px;border-radius:100px;font-size:clamp(1.006rem, 1.006rem + ((1vw - 0.2rem) * 0.89), 1.54rem);text-transform:uppercase\"><img decoding=\"async\" width=\"39\" height=\"36\" class=\"wp-image-2449\" style=\"width: 39px;\" src=\"https:\/\/www.camping-lesjardinsdagathe.com\/wp-content\/uploads\/2026\/01\/fleur-blanche.svg\" alt=\"flor blanca\"\/>emplazamiento<img decoding=\"async\" width=\"12\" height=\"19\" class=\"wp-image-425\" style=\"width: 12px;\" src=\"https:\/\/www.camping-lesjardinsdagathe.com\/wp-content\/uploads\/2025\/11\/icon-fleche-btn-blanc.svg\" alt=\"icono fleche btn blanco\"\/><\/p>\n<\/a><\/div>\n\n\n\n<div class=\"wp-block-group big-title is-vertical is-content-justification-center is-layout-flex wp-container-core-group-is-layout-ce155fab wp-block-group-is-layout-flex\">\n<p class=\"has-text-align-center has-custom-color-4-color has-text-color has-link-color has-chanticleer-font-family wp-elements-8100402e320a4666c607e5cba6d4d935\" style=\"margin-top:2rem;font-size:clamp(75.53px, 4.721rem + ((1vw - 3.2px) * 9.841), 170px);font-style:normal;font-weight:400;line-height:1;text-transform:uppercase\">Dulces sue\u00f1os<\/p>\n<\/div>\n<\/div>\n<\/div>\n\n\n\n<div class=\"wp-block-columns are-vertically-aligned-center content is-layout-flex wp-container-core-columns-is-layout-44dfee6c wp-block-columns-is-layout-flex\" style=\"padding-top:6rem;padding-right:10rem;padding-bottom:6rem;padding-left:10rem\">\n<div class=\"wp-block-column is-vertically-aligned-center left is-layout-flow wp-block-column-is-layout-flow\" style=\"padding-right:0px;padding-left:0px;flex-basis:50%\">\n<figure class=\"wp-block-image size-large\"><img decoding=\"async\" width=\"1024\" height=\"768\" src=\"https:\/\/www.camping-lesjardinsdagathe.com\/wp-content\/uploads\/2026\/01\/camping-avec-hebergement-climatise-herault-1024x768.png\" alt=\"camping con alojamientos climatizados herault\" class=\"wp-image-2173\" srcset=\"https:\/\/www.camping-lesjardinsdagathe.com\/wp-content\/uploads\/2026\/01\/camping-avec-hebergement-climatise-herault-1024x768.png 1024w, https:\/\/www.camping-lesjardinsdagathe.com\/wp-content\/uploads\/2026\/01\/camping-avec-hebergement-climatise-herault-300x225.png 300w, https:\/\/www.camping-lesjardinsdagathe.com\/wp-content\/uploads\/2026\/01\/camping-avec-hebergement-climatise-herault-768x576.png 768w, https:\/\/www.camping-lesjardinsdagathe.com\/wp-content\/uploads\/2026\/01\/camping-avec-hebergement-climatise-herault.png 1078w\" sizes=\"(max-width: 1024px) 100vw, 1024px\" \/><\/figure>\n\n\n\n<p class=\"has-text-align-center text-deco has-custom-color-1-color has-text-color has-link-color wp-elements-a419f3e1276ffc1e603d5bd187f3c3d2\" style=\"font-size:clamp(22.544px, 1.409rem + ((1vw - 3.2px) * 1.506), 37px);font-style:normal;font-weight:300;line-height:1;text-transform:uppercase\">Deja tus cosas y <br\/><strong>si\u00e9ntete como en casa en<\/strong><\/p>\n<\/div>\n\n\n\n<div class=\"wp-block-column is-vertically-aligned-center right is-layout-flow wp-block-column-is-layout-flow\" style=\"flex-basis:50%\">\n<h2 class=\"wp-block-heading\">Alquiler de <strong>alojamientos climatizados e ins\u00f3litos<\/strong> en Cap d&#8217;Agde<\/h2>\n\n\n\n<p>Ofrecemos una gama de alojamientos para todos los gustos y estancias: <strong>casas m\u00f3viles con aire acondicionado<\/strong>, emplazamientos descubiertos y <a href=\"https:\/\/www.camping-lesjardinsdagathe.com\/es\/alquiler-mobil-home-agde\/#insolites\" data-type=\"link\" data-id=\"https:\/\/www.camping-lesjardinsdagathe.com\/location-mobil-home-agde\/#insolites\">alojamientos de alquiler ins\u00f3litos en el coraz\u00f3n del H\u00e9rault<\/a>. Te proporcionamos todo lo que necesitas para tu estancia: agua, electricidad e instalaciones sanitarias para las parcelas descubiertas, cocina totalmente equipada, terraza y aire acondicionado para nuestras <a href=\"https:\/\/www.camping-lesjardinsdagathe.com\/es\/alquiler-mobil-home-agde\/\" data-type=\"page\" data-id=\"9\">casas m\u00f3viles de alquiler en Cap d&#8217;Agde<\/a>, y toldo, barbacoa y muebles de jard\u00edn para nuestra tienda ins\u00f3lita. \u00a1S\u00f3lo tienes que elegir d\u00f3nde dormir en nuestro camping del H\u00e9rault! Tanto si prefieres la <strong>comodidad<\/strong> de una casa m\u00f3vil, el encanto de un <a href=\"https:\/\/www.camping-lesjardinsdagathe.com\/es\/alquiler-ubicacion-agde\/\" data-type=\"page\" data-id=\"12\">emplazamiento en Cap d&#8217;Agde<\/a> o el <strong>aire ins\u00f3lito de una tienda de campa\u00f1a<\/strong>, tenemos el alojamiento adecuado para ti. Alquila una <strong>parcela semisombreada<\/strong>, una c\u00f3moda casa m\u00f3vil o una <strong>ins\u00f3lita tienda Coco sweet <\/strong>y disfruta de las mejores condiciones en un camping econ\u00f3mico <a href=\"https:\/\/www.camping-lesjardinsdagathe.com\/es\/camping-barato-agde\/\" data-type=\"page\" data-id=\"13\">en el H\u00e9rault<\/a>.    <\/p>\n\n\n\n<p>\u00bfQuieres <strong>convertirte en residente<\/strong> de nuestro camping en Cap d&#8217;Agde? \u00a1Descubre nuestras casas m\u00f3viles en venta en H\u00e9rault (Hazte propietario)! <\/p>\n\n\n\n<p>Les Jardins d&#8217;Agathe est\u00e1n abiertos a los residentes desde <strong>mediados de marzo hasta principios de noviembre. <\/strong>Y para alquileres desde <strong>mediados de abril hasta principios de octubre<\/strong>.<\/p>\n\n\n\n<div class=\"wp-block-buttons is-layout-flex wp-block-buttons-is-layout-flex\" style=\"margin-top:3rem\">\n<div class=\"wp-block-button is-style-outline btn-1 is-style-outline--2\"><a class=\"wp-block-button__link has-custom-color-1-color has-text-color has-link-color has-custom-font-size wp-element-button\" href=\"https:\/\/www.camping-lesjardinsdagathe.com\/es\/camping-barato-agde\/\" style=\"border-radius:100px;font-size:clamp(1.006rem, 1.006rem + ((1vw - 0.2rem) * 0.89), 1.54rem);text-transform:uppercase\"><img decoding=\"async\" width=\"39\" height=\"36\" class=\"wp-image-2011\" style=\"width: 39px;\" src=\"https:\/\/www.camping-lesjardinsdagathe.com\/wp-content\/uploads\/2026\/01\/fleur.svg\" alt=\"flor\"\/>nuestras tarifas<img decoding=\"async\" width=\"19\" height=\"19\" class=\"wp-image-2006\" style=\"width: 19px;\" src=\"https:\/\/www.camping-lesjardinsdagathe.com\/wp-content\/uploads\/2026\/01\/angle-de-la-fleche-droite.svg\" alt=\"&#xE1;ngulo de la flecha derecha\"\/><\/a><\/div>\n<\/div>\n<\/div>\n<\/div>\n<\/section>\n\n<section class=\"wp-block-group section-4 has-custom-color-4-background-color has-background has-global-padding is-layout-constrained wp-container-core-group-is-layout-458be70e wp-block-group-is-layout-constrained\" style=\"margin-top:0px;margin-bottom:0px;padding-top:4rem;padding-right:0px;padding-bottom:4rem;padding-left:0px\">\n<p class=\"has-text-align-center big-title has-base-2-color has-text-color has-link-color has-chanticleer-font-family wp-elements-4c85d7a6893e802a54da33b06390ed84\" style=\"font-size:clamp(48.588px, 3.037rem + ((1vw - 3.2px) * 4.939), 96px);font-style:normal;font-weight:400;line-height:1;text-transform:uppercase\">alegr\u00eda<\/p>\n\n\n\n<div class=\"wp-block-columns are-vertically-aligned-center is-layout-flex wp-container-core-columns-is-layout-a579c14a wp-block-columns-is-layout-flex\" style=\"padding-right:0px;padding-left:0px\">\n<div class=\"wp-block-column is-vertically-aligned-center left is-layout-flow wp-block-column-is-layout-flow\" style=\"padding-right:5rem;padding-left:10rem;flex-basis:50%\">\n<h2 class=\"wp-block-heading\" style=\"margin-top:6.5rem;margin-bottom:2rem\">Camping en <br\/>l&#8217;H\u00e9rault con <br\/><strong>animaci\u00f3n y <\/strong><br\/><strong>servicios con estrellas<\/strong><\/h2>\n\n\n\n<p>Al\u00f3jate en familia o con amigos en nuestro tranquilo camping familiar y disfruta de <a href=\"https:\/\/www.camping-lesjardinsdagathe.com\/es\/camping-familiar-agde\/\" data-type=\"page\" data-id=\"1894\">servicios de 4 estrellas en Cap d&#8217;Agde<\/a>, as\u00ed como de <strong>numerosas instalaciones<\/strong> para el disfrute de grandes y peque\u00f1os: <strong>snack bar<\/strong>, <strong>alquiler de bicicletas<\/strong>, <strong>piscina<\/strong>, <strong>tobog\u00e1n acu\u00e1tico<\/strong>, <strong>animaci\u00f3n en verano<\/strong>, etc.  <\/p>\n\n\n\n<p>En temporada, nuestro <a href=\"https:\/\/www.camping-lesjardinsdagathe.com\/es\/camping-animaciones-agde\/\" data-type=\"page\" data-id=\"7\">animado camping del H\u00e9rault<\/a> ofrece regularmente animaciones y <strong>veladas tem\u00e1ticas<\/strong>: re\u00fanete a comer una paella o una barbacoa, y disfruta de la m\u00fasica en nuestras veladas de karaoke.<\/p>\n\n\n\n<p>Tambi\u00e9n organizamos competiciones de petanca, carreras de rosalia, salidas en karts&#8230; \u00a1para disfrute de grandes y peque\u00f1os!<\/p>\n\n\n\n<div class=\"wp-block-buttons is-layout-flex wp-container-core-buttons-is-layout-86e195be wp-block-buttons-is-layout-flex\" style=\"margin-top:3rem\">\n<div class=\"wp-block-button is-style-outline btn-1 is-style-outline--3\"><a class=\"wp-block-button__link has-custom-color-1-color has-text-color has-link-color has-custom-font-size wp-element-button\" href=\"https:\/\/www.camping-lesjardinsdagathe.com\/es\/camping-animaciones-agde\/\" style=\"border-radius:100px;font-size:clamp(1.006rem, 1.006rem + ((1vw - 0.2rem) * 0.89), 1.54rem);text-transform:uppercase\"><img decoding=\"async\" width=\"39\" height=\"36\" class=\"wp-image-2011\" style=\"width: 39px;\" src=\"https:\/\/www.camping-lesjardinsdagathe.com\/wp-content\/uploads\/2026\/01\/fleur.svg\" alt=\"flor\"\/>Entretenimiento y actividades<img decoding=\"async\" width=\"19\" height=\"19\" class=\"wp-image-2006\" style=\"width: 19px;\" src=\"https:\/\/www.camping-lesjardinsdagathe.com\/wp-content\/uploads\/2026\/01\/angle-de-la-fleche-droite.svg\" alt=\"&#xE1;ngulo de la flecha derecha\"\/><\/a><\/div>\n\n\n\n<div class=\"wp-block-button is-style-outline btn-1 is-style-outline--4\"><a class=\"wp-block-button__link has-custom-color-1-color has-text-color has-link-color has-custom-font-size wp-element-button\" href=\"https:\/\/www.camping-lesjardinsdagathe.com\/es\/camping-familiar-agde\/\" style=\"border-radius:100px;font-size:clamp(1.006rem, 1.006rem + ((1vw - 0.2rem) * 0.89), 1.54rem);text-transform:uppercase\"><img decoding=\"async\" width=\"39\" height=\"36\" class=\"wp-image-2011\" style=\"width: 39px;\" src=\"https:\/\/www.camping-lesjardinsdagathe.com\/wp-content\/uploads\/2026\/01\/fleur.svg\" alt=\"flor\"\/>Servicios y Snack-bar<img decoding=\"async\" width=\"19\" height=\"19\" class=\"wp-image-2006\" style=\"width: 19px;\" src=\"https:\/\/www.camping-lesjardinsdagathe.com\/wp-content\/uploads\/2026\/01\/angle-de-la-fleche-droite.svg\" alt=\"&#xE1;ngulo de la flecha derecha\"\/><\/a><\/div>\n<\/div>\n<\/div>\n\n\n\n<div class=\"wp-block-column is-vertically-aligned-center right is-layout-flow wp-block-column-is-layout-flow\" style=\"flex-basis:50%\">\n<div data-swiper=\"{&quot;speed&quot;:400,&quot;spaceBetween&quot;:16,&quot;slidesPerView&quot;:1,&quot;createElements&quot;:true,&quot;loop&quot;:true,&quot;freemode&quot;:true,&quot;navigation&quot;:{&quot;nextEl&quot;:&quot;buttonNext&quot;,&quot;prevEl&quot;:&quot;buttonPrev&quot;},&quot;pagination&quot;:{&quot;el&quot;:&quot;.swiper-pagination&quot;,&quot;dynamicBullets&quot;:true},&quot;breakpoints&quot;:[{&quot;slidesPerView&quot;:1}],&quot;effect&quot;:&quot;fade&quot;}\" class=\"wp-block-group gt-is-slider gt-is-slider-desktop has-global-padding is-layout-constrained wp-block-group-is-layout-constrained\">\n<figure class=\"wp-block-image size-full has-custom-border\"><img decoding=\"async\" width=\"889\" height=\"900\" src=\"https:\/\/www.camping-lesjardinsdagathe.com\/wp-content\/uploads\/2026\/01\/camping-herault-avec-animations-et-services.jpg\" alt=\"camping herault con animaci&#xF3;n y servicios\" class=\"wp-image-2034\" style=\"border-top-left-radius:200px;aspect-ratio:1;object-fit:cover\" srcset=\"https:\/\/www.camping-lesjardinsdagathe.com\/wp-content\/uploads\/2026\/01\/camping-herault-avec-animations-et-services.jpg 889w, https:\/\/www.camping-lesjardinsdagathe.com\/wp-content\/uploads\/2026\/01\/camping-herault-avec-animations-et-services-296x300.jpg 296w, https:\/\/www.camping-lesjardinsdagathe.com\/wp-content\/uploads\/2026\/01\/camping-herault-avec-animations-et-services-768x778.jpg 768w\" sizes=\"(max-width: 889px) 100vw, 889px\" \/><\/figure>\n\n\n\n<figure class=\"wp-block-image size-full has-custom-border\"><img decoding=\"async\" width=\"893\" height=\"900\" src=\"https:\/\/www.camping-lesjardinsdagathe.com\/wp-content\/uploads\/2026\/01\/camping-herault-avec-soirees.jpg\" alt=\"camping herault con fiestas\" class=\"wp-image-2039\" style=\"border-top-left-radius:200px;aspect-ratio:1;object-fit:cover\" srcset=\"https:\/\/www.camping-lesjardinsdagathe.com\/wp-content\/uploads\/2026\/01\/camping-herault-avec-soirees.jpg 893w, https:\/\/www.camping-lesjardinsdagathe.com\/wp-content\/uploads\/2026\/01\/camping-herault-avec-soirees-298x300.jpg 298w, https:\/\/www.camping-lesjardinsdagathe.com\/wp-content\/uploads\/2026\/01\/camping-herault-avec-soirees-150x150.jpg 150w, https:\/\/www.camping-lesjardinsdagathe.com\/wp-content\/uploads\/2026\/01\/camping-herault-avec-soirees-768x774.jpg 768w\" sizes=\"(max-width: 893px) 100vw, 893px\" \/><\/figure>\n\n\n\n<figure class=\"wp-block-image size-full has-custom-border\"><img decoding=\"async\" width=\"886\" height=\"900\" src=\"https:\/\/www.camping-lesjardinsdagathe.com\/wp-content\/uploads\/2026\/01\/camping-herault-avec-animations.jpg\" alt=\"camping herault con animaci&#xF3;n\" class=\"wp-image-2029\" style=\"border-top-left-radius:200px;aspect-ratio:1;object-fit:cover\" srcset=\"https:\/\/www.camping-lesjardinsdagathe.com\/wp-content\/uploads\/2026\/01\/camping-herault-avec-animations.jpg 886w, https:\/\/www.camping-lesjardinsdagathe.com\/wp-content\/uploads\/2026\/01\/camping-herault-avec-animations-295x300.jpg 295w, https:\/\/www.camping-lesjardinsdagathe.com\/wp-content\/uploads\/2026\/01\/camping-herault-avec-animations-768x780.jpg 768w\" sizes=\"(max-width: 886px) 100vw, 886px\" \/><\/figure>\n\n\n\n<figure class=\"wp-block-image size-full has-custom-border\"><img decoding=\"async\" width=\"899\" height=\"900\" src=\"https:\/\/www.camping-lesjardinsdagathe.com\/wp-content\/uploads\/2026\/01\/camping-herault-avec-activites-enfants.jpg\" alt=\"camping herault con actividades para ni&#xF1;os\" class=\"wp-image-2024\" style=\"border-top-left-radius:200px;aspect-ratio:1;object-fit:cover\" srcset=\"https:\/\/www.camping-lesjardinsdagathe.com\/wp-content\/uploads\/2026\/01\/camping-herault-avec-activites-enfants.jpg 899w, https:\/\/www.camping-lesjardinsdagathe.com\/wp-content\/uploads\/2026\/01\/camping-herault-avec-activites-enfants-300x300.jpg 300w, https:\/\/www.camping-lesjardinsdagathe.com\/wp-content\/uploads\/2026\/01\/camping-herault-avec-activites-enfants-150x150.jpg 150w, https:\/\/www.camping-lesjardinsdagathe.com\/wp-content\/uploads\/2026\/01\/camping-herault-avec-activites-enfants-768x769.jpg 768w\" sizes=\"(max-width: 899px) 100vw, 899px\" \/><\/figure>\n<\/div>\n\n\n\n<div class=\"wp-block-group fake-pagination has-custom-color-4-background-color has-background is-vertical is-layout-flex wp-container-core-group-is-layout-74fd7d07 wp-block-group-is-layout-flex\" style=\"border-top-left-radius:100px;border-top-right-radius:100px;padding-top:2rem;padding-right:1em;padding-bottom:0rem;padding-left:1em\">\n<div class=\"wp-block-group bullet active has-global-padding is-layout-constrained wp-block-group-is-layout-constrained\">\n<figure class=\"wp-block-image size-full has-custom-border\"><img decoding=\"async\" width=\"889\" height=\"900\" src=\"https:\/\/www.camping-lesjardinsdagathe.com\/wp-content\/uploads\/2026\/01\/camping-herault-avec-animations-et-services.jpg\" alt=\"camping herault con animaci&#xF3;n y servicios\" class=\"wp-image-2034\" style=\"border-radius:1000px;object-fit:cover\" srcset=\"https:\/\/www.camping-lesjardinsdagathe.com\/wp-content\/uploads\/2026\/01\/camping-herault-avec-animations-et-services.jpg 889w, https:\/\/www.camping-lesjardinsdagathe.com\/wp-content\/uploads\/2026\/01\/camping-herault-avec-animations-et-services-296x300.jpg 296w, https:\/\/www.camping-lesjardinsdagathe.com\/wp-content\/uploads\/2026\/01\/camping-herault-avec-animations-et-services-768x778.jpg 768w\" sizes=\"(max-width: 889px) 100vw, 889px\" \/><\/figure>\n<\/div>\n\n\n\n<div class=\"wp-block-group bullet has-global-padding is-layout-constrained wp-block-group-is-layout-constrained\">\n<figure class=\"wp-block-image size-full is-resized has-custom-border\"><img decoding=\"async\" width=\"893\" height=\"900\" src=\"https:\/\/www.camping-lesjardinsdagathe.com\/wp-content\/uploads\/2026\/01\/camping-herault-avec-soirees.jpg\" alt=\"camping herault con fiestas\" class=\"wp-image-2039\" style=\"border-radius:1000px;object-fit:cover;width:114px;height:114px\" srcset=\"https:\/\/www.camping-lesjardinsdagathe.com\/wp-content\/uploads\/2026\/01\/camping-herault-avec-soirees.jpg 893w, https:\/\/www.camping-lesjardinsdagathe.com\/wp-content\/uploads\/2026\/01\/camping-herault-avec-soirees-298x300.jpg 298w, https:\/\/www.camping-lesjardinsdagathe.com\/wp-content\/uploads\/2026\/01\/camping-herault-avec-soirees-150x150.jpg 150w, https:\/\/www.camping-lesjardinsdagathe.com\/wp-content\/uploads\/2026\/01\/camping-herault-avec-soirees-768x774.jpg 768w\" sizes=\"(max-width: 893px) 100vw, 893px\" \/><\/figure>\n<\/div>\n\n\n\n<div class=\"wp-block-group bullet has-global-padding is-layout-constrained wp-block-group-is-layout-constrained\">\n<figure class=\"wp-block-image size-full is-resized has-custom-border\"><img decoding=\"async\" width=\"886\" height=\"900\" src=\"https:\/\/www.camping-lesjardinsdagathe.com\/wp-content\/uploads\/2026\/01\/camping-herault-avec-animations.jpg\" alt=\"camping herault con animaci&#xF3;n\" class=\"wp-image-2029\" style=\"border-radius:1000px;object-fit:cover;width:114px;height:114px\" srcset=\"https:\/\/www.camping-lesjardinsdagathe.com\/wp-content\/uploads\/2026\/01\/camping-herault-avec-animations.jpg 886w, https:\/\/www.camping-lesjardinsdagathe.com\/wp-content\/uploads\/2026\/01\/camping-herault-avec-animations-295x300.jpg 295w, https:\/\/www.camping-lesjardinsdagathe.com\/wp-content\/uploads\/2026\/01\/camping-herault-avec-animations-768x780.jpg 768w\" sizes=\"(max-width: 886px) 100vw, 886px\" \/><\/figure>\n<\/div>\n\n\n\n<div class=\"wp-block-group bullet has-global-padding is-layout-constrained wp-block-group-is-layout-constrained\">\n<figure class=\"wp-block-image size-full is-resized has-custom-border\"><img decoding=\"async\" width=\"899\" height=\"900\" src=\"https:\/\/www.camping-lesjardinsdagathe.com\/wp-content\/uploads\/2026\/01\/camping-herault-avec-activites-enfants.jpg\" alt=\"camping herault con actividades para ni&#xF1;os\" class=\"wp-image-2024\" style=\"border-radius:1000px;object-fit:cover;width:114px;height:114px\" srcset=\"https:\/\/www.camping-lesjardinsdagathe.com\/wp-content\/uploads\/2026\/01\/camping-herault-avec-activites-enfants.jpg 899w, https:\/\/www.camping-lesjardinsdagathe.com\/wp-content\/uploads\/2026\/01\/camping-herault-avec-activites-enfants-300x300.jpg 300w, https:\/\/www.camping-lesjardinsdagathe.com\/wp-content\/uploads\/2026\/01\/camping-herault-avec-activites-enfants-150x150.jpg 150w, https:\/\/www.camping-lesjardinsdagathe.com\/wp-content\/uploads\/2026\/01\/camping-herault-avec-activites-enfants-768x769.jpg 768w\" sizes=\"(max-width: 899px) 100vw, 899px\" \/><\/figure>\n<\/div>\n<\/div>\n<\/div>\n<\/div>\n\n\n\n<div class=\"wp-block-group list-icons is-horizontal is-nowrap is-layout-flex wp-container-core-group-is-layout-4e2e698d wp-block-group-is-layout-flex\" style=\"padding-top:6rem;padding-right:10rem;padding-left:10rem\">\n<div class=\"wp-block-group card-txt has-global-padding is-content-justification-left is-layout-constrained wp-container-core-group-is-layout-17dd1b49 wp-block-group-is-layout-constrained\">\n<p class=\"has-text-align-left has-custom-color-2-color has-text-color has-link-color wp-elements-944ef77f5c2ecd0d1de408aa6d7632f5\" style=\"font-size:clamp(1.743rem, 1.743rem + ((1vw - 0.2rem) * 2.095), 3rem);font-style:normal;font-weight:400;line-height:1;text-transform:uppercase\">\u00bfQu\u00e9 nos hace diferentes?  <br\/><strong>Estos peque\u00f1os extras&#8230;<\/strong><\/p>\n<\/div>\n\n\n\n<div class=\"wp-block-group card-icon has-global-padding is-content-justification-left is-layout-constrained wp-container-core-group-is-layout-45306978 wp-block-group-is-layout-constrained\" style=\"padding-top:2rem;padding-right:2rem;padding-bottom:2rem;padding-left:2rem\">\n<div class=\"wp-block-group icon has-border-color has-custom-color-3-border-color has-base-2-background-color has-background has-global-padding is-layout-constrained wp-block-group-is-layout-constrained\" style=\"border-width:1px;border-radius:100px\">\n<figure class=\"wp-block-image size-large is-resized\"><img decoding=\"async\" width=\"88\" height=\"88\" src=\"https:\/\/www.camping-lesjardinsdagathe.com\/wp-content\/uploads\/2026\/01\/services-4etoiles.svg\" alt=\"Servicios 4etoiles\" class=\"wp-image-2203\" style=\"object-fit:contain;width:69px;height:69px\"\/><\/figure>\n<\/div>\n\n\n\n<p class=\"has-custom-color-2-color has-text-color has-link-color wp-elements-2ec00da4bca1b0c525d232bf3b0a2df3\" style=\"font-size:clamp(17.371px, 1.086rem + ((1vw - 3.2px) * 1.003), 27px);font-style:normal;font-weight:300;text-transform:uppercase\">servicio<br\/>4 estrellas<\/p>\n\n\n\n<p style=\"font-style:normal;font-weight:300\">Nuestro objetivo es que te sientas bienvenido, para que tus vacaciones empiecen con buen pie.<\/p>\n<\/div>\n\n\n\n<div class=\"wp-block-group card-icon has-global-padding is-content-justification-left is-layout-constrained wp-container-core-group-is-layout-45306978 wp-block-group-is-layout-constrained\" style=\"border-left-color:var(--wp--preset--color--custom-color-3);border-left-width:1px;padding-top:2rem;padding-right:2rem;padding-bottom:2rem;padding-left:2rem\">\n<div class=\"wp-block-group icon has-border-color has-custom-color-3-border-color has-base-2-background-color has-background has-global-padding is-layout-constrained wp-block-group-is-layout-constrained\" style=\"border-width:1px;border-radius:100px\">\n<figure class=\"wp-block-image size-large is-resized\"><img decoding=\"async\" width=\"43\" height=\"67\" src=\"https:\/\/www.camping-lesjardinsdagathe.com\/wp-content\/uploads\/2026\/01\/snack.svg\" alt=\"snack\" class=\"wp-image-2208\" style=\"object-fit:contain;width:69px;height:69px\"\/><\/figure>\n<\/div>\n\n\n\n<p class=\"has-custom-color-2-color has-text-color has-link-color wp-elements-1a842e89220e1b966705fccc443ecde6\" style=\"font-size:clamp(17.371px, 1.086rem + ((1vw - 3.2px) * 1.003), 27px);font-style:normal;font-weight:300;text-transform:uppercase\">Cafeter\u00eda<br\/>in situ<\/p>\n\n\n\n<p style=\"font-style:normal;font-weight:300\">WIFI, lavander\u00eda, alquiler de kit para beb\u00e9 o nevera&#8230;<\/p>\n<\/div>\n\n\n\n<div class=\"wp-block-group card-icon has-global-padding is-content-justification-left is-layout-constrained wp-container-core-group-is-layout-45306978 wp-block-group-is-layout-constrained\" style=\"border-left-color:var(--wp--preset--color--custom-color-3);border-left-width:1px;padding-top:2rem;padding-right:2rem;padding-bottom:2rem;padding-left:2rem\">\n<div class=\"wp-block-group icon has-border-color has-custom-color-3-border-color has-base-2-background-color has-background has-global-padding is-layout-constrained wp-block-group-is-layout-constrained\" style=\"border-width:1px;border-radius:100px\">\n<figure class=\"wp-block-image size-large is-resized\"><img decoding=\"async\" width=\"70\" height=\"54\" src=\"https:\/\/www.camping-lesjardinsdagathe.com\/wp-content\/uploads\/2026\/01\/velo.svg\" alt=\"bicicleta\" class=\"wp-image-2213\" style=\"object-fit:contain;width:69px;height:69px\"\/><\/figure>\n<\/div>\n\n\n\n<p class=\"has-custom-color-2-color has-text-color has-link-color wp-elements-1eb57a8e0445bf3df82225f0e82325c8\" style=\"font-size:clamp(17.371px, 1.086rem + ((1vw - 3.2px) * 1.003), 27px);font-style:normal;font-weight:300;text-transform:uppercase\">Alquiler de bicicletas<br\/><\/p>\n\n\n\n<p style=\"font-style:normal;font-weight:300\">\u00a1Pan, comestibles y bocadillos para unas vacaciones pr\u00e1cticas!<\/p>\n<\/div>\n\n\n\n<div class=\"wp-block-group card-icon has-global-padding is-content-justification-left is-layout-constrained wp-container-core-group-is-layout-45306978 wp-block-group-is-layout-constrained\" style=\"border-left-color:var(--wp--preset--color--custom-color-3);border-left-width:1px;padding-top:2rem;padding-right:2rem;padding-bottom:2rem;padding-left:2rem\">\n<div class=\"wp-block-group icon has-border-color has-custom-color-3-border-color has-base-2-background-color has-background has-global-padding is-layout-constrained wp-block-group-is-layout-constrained\" style=\"border-width:1px;border-radius:100px\">\n<figure class=\"wp-block-image size-large is-resized\"><img decoding=\"async\" width=\"62\" height=\"62\" src=\"https:\/\/www.camping-lesjardinsdagathe.com\/wp-content\/uploads\/2026\/01\/club-enfants.svg\" alt=\"club infantil\" class=\"wp-image-2218\" style=\"object-fit:contain;width:69px;height:69px\"\/><\/figure>\n<\/div>\n\n\n\n<p class=\"has-custom-color-2-color has-text-color has-link-color wp-elements-c1dc93dace2c91aa107156fe3723bb81\" style=\"font-size:clamp(17.371px, 1.086rem + ((1vw - 3.2px) * 1.003), 27px);font-style:normal;font-weight:300;text-transform:uppercase\">club<br\/>ni\u00f1os<\/p>\n\n\n\n<p style=\"font-style:normal;font-weight:300\">Nuestro objetivo es que te sientas bienvenido, para que tus vacaciones empiecen con buen pie.<\/p>\n<\/div>\n<\/div>\n<\/section>\n\n<section class=\"wp-block-group section-2 has-base-2-background-color has-background has-global-padding is-layout-constrained wp-container-core-group-is-layout-ed0d3ee8 wp-block-group-is-layout-constrained\" style=\"margin-top:0px;margin-bottom:0px;padding-right:0px;padding-left:0px\">\n<div class=\"wp-block-cover is-light gt-multiple-images-cover has-slider\" style=\"padding-bottom:5rem;min-height:100vh;aspect-ratio:unset;\" data-image-ids=\"[2114,2019,2044,2049]\"><div class=\"gt-is-slider swiper-container\" data-swiper=\"{&quot;speed&quot;:1000,&quot;autoplay&quot;:{&quot;delay&quot;:5000,&quot;disableOnInteraction&quot;:false},&quot;spaceBetween&quot;:0,&quot;slidesPerView&quot;:1,&quot;pagination&quot;:{&quot;el&quot;:&quot;.swiper-pagination&quot;,&quot;dynamicBullets&quot;:true,&quot;clickable&quot;:true,&quot;type&quot;:&quot;bullets&quot;},&quot;navigation&quot;:{&quot;nextEl&quot;:&quot;.swiper-button-next&quot;,&quot;prevEl&quot;:&quot;.swiper-button-prev&quot;},&quot;breakpoints&quot;:[{&quot;slidesPerView&quot;:1}],&quot;effect&quot;:&quot;fade&quot;}\"><div class=\"swiper-wrapper\"><div class=\"swiper-slide\"><img decoding=\"async\" src=\"https:\/\/www.camping-lesjardinsdagathe.com\/wp-content\/uploads\/2026\/01\/camping-herault-au-cap-dagde.jpg\" alt=\"camping herault au cap dagde\" class=\"gt-cover-image\" \/><\/div><div class=\"swiper-slide\"><img decoding=\"async\" src=\"https:\/\/www.camping-lesjardinsdagathe.com\/wp-content\/uploads\/2026\/01\/camping-herault-au-cap-dagde-en-bord-de-plage.jpg\" alt=\"camping herault au cap dagde en bord de plage\" class=\"gt-cover-image\" \/><\/div><div class=\"swiper-slide\"><img decoding=\"async\" src=\"https:\/\/www.camping-lesjardinsdagathe.com\/wp-content\/uploads\/2026\/01\/camping-herault-en-bord-de-mer.jpg\" alt=\"camping herault en bord de mer\" class=\"gt-cover-image\" \/><\/div><div class=\"swiper-slide\"><img decoding=\"async\" src=\"https:\/\/www.camping-lesjardinsdagathe.com\/wp-content\/uploads\/2026\/01\/camping-herault-en-bord-de-plage.jpg\" alt=\"camping herault en bord de plage\" class=\"gt-cover-image\" \/><\/div><\/div><\/div><span aria-hidden=\"true\" class=\"wp-block-cover__background has-contrast-background-color has-background-dim-20 has-background-dim\"><\/span><div class=\"wp-block-cover__inner-container has-global-padding is-layout-constrained wp-container-core-cover-is-layout-5d8960c0 wp-block-cover-is-layout-constrained\">\n<div class=\"wp-block-group fake-pagination is-horizontal is-nowrap is-layout-flex wp-container-core-group-is-layout-263b45c2 wp-block-group-is-layout-flex\" style=\"border-top-left-radius:100px;border-top-right-radius:100px;padding-top:0rem;padding-right:0em;padding-bottom:8rem;padding-left:0em\">\n<div class=\"wp-block-group bullet active has-border-color has-global-padding is-layout-constrained wp-block-group-is-layout-constrained\" style=\"border-color:#ffffff;border-width:2px;border-top-left-radius:30px;border-top-right-radius:30px;border-bottom-left-radius:30px;border-bottom-right-radius:30px\">\n<figure class=\"wp-block-image size-full is-resized has-custom-border\"><img decoding=\"async\" width=\"1920\" height=\"970\" src=\"https:\/\/www.camping-lesjardinsdagathe.com\/wp-content\/uploads\/2026\/01\/camping-herault-au-cap-dagde.jpg\" alt=\"camping herault au cap dagde\" class=\"wp-image-2114\" style=\"border-top-left-radius:30px;border-top-right-radius:30px;border-bottom-left-radius:30px;border-bottom-right-radius:30px;object-fit:cover;width:111px;height:111px\" srcset=\"https:\/\/www.camping-lesjardinsdagathe.com\/wp-content\/uploads\/2026\/01\/camping-herault-au-cap-dagde.jpg 1920w, https:\/\/www.camping-lesjardinsdagathe.com\/wp-content\/uploads\/2026\/01\/camping-herault-au-cap-dagde-300x152.jpg 300w, https:\/\/www.camping-lesjardinsdagathe.com\/wp-content\/uploads\/2026\/01\/camping-herault-au-cap-dagde-1024x517.jpg 1024w, https:\/\/www.camping-lesjardinsdagathe.com\/wp-content\/uploads\/2026\/01\/camping-herault-au-cap-dagde-768x388.jpg 768w, https:\/\/www.camping-lesjardinsdagathe.com\/wp-content\/uploads\/2026\/01\/camping-herault-au-cap-dagde-1536x776.jpg 1536w\" sizes=\"(max-width: 1920px) 100vw, 1920px\" \/><\/figure>\n<\/div>\n\n\n\n<div class=\"wp-block-group bullet active has-border-color has-global-padding is-layout-constrained wp-block-group-is-layout-constrained\" style=\"border-color:#ffffff;border-width:2px;border-top-left-radius:30px;border-top-right-radius:30px;border-bottom-left-radius:30px;border-bottom-right-radius:30px\">\n<figure class=\"wp-block-image size-full is-resized has-custom-border\"><img decoding=\"async\" width=\"1621\" height=\"1081\" src=\"https:\/\/www.camping-lesjardinsdagathe.com\/wp-content\/uploads\/2026\/01\/camping-herault-au-cap-dagde-en-bord-de-plage.jpg\" alt=\"camping herault en cap dagde junto a la playa\" class=\"wp-image-2019\" style=\"border-top-left-radius:30px;border-top-right-radius:30px;border-bottom-left-radius:30px;border-bottom-right-radius:30px;object-fit:cover;width:111px;height:111px\" srcset=\"https:\/\/www.camping-lesjardinsdagathe.com\/wp-content\/uploads\/2026\/01\/camping-herault-au-cap-dagde-en-bord-de-plage.jpg 1621w, https:\/\/www.camping-lesjardinsdagathe.com\/wp-content\/uploads\/2026\/01\/camping-herault-au-cap-dagde-en-bord-de-plage-300x200.jpg 300w, https:\/\/www.camping-lesjardinsdagathe.com\/wp-content\/uploads\/2026\/01\/camping-herault-au-cap-dagde-en-bord-de-plage-1024x683.jpg 1024w, https:\/\/www.camping-lesjardinsdagathe.com\/wp-content\/uploads\/2026\/01\/camping-herault-au-cap-dagde-en-bord-de-plage-768x512.jpg 768w, https:\/\/www.camping-lesjardinsdagathe.com\/wp-content\/uploads\/2026\/01\/camping-herault-au-cap-dagde-en-bord-de-plage-1536x1024.jpg 1536w\" sizes=\"(max-width: 1621px) 100vw, 1621px\" \/><\/figure>\n<\/div>\n\n\n\n<div class=\"wp-block-group bullet active has-border-color has-global-padding is-layout-constrained wp-block-group-is-layout-constrained\" style=\"border-color:#ffffff;border-width:2px;border-top-left-radius:30px;border-top-right-radius:30px;border-bottom-left-radius:30px;border-bottom-right-radius:30px\">\n<figure class=\"wp-block-image size-full is-resized has-custom-border\"><img decoding=\"async\" width=\"1920\" height=\"933\" src=\"https:\/\/www.camping-lesjardinsdagathe.com\/wp-content\/uploads\/2026\/01\/camping-herault-en-bord-de-mer.jpg\" alt=\"camping herault en bord de mer\" class=\"wp-image-2044\" style=\"border-top-left-radius:30px;border-top-right-radius:30px;border-bottom-left-radius:30px;border-bottom-right-radius:30px;object-fit:cover;width:111px;height:111px\" srcset=\"https:\/\/www.camping-lesjardinsdagathe.com\/wp-content\/uploads\/2026\/01\/camping-herault-en-bord-de-mer.jpg 1920w, https:\/\/www.camping-lesjardinsdagathe.com\/wp-content\/uploads\/2026\/01\/camping-herault-en-bord-de-mer-300x146.jpg 300w, https:\/\/www.camping-lesjardinsdagathe.com\/wp-content\/uploads\/2026\/01\/camping-herault-en-bord-de-mer-1024x498.jpg 1024w, https:\/\/www.camping-lesjardinsdagathe.com\/wp-content\/uploads\/2026\/01\/camping-herault-en-bord-de-mer-768x373.jpg 768w, https:\/\/www.camping-lesjardinsdagathe.com\/wp-content\/uploads\/2026\/01\/camping-herault-en-bord-de-mer-1536x746.jpg 1536w\" sizes=\"(max-width: 1920px) 100vw, 1920px\" \/><\/figure>\n<\/div>\n\n\n\n<div class=\"wp-block-group bullet active has-border-color has-global-padding is-layout-constrained wp-block-group-is-layout-constrained\" style=\"border-color:#ffffff;border-width:2px;border-top-left-radius:30px;border-top-right-radius:30px;border-bottom-left-radius:30px;border-bottom-right-radius:30px\">\n<figure class=\"wp-block-image size-full is-resized has-custom-border\"><img decoding=\"async\" width=\"1920\" height=\"1080\" src=\"https:\/\/www.camping-lesjardinsdagathe.com\/wp-content\/uploads\/2026\/01\/camping-herault-en-bord-de-plage.jpg\" alt=\"camping herault junto a la playa\" class=\"wp-image-2049\" style=\"border-top-left-radius:30px;border-top-right-radius:30px;border-bottom-left-radius:30px;border-bottom-right-radius:30px;object-fit:cover;width:111px;height:111px\" srcset=\"https:\/\/www.camping-lesjardinsdagathe.com\/wp-content\/uploads\/2026\/01\/camping-herault-en-bord-de-plage.jpg 1920w, https:\/\/www.camping-lesjardinsdagathe.com\/wp-content\/uploads\/2026\/01\/camping-herault-en-bord-de-plage-300x169.jpg 300w, https:\/\/www.camping-lesjardinsdagathe.com\/wp-content\/uploads\/2026\/01\/camping-herault-en-bord-de-plage-1024x576.jpg 1024w, https:\/\/www.camping-lesjardinsdagathe.com\/wp-content\/uploads\/2026\/01\/camping-herault-en-bord-de-plage-768x432.jpg 768w, https:\/\/www.camping-lesjardinsdagathe.com\/wp-content\/uploads\/2026\/01\/camping-herault-en-bord-de-plage-1536x864.jpg 1536w\" sizes=\"(max-width: 1920px) 100vw, 1920px\" \/><\/figure>\n<\/div>\n<\/div>\n\n\n\n<p class=\"has-text-align-center big-title has-text-color has-link-color has-chanticleer-font-family wp-elements-720980b077d5a803962f2e5250e42a81\" style=\"color:#f2cbc057;font-size:clamp(97.676px, 6.105rem + ((1vw - 3.2px) * 14.825), 240px);font-style:normal;font-weight:400;line-height:1;text-transform:uppercase\">escapadas<\/p>\n\n\n\n<h2 class=\"wp-block-heading has-text-align-center has-base-2-color has-text-color has-link-color wp-elements-dd36433aefe1f5f0a4eb3a6e75f53b89\" style=\"padding-right:10rem;padding-left:10rem\">Descubre <strong>el H\u00e9rault y <\/strong><br\/><strong>Cap d&#8217;Agde<\/strong> durante tu estancia<\/h2>\n<\/div><\/div>\n\n\n\n<div class=\"wp-block-group content has-global-padding is-layout-constrained wp-container-core-group-is-layout-83b9ca77 wp-block-group-is-layout-constrained\" style=\"margin-top:0px;margin-bottom:0px;padding-top:4rem;padding-right:14rem;padding-bottom:4rem;padding-left:14rem\">\n<div class=\"wp-block-columns are-vertically-aligned-center is-layout-flex wp-container-core-columns-is-layout-123045d2 wp-block-columns-is-layout-flex\">\n<div class=\"wp-block-column is-vertically-aligned-center left is-layout-flow wp-block-column-is-layout-flow\" style=\"flex-basis:66.66%\">\n<p class=\"has-text-align-left\" style=\"margin-bottom:4rem\">\u00a1 <a href=\"https:\/\/www.camping-lesjardinsdagathe.com\/es\/turismo-agde-herault-aude\/\" data-type=\"page\" data-id=\"14\">Descubre el H\u00e9rault<\/a> durante tu estancia! Cada rinc\u00f3n de nuestra hermosa regi\u00f3n es una invitaci\u00f3n a la evasi\u00f3n, entre patrimonio, oc\u00e9ano, naturaleza y arte de vivir. El camping Les Jardins d&#8217;Agathe goza de un emplazamiento \u00fanico <strong>entre la tierra y el mar<\/strong>: en el recodo de una callejuela, a lo largo de un camino de vi\u00f1edos o con los pies en la arena, vive tus mejores momentos de relax en el coraz\u00f3n de nuestras <strong>ciudades centelleantes<\/strong>, <strong>pueblos medievales<\/strong> y <strong>estaciones balnearias<\/strong>. Si buscas <strong>tranquilidad<\/strong>, <strong>descubrimientos culturales<\/strong> o <a href=\"https:\/\/www.camping-lesjardinsdagathe.com\/es\/actividades-que-hacer-en-herault\/\" data-type=\"page\" data-id=\"1910\">cosas que hacer en la regi\u00f3n de H\u00e9rault<\/a>, encontrar\u00e1s el equilibrio perfecto para una estancia inolvidable. Si eliges un camping en Cap d&#8217;Agde como punto de partida, estar\u00e1s <strong>en una situaci\u00f3n ideal<\/strong> para explorar todos estos tesoros.    <\/p>\n\n\n\n<div class=\"wp-block-group is-nowrap is-layout-flex wp-container-core-group-is-layout-c0d7094d wp-block-group-is-layout-flex\">\n<div class=\"wp-block-buttons is-layout-flex wp-block-buttons-is-layout-flex\">\n<div class=\"wp-block-button is-style-outline btn-1 is-style-outline--5\"><a class=\"wp-block-button__link has-custom-color-1-color has-text-color has-link-color has-custom-font-size wp-element-button\" href=\"https:\/\/www.camping-lesjardinsdagathe.com\/es\/turismo-agde-herault-aude\/\" style=\"border-radius:100px;font-size:clamp(1.006rem, 1.006rem + ((1vw - 0.2rem) * 0.89), 1.54rem);text-transform:uppercase\"><img decoding=\"async\" width=\"39\" height=\"36\" class=\"wp-image-2011\" style=\"width: 39px;\" src=\"https:\/\/www.camping-lesjardinsdagathe.com\/wp-content\/uploads\/2026\/01\/fleur.svg\" alt=\"flor\"\/>Qu\u00e9 ver<img decoding=\"async\" width=\"19\" height=\"19\" class=\"wp-image-2006\" style=\"width: 19px;\" src=\"https:\/\/www.camping-lesjardinsdagathe.com\/wp-content\/uploads\/2026\/01\/angle-de-la-fleche-droite.svg\" alt=\"&#xE1;ngulo de la flecha derecha\"\/><\/a><\/div>\n<\/div>\n\n\n\n<div class=\"wp-block-buttons is-layout-flex wp-block-buttons-is-layout-flex\">\n<div class=\"wp-block-button is-style-outline btn-1 is-style-outline--6\"><a class=\"wp-block-button__link has-custom-color-1-color has-text-color has-link-color has-custom-font-size wp-element-button\" href=\"https:\/\/www.camping-lesjardinsdagathe.com\/es\/actividades-que-hacer-en-herault\/\" style=\"border-radius:100px;font-size:clamp(1.006rem, 1.006rem + ((1vw - 0.2rem) * 0.89), 1.54rem);text-transform:uppercase\"><img decoding=\"async\" width=\"39\" height=\"36\" class=\"wp-image-2011\" style=\"width: 39px;\" src=\"https:\/\/www.camping-lesjardinsdagathe.com\/wp-content\/uploads\/2026\/01\/fleur.svg\" alt=\"flor\"\/>Para hacer<img decoding=\"async\" width=\"19\" height=\"19\" class=\"wp-image-2006\" style=\"width: 19px;\" src=\"https:\/\/www.camping-lesjardinsdagathe.com\/wp-content\/uploads\/2026\/01\/angle-de-la-fleche-droite.svg\" alt=\"&#xE1;ngulo de la flecha derecha\"\/><\/a><\/div>\n<\/div>\n<\/div>\n<\/div>\n\n\n\n<div class=\"wp-block-column is-vertically-aligned-center right is-layout-flow wp-block-column-is-layout-flow\" style=\"flex-basis:33.33%\">\n<figure class=\"wp-block-image size-full has-custom-border\"><img decoding=\"async\" width=\"1085\" height=\"832\" src=\"https:\/\/www.camping-lesjardinsdagathe.com\/wp-content\/uploads\/2026\/01\/camping-en-bord-de-mer-herault.png\" alt=\"camping junto al mar herault\" class=\"wp-image-2162\" style=\"border-style:none;border-width:0px\" srcset=\"https:\/\/www.camping-lesjardinsdagathe.com\/wp-content\/uploads\/2026\/01\/camping-en-bord-de-mer-herault.png 1085w, https:\/\/www.camping-lesjardinsdagathe.com\/wp-content\/uploads\/2026\/01\/camping-en-bord-de-mer-herault-300x230.png 300w, https:\/\/www.camping-lesjardinsdagathe.com\/wp-content\/uploads\/2026\/01\/camping-en-bord-de-mer-herault-1024x785.png 1024w, https:\/\/www.camping-lesjardinsdagathe.com\/wp-content\/uploads\/2026\/01\/camping-en-bord-de-mer-herault-768x589.png 768w\" sizes=\"(max-width: 1085px) 100vw, 1085px\" \/><\/figure>\n\n\n\n<p class=\"has-text-align-center text-deco has-custom-color-1-color has-text-color has-link-color wp-elements-becf5cc96708701ded0eac2e961ff2d8\" style=\"font-size:clamp(27.894px, 1.743rem + ((1vw - 3.2px) * 2.094), 48px);font-style:normal;font-weight:300;line-height:1;text-transform:uppercase\">respira <strong>el aire<br\/><\/strong><\/p>\n<\/div>\n<\/div>\n<\/div>\n<\/section>\n\n<section class=\"wp-block-group section-avis-faq has-custom-color-4-background-color has-background has-global-padding is-layout-constrained wp-container-core-group-is-layout-187900ab wp-block-group-is-layout-constrained\" style=\"margin-top:0px;margin-bottom:0px;padding-top:4rem;padding-right:10rem;padding-bottom:4rem;padding-left:10rem\">\n<div class=\"wp-block-columns is-layout-flex wp-container-core-columns-is-layout-b23a18ed wp-block-columns-is-layout-flex\">\n<div class=\"wp-block-column left is-layout-flow wp-block-column-is-layout-flow\" style=\"flex-basis:50%\">\n<div class=\"wp-block-group is-layout-flow wp-block-group-is-layout-flow\" style=\"margin-bottom:2rem\">\n<p class=\"has-custom-color-2-color has-text-color has-link-color wp-elements-96818cc64aed5a8beda846a96609373b\" style=\"margin-bottom:0px;font-size:clamp(37.821px, 2.364rem + ((1vw - 3.2px) * 3.352), 70px);font-style:normal;font-weight:500;line-height:1.05;text-transform:uppercase\"><strong>\u00bfAlguna duda?<\/strong><\/p>\n\n\n\n<p style=\"margin-top:0px;font-size:clamp(21.536px, 1.346rem + ((1vw - 3.2px) * 1.403), 35px);font-style:normal;font-weight:300;line-height:1.2;text-transform:uppercase\">Consulta nuestros comentarios y<br\/> para obtener respuestas a todas tus preguntas.<\/p>\n<\/div>\n\n\n\n        <div class=\"gs-slick-slider-wrapper\">\n            <ul id=\"gs-carousel\" class=\"gscolumns\">\n                <li class=\"gs-review-item\" style=\"margin-left:0;margin-top:0;background:#ffffff;border: 1px solid transparent;border-radius: 20px\"><div class=\"gs-review-header\"><strong style=\"color:#494242\" class=\"gs-review-username\">Morvan GICQUEL<\/strong><span style=\"color:#494242\" class=\"gs-review-date\">01 \/ 10 \/ 25<\/span><\/div><div class=\"gs-review-rating\"><span style=\"color:#981f5e\" class=\"review-rate\"><div class=\"gs-stars\"><div class=\"gs-star-rating\"><span class=\"screen-reader-text\">3,5 rating based on 7 rating<\/span><div class=\"star star-full\" style=\"color:#981f5e\" aria-hidden=\"true\"><\/div><div class=\"star star-full\" style=\"color:#981f5e\" aria-hidden=\"true\"><\/div><div class=\"star star-full\" style=\"color:#981f5e\" aria-hidden=\"true\"><\/div><div class=\"star star-half\" style=\"color:#981f5e\" aria-hidden=\"true\"><\/div><div class=\"star star-empty\" style=\"color:#981f5e\" aria-hidden=\"true\"><\/div><\/div><\/div><\/span><\/div><p class=\"gs-review-comment\"><span style=\"color:#494242\" class=\"short-comment\">Sanitaires pas tr\u00e8s spacieux.. parcelle tr\u00e8s bien.Avec robinet tr\u00e8s pratique .Dommage qu&#039;il n&#039;y a pas d&#039;animations en Septembre. <\/span><\/p><div class=\"gs-review-footer\"><div class=\"gs-review-buttons\"><a href=\"https:\/\/widget.guest-suite.com\/reviews\/1d6163d8-eb5a-43ac-8e5e-d54674754718\/warn\" target=\"_blank\" class=\"gs-review-button signaler\"><span class=\"dashicons dashicons-flag\"><\/span> Report<\/a><\/div><span style=\"color:#494242\" class=\"gs-review-experience-date\">Experience date 28\/09\/25<br \/><i>Camping les Jardins d&#039;Agathe<\/i><\/span><\/div><\/li><li class=\"gs-review-item\" style=\"margin-left:0;margin-top:0;background:#ffffff;border: 1px solid transparent;border-radius: 20px\"><div class=\"gs-review-header\"><strong style=\"color:#494242\" class=\"gs-review-username\">Jean Pierre MARCHADOUR<\/strong><span style=\"color:#494242\" class=\"gs-review-date\">26 \/ 09 \/ 25<\/span><\/div><div class=\"gs-review-rating\"><span style=\"color:#981f5e\" class=\"review-rate\"><div class=\"gs-stars\"><div class=\"gs-star-rating\"><span class=\"screen-reader-text\">5,0 rating based on 10 rating<\/span><div class=\"star star-full\" style=\"color:#981f5e\" aria-hidden=\"true\"><\/div><div class=\"star star-full\" style=\"color:#981f5e\" aria-hidden=\"true\"><\/div><div class=\"star star-full\" style=\"color:#981f5e\" aria-hidden=\"true\"><\/div><div class=\"star star-full\" style=\"color:#981f5e\" aria-hidden=\"true\"><\/div><div class=\"star star-full\" style=\"color:#981f5e\" aria-hidden=\"true\"><\/div><\/div><\/div><\/span><\/div><p class=\"gs-review-comment\"><span style=\"color:#494242\" class=\"short-comment\">Tr\u00e8s bien personnel tr\u00e8s agr\u00e9able <\/span><\/p><div class=\"gs-review-footer\"><div class=\"gs-review-buttons\"><a href=\"https:\/\/widget.guest-suite.com\/reviews\/fdf35041-4ede-4c9c-b8df-3200b517206a\/warn\" target=\"_blank\" class=\"gs-review-button signaler\"><span class=\"dashicons dashicons-flag\"><\/span> Report<\/a><\/div><span style=\"color:#494242\" class=\"gs-review-experience-date\">Experience date 23\/09\/25<br \/><i>Camping les Jardins d&#039;Agathe<\/i><\/span><\/div><\/li><li class=\"gs-review-item\" style=\"margin-left:0;margin-top:0;background:#ffffff;border: 1px solid transparent;border-radius: 20px\"><div class=\"gs-review-header\"><strong style=\"color:#494242\" class=\"gs-review-username\">Marianne AUERBACH<\/strong><span style=\"color:#494242\" class=\"gs-review-date\">19 \/ 09 \/ 25<\/span><\/div><div class=\"gs-review-rating\"><span style=\"color:#981f5e\" class=\"review-rate\"><div class=\"gs-stars\"><div class=\"gs-star-rating\"><span class=\"screen-reader-text\">4,5 rating based on 9 rating<\/span><div class=\"star star-full\" style=\"color:#981f5e\" aria-hidden=\"true\"><\/div><div class=\"star star-full\" style=\"color:#981f5e\" aria-hidden=\"true\"><\/div><div class=\"star star-full\" style=\"color:#981f5e\" aria-hidden=\"true\"><\/div><div class=\"star star-full\" style=\"color:#981f5e\" aria-hidden=\"true\"><\/div><div class=\"star star-half\" style=\"color:#981f5e\" aria-hidden=\"true\"><\/div><\/div><\/div><\/span><\/div><p class=\"gs-review-comment\"><span style=\"color:#494242\" class=\"short-comment\">Mobil tr\u00e8s propre \u00e0 mon arriv\u00e9e <\/span><\/p><div class=\"gs-review-footer\"><div class=\"gs-review-buttons\"><a href=\"https:\/\/widget.guest-suite.com\/reviews\/a9424601-5d09-4de9-a265-5ccfe362ea9d\/warn\" target=\"_blank\" class=\"gs-review-button signaler\"><span class=\"dashicons dashicons-flag\"><\/span> Report<\/a><\/div><span style=\"color:#494242\" class=\"gs-review-experience-date\">Experience date 13\/09\/25<br \/><i>Camping les Jardins d&#039;Agathe<\/i><\/span><\/div><\/li><li class=\"gs-review-item\" style=\"margin-left:0;margin-top:0;background:#ffffff;border: 1px solid transparent;border-radius: 20px\"><div class=\"gs-review-header\"><strong style=\"color:#494242\" class=\"gs-review-username\">Bruno THOLLY<\/strong><span style=\"color:#494242\" class=\"gs-review-date\">18 \/ 09 \/ 25<\/span><\/div><div class=\"gs-review-rating\"><span style=\"color:#981f5e\" class=\"review-rate\"><div class=\"gs-stars\"><div class=\"gs-star-rating\"><span class=\"screen-reader-text\">4,0 rating based on 8 rating<\/span><div class=\"star star-full\" style=\"color:#981f5e\" aria-hidden=\"true\"><\/div><div class=\"star star-full\" style=\"color:#981f5e\" aria-hidden=\"true\"><\/div><div class=\"star star-full\" style=\"color:#981f5e\" aria-hidden=\"true\"><\/div><div class=\"star star-full\" style=\"color:#981f5e\" aria-hidden=\"true\"><\/div><div class=\"star star-empty\" style=\"color:#981f5e\" aria-hidden=\"true\"><\/div><\/div><\/div><\/span><\/div><p class=\"gs-review-comment\"><span style=\"color:#494242\" class=\"short-comment\">Difficile avec un camping car car pas de parking sans bloquer l\u2019acc\u00e8s du camping <\/span><\/p><div class=\"gs-review-footer\"><div class=\"gs-review-buttons\"><a href=\"https:\/\/widget.guest-suite.com\/reviews\/fb91d9bc-bd14-4278-9052-9da4d3fba0df\/warn\" target=\"_blank\" class=\"gs-review-button signaler\"><span class=\"dashicons dashicons-flag\"><\/span> Report<\/a><\/div><span style=\"color:#494242\" class=\"gs-review-experience-date\">Experience date 15\/09\/25<br \/><i>Camping les Jardins d&#039;Agathe<\/i><\/span><\/div><\/li><li class=\"gs-review-item\" style=\"margin-left:0;margin-top:0;background:#ffffff;border: 1px solid transparent;border-radius: 20px\"><div class=\"gs-review-header\"><strong style=\"color:#494242\" class=\"gs-review-username\">Gilles CAISSEE<\/strong><span style=\"color:#494242\" class=\"gs-review-date\">11 \/ 09 \/ 25<\/span><\/div><div class=\"gs-review-rating\"><span style=\"color:#981f5e\" class=\"review-rate\"><div class=\"gs-stars\"><div class=\"gs-star-rating\"><span class=\"screen-reader-text\">5,0 rating based on 10 rating<\/span><div class=\"star star-full\" style=\"color:#981f5e\" aria-hidden=\"true\"><\/div><div class=\"star star-full\" style=\"color:#981f5e\" aria-hidden=\"true\"><\/div><div class=\"star star-full\" style=\"color:#981f5e\" aria-hidden=\"true\"><\/div><div class=\"star star-full\" style=\"color:#981f5e\" aria-hidden=\"true\"><\/div><div class=\"star star-full\" style=\"color:#981f5e\" aria-hidden=\"true\"><\/div><\/div><\/div><\/span><\/div><p class=\"gs-review-comment\"><span style=\"color:#494242\" class=\"short-comment\">Tr\u00e8s bien <\/span><\/p><div class=\"gs-review-footer\"><div class=\"gs-review-buttons\"><a href=\"https:\/\/widget.guest-suite.com\/reviews\/1ed54de5-7d74-4c83-95e9-a5f5f078132f\/warn\" target=\"_blank\" class=\"gs-review-button signaler\"><span class=\"dashicons dashicons-flag\"><\/span> Report<\/a><\/div><span style=\"color:#494242\" class=\"gs-review-experience-date\">Experience date 08\/09\/25<br \/><i>Camping les Jardins d&#039;Agathe<\/i><\/span><\/div><\/li><li class=\"gs-review-item\" style=\"margin-left:0;margin-top:0;background:#ffffff;border: 1px solid transparent;border-radius: 20px\"><div class=\"gs-review-header\"><strong style=\"color:#494242\" class=\"gs-review-username\">Dany BROSSARD<\/strong><span style=\"color:#494242\" class=\"gs-review-date\">05 \/ 09 \/ 25<\/span><\/div><div class=\"gs-review-rating\"><span style=\"color:#981f5e\" class=\"review-rate\"><div class=\"gs-stars\"><div class=\"gs-star-rating\"><span class=\"screen-reader-text\">4,5 rating based on 9 rating<\/span><div class=\"star star-full\" style=\"color:#981f5e\" aria-hidden=\"true\"><\/div><div class=\"star star-full\" style=\"color:#981f5e\" aria-hidden=\"true\"><\/div><div class=\"star star-full\" style=\"color:#981f5e\" aria-hidden=\"true\"><\/div><div class=\"star star-full\" style=\"color:#981f5e\" aria-hidden=\"true\"><\/div><div class=\"star star-half\" style=\"color:#981f5e\" aria-hidden=\"true\"><\/div><\/div><\/div><\/span><\/div><p class=\"gs-review-comment\"><span style=\"color:#494242\" class=\"short-comment\">Dommage le bruit de la buse de refoulement d&#039;eau piscine en permanence, surtout lorsque l&#039;on est sur un emplacement proche...<\/span><\/p><div class=\"gs-review-footer\"><div class=\"gs-review-buttons\"><a href=\"https:\/\/widget.guest-suite.com\/reviews\/685c4767-7c0c-4a66-9df6-5e9de8a8c4af\/warn\" target=\"_blank\" class=\"gs-review-button signaler\"><span class=\"dashicons dashicons-flag\"><\/span> Report<\/a><\/div><span style=\"color:#494242\" class=\"gs-review-experience-date\">Experience date 31\/08\/25<br \/><i>Camping les Jardins d&#039;Agathe<\/i><\/span><\/div><\/li>            <\/ul>\n\n                    <div class=\"gs-footer\">\n                        <a href=\"https:\/\/www.guest-suite.com\/\" target=\"_blank\" class=\"gs-footer-link\">\n                            <span style=\"color:#494242\">Powered by customer reviews solution<\/span>\n                            <img decoding=\"async\" src=\"https:\/\/www.camping-lesjardinsdagathe.com\/wp-content\/plugins\/guestapp\/assets\/images\/gs-logo.png\" alt=\"Guest Suite logo\" class=\"gs_badge_footer_logo\" \/>\n                        <\/a>\n                    <\/div>\n                    <\/div>\n\n<\/div>\n\n\n\n<div class=\"wp-block-column right is-layout-flow wp-block-column-is-layout-flow\" style=\"flex-basis:50%\">\n    <style>\n    .gt-faq-b1dd69dc-47a4-454f-8d1f-59f12c182a42-question {\n        color: #3d3d3d !important; \n    }\n    .gt-faq-b1dd69dc-47a4-454f-8d1f-59f12c182a42-answer {\n        color: #3d3d3d !important; \n    }\n    <\/style>\n           <div class=\"gt-faq-block wp-block-gt-fse-faq\">\n                                                     <div class=\"gt-faq-item\">\n                       <input type=\"checkbox\" id=\"faq-0\" class=\"gt-faq-toggle\" \/>\n                       <label for=\"faq-0\" class=\"gt-faq-question gt-faq-b1dd69dc-47a4-454f-8d1f-59f12c182a42-question\">\n                           <span>\u00bfEs necesario un dep\u00f3sito?<\/span>\n                           <span class=\"gt-faq-icon\">+<\/span>\n                       <\/label>\n                       <div class=\"gt-faq-answer\">\n                           <div class=\"gt-faq-content gt-faq-b1dd69dc-47a4-454f-8d1f-59f12c182a42-answer\">\n                               <p>No, para los alquileres no cobramos fianza.<\/p>\n                           <\/div>\n                       <\/div>\n                   <\/div>\n                                                     <div class=\"gt-faq-item\">\n                       <input type=\"checkbox\" id=\"faq-1\" class=\"gt-faq-toggle\" \/>\n                       <label for=\"faq-1\" class=\"gt-faq-question gt-faq-b1dd69dc-47a4-454f-8d1f-59f12c182a42-question\">\n                           <span>\u00bfLas s\u00e1banas y las toallas est\u00e1n incluidas en el alojamiento?<\/span>\n                           <span class=\"gt-faq-icon\">+<\/span>\n                       <\/label>\n                       <div class=\"gt-faq-answer\">\n                           <div class=\"gt-faq-content gt-faq-b1dd69dc-47a4-454f-8d1f-59f12c182a42-answer\">\n                               <p>Las s\u00e1banas y toallas solo est\u00e1n incluidas en las categor\u00edas Stella Maris y Prestige Garden; para las dem\u00e1s categor\u00edas, se cobran aparte y deben reservarse con antelaci\u00f3n, si est\u00e1n disponibles.<\/p>\n                           <\/div>\n                       <\/div>\n                   <\/div>\n                                                     <div class=\"gt-faq-item\">\n                       <input type=\"checkbox\" id=\"faq-2\" class=\"gt-faq-toggle\" \/>\n                       <label for=\"faq-2\" class=\"gt-faq-question gt-faq-b1dd69dc-47a4-454f-8d1f-59f12c182a42-question\">\n                           <span>\u00bfSe puede aparcar el coche o la furgoneta en una plaza de aparcamiento?<\/span>\n                           <span class=\"gt-faq-icon\">+<\/span>\n                       <\/label>\n                       <div class=\"gt-faq-answer\">\n                           <div class=\"gt-faq-content gt-faq-b1dd69dc-47a4-454f-8d1f-59f12c182a42-answer\">\n                               <p>S\u00ed, se incluye un coche por plaza.<\/p>\n                           <\/div>\n                       <\/div>\n                   <\/div>\n                                                     <div class=\"gt-faq-item\">\n                       <input type=\"checkbox\" id=\"faq-3\" class=\"gt-faq-toggle\" \/>\n                       <label for=\"faq-3\" class=\"gt-faq-question gt-faq-b1dd69dc-47a4-454f-8d1f-59f12c182a42-question\">\n                           <span>\u00bfLa piscina es accesible para los visitantes del camping?<\/span>\n                           <span class=\"gt-faq-icon\">+<\/span>\n                       <\/label>\n                       <div class=\"gt-faq-answer\">\n                           <div class=\"gt-faq-content gt-faq-b1dd69dc-47a4-454f-8d1f-59f12c182a42-answer\">\n                               <p>No, no est\u00e1 permitida a los visitantes del camping.<\/p>\n                           <\/div>\n                       <\/div>\n                   <\/div>\n                                                     <div class=\"gt-faq-item\">\n                       <input type=\"checkbox\" id=\"faq-4\" class=\"gt-faq-toggle\" \/>\n                       <label for=\"faq-4\" class=\"gt-faq-question gt-faq-b1dd69dc-47a4-454f-8d1f-59f12c182a42-question\">\n                           <span>\u00bfEl camping dispone de servicio de lavander\u00eda o lavander\u00eda autom\u00e1tica?<\/span>\n                           <span class=\"gt-faq-icon\">+<\/span>\n                       <\/label>\n                       <div class=\"gt-faq-answer\">\n                           <div class=\"gt-faq-content gt-faq-b1dd69dc-47a4-454f-8d1f-59f12c182a42-answer\">\n                               <p>S\u00ed, en los ba\u00f1os tenemos lavadoras y secadoras.<\/p>\n                           <\/div>\n                       <\/div>\n                   <\/div>\n                          <\/div>\n<\/div>\n<\/div>\n<\/section>\n","protected":false},"excerpt":{"rendered":"<p>Bienvenido Camping en Cap d&#8217;Agde junto al mar \u00bfBuscas un camping conun ambiente c\u00e1lido y acogedor para tu pr\u00f3xima estancia en Cap d&#8217;Agde? Les Jardins d&#8217;Agathe te dan la bienvenida del 17 de abril al 3 de octubre, en un entorno encantador para tus vacaciones en familia, con amigos, en pareja, etc. Les Jardins d&#8217;Agathe [&hellip;]<\/p>\n","protected":false},"author":1,"featured_media":0,"parent":0,"menu_order":0,"comment_status":"closed","ping_status":"closed","template":"","meta":{"_seopress_robots_primary_cat":"","_seopress_titles_title":"Camping en Cap d'Agde | H\u00e9rault 34 camping Les Jardins d'Agathe","_seopress_titles_desc":"Camping Cap d'Agde - Les Jardins d'Agathe es un tranquilo camping familiar en el coraz\u00f3n de Cap d'Agde. D\u00e9jate tentar por una estancia en familia, en pareja o con amigos en nuestro tranquilo camping de Cap d'Agde. ","_seopress_robots_index":"","_gt_ctv_global_id":"1053","_gt_ctv_id_group":false,"inline_featured_image":false,"gt_fse_maillage_image":"","gt_fse_maillage_titre":"Inicio","gt_fse_maillage_alt":"Accueil","gt_fse_maillage_resume":"","footnotes":""},"categories":[],"tags":[],"class_list":["post-6407","page","type-page","status-publish","hentry"],"_links":{"self":[{"href":"https:\/\/www.camping-lesjardinsdagathe.com\/es\/wp-json\/wp\/v2\/pages\/6407","targetHints":{"allow":["GET"]}}],"collection":[{"href":"https:\/\/www.camping-lesjardinsdagathe.com\/es\/wp-json\/wp\/v2\/pages"}],"about":[{"href":"https:\/\/www.camping-lesjardinsdagathe.com\/es\/wp-json\/wp\/v2\/types\/page"}],"author":[{"embeddable":true,"href":"https:\/\/www.camping-lesjardinsdagathe.com\/es\/wp-json\/wp\/v2\/users\/1"}],"replies":[{"embeddable":true,"href":"https:\/\/www.camping-lesjardinsdagathe.com\/es\/wp-json\/wp\/v2\/comments?post=6407"}],"version-history":[{"count":32,"href":"https:\/\/www.camping-lesjardinsdagathe.com\/es\/wp-json\/wp\/v2\/pages\/6407\/revisions"}],"predecessor-version":[{"id":9279,"href":"https:\/\/www.camping-lesjardinsdagathe.com\/es\/wp-json\/wp\/v2\/pages\/6407\/revisions\/9279"}],"wp:attachment":[{"href":"https:\/\/www.camping-lesjardinsdagathe.com\/es\/wp-json\/wp\/v2\/media?parent=6407"}],"wp:term":[{"taxonomy":"category","embeddable":true,"href":"https:\/\/www.camping-lesjardinsdagathe.com\/es\/wp-json\/wp\/v2\/categories?post=6407"},{"taxonomy":"post_tag","embeddable":true,"href":"https:\/\/www.camping-lesjardinsdagathe.com\/es\/wp-json\/wp\/v2\/tags?post=6407"}],"curies":[{"name":"wp","href":"https:\/\/api.w.org\/{rel}","templated":true}]}}