{"id":6394,"date":"2025-11-03T18:22:56","date_gmt":"2025-11-03T17:22:56","guid":{"rendered":"https:\/\/www.camping-lesjardinsdagathe.com\/startseite\/"},"modified":"2026-02-25T10:31:41","modified_gmt":"2026-02-25T09:31:41","slug":"accueil","status":"publish","type":"page","link":"https:\/\/www.camping-lesjardinsdagathe.com\/de\/","title":{"rendered":"Startseite"},"content":{"rendered":"\n<section class=\"wp-block-group section-1 has-custom-color-4-background-color has-background has-global-padding is-layout-constrained wp-container-core-group-is-layout-70b11869 wp-block-group-is-layout-constrained\" style=\"margin-bottom:6rem;padding-top:4rem;padding-right:0px;padding-bottom:4rem;padding-left:0px\">\n<figure class=\"wp-block-image aligncenter size-full is-resized shape-top\"><img decoding=\"async\" width=\"313\" height=\"297\" src=\"https:\/\/www.camping-lesjardinsdagathe.com\/wp-content\/uploads\/2026\/01\/fleur.png\" alt=\"Blume\" class=\"wp-image-2354\" style=\"width:299px\" srcset=\"https:\/\/www.camping-lesjardinsdagathe.com\/wp-content\/uploads\/2026\/01\/fleur.png 313w, https:\/\/www.camping-lesjardinsdagathe.com\/wp-content\/uploads\/2026\/01\/fleur-300x285.png 300w\" sizes=\"(max-width: 313px) 100vw, 313px\" \/><\/figure>\n\n\n\n<div class=\"wp-block-group top-content has-global-padding is-layout-constrained wp-container-core-group-is-layout-f4426c34 wp-block-group-is-layout-constrained\" style=\"padding-right:10rem;padding-left:10rem\">\n<p class=\"has-text-align-center big-title has-custom-color-3-color has-text-color has-link-color has-chanticleer-font-family wp-elements-2ea76336f5c724029f55c57e677b7200\" style=\"font-size:clamp(97.676px, 6.105rem + ((1vw - 3.2px) * 14.825), 240px);font-style:normal;font-weight:400;line-height:1;text-transform:uppercase\">Willkommen bei<\/p>\n\n\n\n<h1 class=\"wp-block-heading has-text-align-center\">Campingplatz in <strong>Cap d&#8217;Agde<\/strong> direkt am Meer  <\/h1>\n\n\n\n<p class=\"has-text-align-center\">Suchen Sie einen Campingplatz mit einer<strong>warmen und freundlichen Atmosph\u00e4re<\/strong> f\u00fcr Ihren n\u00e4chsten <strong>Aufenthalt in Cap d&#8217;Agde<\/strong>? Les Jardins d&#8217;Agathe empf\u00e4ngt Sie vom 17. April bis zum 3. Oktober in einer zauberhaften Umgebung f\u00fcr Ihren Aufenthalt mit der Familie, mit Freunden, zu zweit, etc. <strong>In ruhiger Lage<\/strong>, nur <strong>5 km vom Stadtzentrum <\/strong>von Agde und <strong>15 Minuten zu Fu\u00df vom ersten Strand<\/strong> entfernt, befindet sich der charmante kleine Familiencampingplatz Les Jardins d&#8217;Agathe.  <\/p>\n\n\n\n<p class=\"has-text-align-center\">Es wurde an alles gedacht, um Ihren Aufenthalt in Cap d&#8217;Agde f\u00fcr <strong>Familie<\/strong>, <strong>Freunde<\/strong>, <strong>Paare <\/strong>oder <strong>Alleinreisende <\/strong>so angenehm wie m\u00f6glich zu gestalten! Verbringen Sie einen au\u00dfergew\u00f6hnlichen Aufenthalt auf unserem Campingplatz in Cap d&#8217;Agde! Wir bieten Ihnen auch die Dienste unseres <strong>virtuellen Assistenten<\/strong> namens <strong>Eph\u00e8be<\/strong> an, der Ihre Fragen beantworten wird. Klicken Sie auf den untenstehenden Link, um ihm Ihre Fragen zu stellen!   <\/p>\n<\/div>\n\n\n\n<div class=\"wp-block-columns is-layout-flex wp-container-core-columns-is-layout-fd8265d6 wp-block-columns-is-layout-flex\" style=\"margin-top:8rem\">\n<div class=\"wp-block-column left is-layout-flow wp-block-column-is-layout-flow\" style=\"padding-right:3rem;padding-left:10rem\">\n<figure class=\"wp-block-image size-full\"><img decoding=\"async\" width=\"802\" height=\"657\" src=\"https:\/\/www.camping-lesjardinsdagathe.com\/wp-content\/uploads\/2026\/01\/camping-herault-carte.png\" alt=\"campingplatz herault karte\" class=\"wp-image-2196\" srcset=\"https:\/\/www.camping-lesjardinsdagathe.com\/wp-content\/uploads\/2026\/01\/camping-herault-carte.png 802w, https:\/\/www.camping-lesjardinsdagathe.com\/wp-content\/uploads\/2026\/01\/camping-herault-carte-300x246.png 300w, https:\/\/www.camping-lesjardinsdagathe.com\/wp-content\/uploads\/2026\/01\/camping-herault-carte-768x629.png 768w\" sizes=\"(max-width: 802px) 100vw, 802px\" \/><\/figure>\n\n\n\n<p class=\"text-deco has-custom-color-1-color has-text-color has-link-color wp-elements-936af407428924ef8f985cd5d92fcb11\" style=\"font-size:clamp(27.894px, 1.743rem + ((1vw - 3.2px) * 2.094), 48px);font-style:normal;font-weight:300;line-height:1;text-transform:uppercase\"><strong>900m<\/strong><br\/>vom Strand entfernt&#8230;<\/p>\n<\/div>\n\n\n\n<div class=\"wp-block-column right is-layout-flow wp-block-column-is-layout-flow\">\n<div data-swiper=\"{&quot;speed&quot;:400,&quot;spaceBetween&quot;:16,&quot;slidesPerView&quot;:1,&quot;createElements&quot;:true,&quot;loop&quot;:true,&quot;freemode&quot;:true,&quot;navigation&quot;:{&quot;nextEl&quot;:&quot;buttonNext&quot;,&quot;prevEl&quot;:&quot;buttonPrev&quot;},&quot;pagination&quot;:{&quot;el&quot;:&quot;.swiper-pagination&quot;,&quot;dynamicBullets&quot;:true},&quot;breakpoints&quot;:[{&quot;slidesPerView&quot;:1}],&quot;effect&quot;:&quot;fade&quot;}\" class=\"wp-block-group gt-is-slider gt-is-slider-desktop has-global-padding is-layout-constrained wp-block-group-is-layout-constrained\">\n<figure class=\"wp-block-image size-full has-custom-border\"><img decoding=\"async\" width=\"896\" height=\"900\" src=\"https:\/\/www.camping-lesjardinsdagathe.com\/wp-content\/uploads\/2026\/01\/camping-en-bord-de-mer-cap-dagde.jpg\" alt=\"Campingplatz am Meer Cap Dagde\" class=\"wp-image-2104\" style=\"border-top-left-radius:200px;aspect-ratio:1;object-fit:cover\" srcset=\"https:\/\/www.camping-lesjardinsdagathe.com\/wp-content\/uploads\/2026\/01\/camping-en-bord-de-mer-cap-dagde.jpg 896w, https:\/\/www.camping-lesjardinsdagathe.com\/wp-content\/uploads\/2026\/01\/camping-en-bord-de-mer-cap-dagde-300x300.jpg 300w, https:\/\/www.camping-lesjardinsdagathe.com\/wp-content\/uploads\/2026\/01\/camping-en-bord-de-mer-cap-dagde-150x150.jpg 150w, https:\/\/www.camping-lesjardinsdagathe.com\/wp-content\/uploads\/2026\/01\/camping-en-bord-de-mer-cap-dagde-768x771.jpg 768w\" sizes=\"(max-width: 896px) 100vw, 896px\" \/><\/figure>\n\n\n\n<figure class=\"wp-block-image size-full has-custom-border\"><img decoding=\"async\" width=\"900\" height=\"896\" src=\"https:\/\/www.camping-lesjardinsdagathe.com\/wp-content\/uploads\/2026\/01\/camping-cap-dagde-en-bord-de-plage.jpg\" alt=\"Campingplatz Cap Dagde direkt am Strand\" class=\"wp-image-2099\" style=\"border-top-left-radius:200px;aspect-ratio:1;object-fit:cover\" srcset=\"https:\/\/www.camping-lesjardinsdagathe.com\/wp-content\/uploads\/2026\/01\/camping-cap-dagde-en-bord-de-plage.jpg 900w, https:\/\/www.camping-lesjardinsdagathe.com\/wp-content\/uploads\/2026\/01\/camping-cap-dagde-en-bord-de-plage-300x300.jpg 300w, https:\/\/www.camping-lesjardinsdagathe.com\/wp-content\/uploads\/2026\/01\/camping-cap-dagde-en-bord-de-plage-150x150.jpg 150w, https:\/\/www.camping-lesjardinsdagathe.com\/wp-content\/uploads\/2026\/01\/camping-cap-dagde-en-bord-de-plage-768x765.jpg 768w\" sizes=\"(max-width: 900px) 100vw, 900px\" \/><\/figure>\n\n\n\n<figure class=\"wp-block-image size-full has-custom-border\"><img decoding=\"async\" width=\"879\" height=\"900\" src=\"https:\/\/www.camping-lesjardinsdagathe.com\/wp-content\/uploads\/2026\/01\/camping-proche-de-la-plage-cap-dagde.jpg\" alt=\"Campingplatz in der N&#xE4;he des Strandes Cap Dagde\" class=\"wp-image-2054\" style=\"border-top-left-radius:200px;aspect-ratio:1;object-fit:cover\" srcset=\"https:\/\/www.camping-lesjardinsdagathe.com\/wp-content\/uploads\/2026\/01\/camping-proche-de-la-plage-cap-dagde.jpg 879w, https:\/\/www.camping-lesjardinsdagathe.com\/wp-content\/uploads\/2026\/01\/camping-proche-de-la-plage-cap-dagde-293x300.jpg 293w, https:\/\/www.camping-lesjardinsdagathe.com\/wp-content\/uploads\/2026\/01\/camping-proche-de-la-plage-cap-dagde-768x786.jpg 768w\" sizes=\"(max-width: 879px) 100vw, 879px\" \/><\/figure>\n\n\n\n<figure class=\"wp-block-image size-full has-custom-border\"><img decoding=\"async\" width=\"875\" height=\"900\" src=\"https:\/\/www.camping-lesjardinsdagathe.com\/wp-content\/uploads\/2026\/01\/camping-en-bord-de-plage-cap-dagde.jpg\" alt=\"Campingplatz am Strand Cap Dagde\" class=\"wp-image-2109\" style=\"border-top-left-radius:200px;aspect-ratio:1;object-fit:cover\" srcset=\"https:\/\/www.camping-lesjardinsdagathe.com\/wp-content\/uploads\/2026\/01\/camping-en-bord-de-plage-cap-dagde.jpg 875w, https:\/\/www.camping-lesjardinsdagathe.com\/wp-content\/uploads\/2026\/01\/camping-en-bord-de-plage-cap-dagde-292x300.jpg 292w, https:\/\/www.camping-lesjardinsdagathe.com\/wp-content\/uploads\/2026\/01\/camping-en-bord-de-plage-cap-dagde-768x790.jpg 768w\" sizes=\"(max-width: 875px) 100vw, 875px\" \/><\/figure>\n<\/div>\n\n\n\n<div class=\"wp-block-group fake-pagination has-custom-color-4-background-color has-background is-vertical is-layout-flex wp-container-core-group-is-layout-74fd7d07 wp-block-group-is-layout-flex\" style=\"border-top-left-radius:100px;border-top-right-radius:100px;padding-top:2rem;padding-right:1em;padding-bottom:0rem;padding-left:1em\">\n<div class=\"wp-block-group bullet active has-global-padding is-layout-constrained wp-block-group-is-layout-constrained\">\n<figure class=\"wp-block-image size-full is-resized has-custom-border\"><img decoding=\"async\" width=\"896\" height=\"900\" src=\"https:\/\/www.camping-lesjardinsdagathe.com\/wp-content\/uploads\/2026\/01\/camping-en-bord-de-mer-cap-dagde.jpg\" alt=\"Campingplatz am Meer Cap Dagde\" class=\"wp-image-2104\" style=\"border-radius:1000px;object-fit:cover;width:114px;height:114px\" srcset=\"https:\/\/www.camping-lesjardinsdagathe.com\/wp-content\/uploads\/2026\/01\/camping-en-bord-de-mer-cap-dagde.jpg 896w, https:\/\/www.camping-lesjardinsdagathe.com\/wp-content\/uploads\/2026\/01\/camping-en-bord-de-mer-cap-dagde-300x300.jpg 300w, https:\/\/www.camping-lesjardinsdagathe.com\/wp-content\/uploads\/2026\/01\/camping-en-bord-de-mer-cap-dagde-150x150.jpg 150w, https:\/\/www.camping-lesjardinsdagathe.com\/wp-content\/uploads\/2026\/01\/camping-en-bord-de-mer-cap-dagde-768x771.jpg 768w\" sizes=\"(max-width: 896px) 100vw, 896px\" \/><\/figure>\n<\/div>\n\n\n\n<div class=\"wp-block-group bullet has-global-padding is-layout-constrained wp-block-group-is-layout-constrained\">\n<figure class=\"wp-block-image size-full is-resized has-custom-border\"><img decoding=\"async\" width=\"900\" height=\"896\" src=\"https:\/\/www.camping-lesjardinsdagathe.com\/wp-content\/uploads\/2026\/01\/camping-cap-dagde-en-bord-de-plage.jpg\" alt=\"Campingplatz Cap Dagde direkt am Strand\" class=\"wp-image-2099\" style=\"border-radius:1000px;object-fit:cover;width:114px;height:114px\" srcset=\"https:\/\/www.camping-lesjardinsdagathe.com\/wp-content\/uploads\/2026\/01\/camping-cap-dagde-en-bord-de-plage.jpg 900w, https:\/\/www.camping-lesjardinsdagathe.com\/wp-content\/uploads\/2026\/01\/camping-cap-dagde-en-bord-de-plage-300x300.jpg 300w, https:\/\/www.camping-lesjardinsdagathe.com\/wp-content\/uploads\/2026\/01\/camping-cap-dagde-en-bord-de-plage-150x150.jpg 150w, https:\/\/www.camping-lesjardinsdagathe.com\/wp-content\/uploads\/2026\/01\/camping-cap-dagde-en-bord-de-plage-768x765.jpg 768w\" sizes=\"(max-width: 900px) 100vw, 900px\" \/><\/figure>\n<\/div>\n\n\n\n<div class=\"wp-block-group bullet has-global-padding is-layout-constrained wp-block-group-is-layout-constrained\">\n<figure class=\"wp-block-image size-full is-resized has-custom-border\"><img decoding=\"async\" width=\"879\" height=\"900\" src=\"https:\/\/www.camping-lesjardinsdagathe.com\/wp-content\/uploads\/2026\/01\/camping-proche-de-la-plage-cap-dagde.jpg\" alt=\"Campingplatz in der N&#xE4;he des Strandes Cap Dagde\" class=\"wp-image-2054\" style=\"border-radius:1000px;object-fit:cover;width:114px;height:114px\" srcset=\"https:\/\/www.camping-lesjardinsdagathe.com\/wp-content\/uploads\/2026\/01\/camping-proche-de-la-plage-cap-dagde.jpg 879w, https:\/\/www.camping-lesjardinsdagathe.com\/wp-content\/uploads\/2026\/01\/camping-proche-de-la-plage-cap-dagde-293x300.jpg 293w, https:\/\/www.camping-lesjardinsdagathe.com\/wp-content\/uploads\/2026\/01\/camping-proche-de-la-plage-cap-dagde-768x786.jpg 768w\" sizes=\"(max-width: 879px) 100vw, 879px\" \/><\/figure>\n<\/div>\n\n\n\n<div class=\"wp-block-group bullet has-global-padding is-layout-constrained wp-block-group-is-layout-constrained\">\n<figure class=\"wp-block-image size-full is-resized has-custom-border\"><img decoding=\"async\" width=\"875\" height=\"900\" src=\"https:\/\/www.camping-lesjardinsdagathe.com\/wp-content\/uploads\/2026\/01\/camping-en-bord-de-plage-cap-dagde.jpg\" alt=\"Campingplatz am Strand Cap Dagde\" class=\"wp-image-2109\" style=\"border-radius:1000px;object-fit:cover;width:114px;height:114px\" srcset=\"https:\/\/www.camping-lesjardinsdagathe.com\/wp-content\/uploads\/2026\/01\/camping-en-bord-de-plage-cap-dagde.jpg 875w, https:\/\/www.camping-lesjardinsdagathe.com\/wp-content\/uploads\/2026\/01\/camping-en-bord-de-plage-cap-dagde-292x300.jpg 292w, https:\/\/www.camping-lesjardinsdagathe.com\/wp-content\/uploads\/2026\/01\/camping-en-bord-de-plage-cap-dagde-768x790.jpg 768w\" sizes=\"(max-width: 875px) 100vw, 875px\" \/><\/figure>\n<\/div>\n<\/div>\n<\/div>\n<\/div>\n<\/section>\n\n<section class=\"wp-block-group section-2 has-base-2-background-color has-background has-global-padding is-layout-constrained wp-container-core-group-is-layout-ed0d3ee8 wp-block-group-is-layout-constrained\" style=\"margin-top:0px;margin-bottom:0px;padding-right:0px;padding-left:0px\">\n<div class=\"wp-block-cover is-light gt-multiple-images-cover has-slider\" style=\"padding-bottom:5rem;min-height:100vh;aspect-ratio:unset;\" data-image-ids=\"[2184,2179,2094,2089]\"><div class=\"gt-is-slider swiper-container\" data-swiper=\"{&quot;speed&quot;:1000,&quot;autoplay&quot;:{&quot;delay&quot;:5000,&quot;disableOnInteraction&quot;:false},&quot;spaceBetween&quot;:0,&quot;slidesPerView&quot;:1,&quot;pagination&quot;:{&quot;el&quot;:&quot;.swiper-pagination&quot;,&quot;dynamicBullets&quot;:true,&quot;clickable&quot;:true,&quot;type&quot;:&quot;bullets&quot;},&quot;navigation&quot;:{&quot;nextEl&quot;:&quot;.swiper-button-next&quot;,&quot;prevEl&quot;:&quot;.swiper-button-prev&quot;},&quot;breakpoints&quot;:[{&quot;slidesPerView&quot;:1}],&quot;effect&quot;:&quot;fade&quot;}\"><div class=\"swiper-wrapper\"><div class=\"swiper-slide\"><img decoding=\"async\" src=\"https:\/\/www.camping-lesjardinsdagathe.com\/wp-content\/uploads\/2026\/01\/camping-avec-piscine-chauffe-en-herault.png\" alt=\"camping avec piscine chauffe en herault\" class=\"gt-cover-image\" \/><\/div><div class=\"swiper-slide\"><img decoding=\"async\" src=\"https:\/\/www.camping-lesjardinsdagathe.com\/wp-content\/uploads\/2026\/01\/camping-piscine-chauffee-au-cap-dagde.jpg\" alt=\"camping piscine chauffee au cap dagde\" class=\"gt-cover-image\" \/><\/div><div class=\"swiper-slide\"><img decoding=\"async\" src=\"https:\/\/www.camping-lesjardinsdagathe.com\/wp-content\/uploads\/2026\/01\/camping-cap-dagde-avec-toboggan-aquatique.jpg\" alt=\"camping cap dagde avec toboggan aquatique\" class=\"gt-cover-image\" \/><\/div><div class=\"swiper-slide\"><img decoding=\"async\" src=\"https:\/\/www.camping-lesjardinsdagathe.com\/wp-content\/uploads\/2026\/01\/camping-cap-dagde-avec-piscine.jpg\" alt=\"camping cap dagde avec piscine\" class=\"gt-cover-image\" \/><\/div><\/div><\/div><span aria-hidden=\"true\" class=\"wp-block-cover__background has-contrast-background-color has-background-dim-20 has-background-dim\"><\/span><div class=\"wp-block-cover__inner-container has-global-padding is-layout-constrained wp-container-core-cover-is-layout-5d8960c0 wp-block-cover-is-layout-constrained\">\n<div class=\"wp-block-group fake-pagination is-horizontal is-nowrap is-layout-flex wp-container-core-group-is-layout-263b45c2 wp-block-group-is-layout-flex\" style=\"border-top-left-radius:100px;border-top-right-radius:100px;padding-top:0rem;padding-right:0em;padding-bottom:8rem;padding-left:0em\">\n<div class=\"wp-block-group bullet active has-border-color has-global-padding is-layout-constrained wp-block-group-is-layout-constrained\" style=\"border-color:#ffffff;border-width:2px;border-top-left-radius:30px;border-top-right-radius:30px;border-bottom-left-radius:30px;border-bottom-right-radius:30px\">\n<figure class=\"wp-block-image size-full is-resized has-custom-border\"><img decoding=\"async\" width=\"1920\" height=\"1271\" src=\"https:\/\/www.camping-lesjardinsdagathe.com\/wp-content\/uploads\/2026\/01\/camping-avec-piscine-chauffe-en-herault.png\" alt=\"Campingplatz mit beheiztem Schwimmbad in Herault\" class=\"wp-image-2184\" style=\"border-top-left-radius:30px;border-top-right-radius:30px;border-bottom-left-radius:30px;border-bottom-right-radius:30px;object-fit:cover;width:111px;height:111px\" srcset=\"https:\/\/www.camping-lesjardinsdagathe.com\/wp-content\/uploads\/2026\/01\/camping-avec-piscine-chauffe-en-herault.png 1920w, https:\/\/www.camping-lesjardinsdagathe.com\/wp-content\/uploads\/2026\/01\/camping-avec-piscine-chauffe-en-herault-300x199.png 300w, https:\/\/www.camping-lesjardinsdagathe.com\/wp-content\/uploads\/2026\/01\/camping-avec-piscine-chauffe-en-herault-1024x678.png 1024w, https:\/\/www.camping-lesjardinsdagathe.com\/wp-content\/uploads\/2026\/01\/camping-avec-piscine-chauffe-en-herault-768x508.png 768w, https:\/\/www.camping-lesjardinsdagathe.com\/wp-content\/uploads\/2026\/01\/camping-avec-piscine-chauffe-en-herault-1536x1017.png 1536w\" sizes=\"(max-width: 1920px) 100vw, 1920px\" \/><\/figure>\n<\/div>\n\n\n\n<div class=\"wp-block-group bullet active has-border-color has-global-padding is-layout-constrained wp-block-group-is-layout-constrained\" style=\"border-color:#ffffff;border-width:2px;border-top-left-radius:30px;border-top-right-radius:30px;border-bottom-left-radius:30px;border-bottom-right-radius:30px\">\n<figure class=\"wp-block-image size-full is-resized has-custom-border\"><img decoding=\"async\" width=\"1633\" height=\"1081\" src=\"https:\/\/www.camping-lesjardinsdagathe.com\/wp-content\/uploads\/2026\/01\/camping-piscine-chauffee-au-cap-dagde.jpg\" alt=\"Campingplatz mit beheiztem Pool am Kap Dagde\" class=\"wp-image-2179\" style=\"border-top-left-radius:30px;border-top-right-radius:30px;border-bottom-left-radius:30px;border-bottom-right-radius:30px;object-fit:cover;width:111px;height:111px\" srcset=\"https:\/\/www.camping-lesjardinsdagathe.com\/wp-content\/uploads\/2026\/01\/camping-piscine-chauffee-au-cap-dagde.jpg 1633w, https:\/\/www.camping-lesjardinsdagathe.com\/wp-content\/uploads\/2026\/01\/camping-piscine-chauffee-au-cap-dagde-300x199.jpg 300w, https:\/\/www.camping-lesjardinsdagathe.com\/wp-content\/uploads\/2026\/01\/camping-piscine-chauffee-au-cap-dagde-1024x678.jpg 1024w, https:\/\/www.camping-lesjardinsdagathe.com\/wp-content\/uploads\/2026\/01\/camping-piscine-chauffee-au-cap-dagde-768x508.jpg 768w, https:\/\/www.camping-lesjardinsdagathe.com\/wp-content\/uploads\/2026\/01\/camping-piscine-chauffee-au-cap-dagde-1536x1017.jpg 1536w\" sizes=\"(max-width: 1633px) 100vw, 1633px\" \/><\/figure>\n<\/div>\n\n\n\n<div class=\"wp-block-group bullet active has-border-color has-global-padding is-layout-constrained wp-block-group-is-layout-constrained\" style=\"border-color:#ffffff;border-width:2px;border-top-left-radius:30px;border-top-right-radius:30px;border-bottom-left-radius:30px;border-bottom-right-radius:30px\">\n<figure class=\"wp-block-image size-full is-resized has-custom-border\"><img decoding=\"async\" width=\"1631\" height=\"1080\" src=\"https:\/\/www.camping-lesjardinsdagathe.com\/wp-content\/uploads\/2026\/01\/camping-cap-dagde-avec-toboggan-aquatique.jpg\" alt=\"Campingplatz Cap Dagde mit Wasserrutsche\" class=\"wp-image-2094\" style=\"border-top-left-radius:30px;border-top-right-radius:30px;border-bottom-left-radius:30px;border-bottom-right-radius:30px;object-fit:cover;width:111px;height:111px\" srcset=\"https:\/\/www.camping-lesjardinsdagathe.com\/wp-content\/uploads\/2026\/01\/camping-cap-dagde-avec-toboggan-aquatique.jpg 1631w, https:\/\/www.camping-lesjardinsdagathe.com\/wp-content\/uploads\/2026\/01\/camping-cap-dagde-avec-toboggan-aquatique-300x199.jpg 300w, https:\/\/www.camping-lesjardinsdagathe.com\/wp-content\/uploads\/2026\/01\/camping-cap-dagde-avec-toboggan-aquatique-1024x678.jpg 1024w, https:\/\/www.camping-lesjardinsdagathe.com\/wp-content\/uploads\/2026\/01\/camping-cap-dagde-avec-toboggan-aquatique-768x509.jpg 768w, https:\/\/www.camping-lesjardinsdagathe.com\/wp-content\/uploads\/2026\/01\/camping-cap-dagde-avec-toboggan-aquatique-1536x1017.jpg 1536w\" sizes=\"(max-width: 1631px) 100vw, 1631px\" \/><\/figure>\n<\/div>\n\n\n\n<div class=\"wp-block-group bullet active has-border-color has-global-padding is-layout-constrained wp-block-group-is-layout-constrained\" style=\"border-color:#ffffff;border-width:2px;border-top-left-radius:30px;border-top-right-radius:30px;border-bottom-left-radius:30px;border-bottom-right-radius:30px\">\n<figure class=\"wp-block-image size-full is-resized has-custom-border\"><img decoding=\"async\" width=\"1631\" height=\"1080\" src=\"https:\/\/www.camping-lesjardinsdagathe.com\/wp-content\/uploads\/2026\/01\/camping-cap-dagde-avec-piscine.jpg\" alt=\"campingplatz cap dagde mit schwimmbad\" class=\"wp-image-2089\" style=\"border-top-left-radius:30px;border-top-right-radius:30px;border-bottom-left-radius:30px;border-bottom-right-radius:30px;object-fit:cover;width:111px;height:111px\" srcset=\"https:\/\/www.camping-lesjardinsdagathe.com\/wp-content\/uploads\/2026\/01\/camping-cap-dagde-avec-piscine.jpg 1631w, https:\/\/www.camping-lesjardinsdagathe.com\/wp-content\/uploads\/2026\/01\/camping-cap-dagde-avec-piscine-300x199.jpg 300w, https:\/\/www.camping-lesjardinsdagathe.com\/wp-content\/uploads\/2026\/01\/camping-cap-dagde-avec-piscine-1024x678.jpg 1024w, https:\/\/www.camping-lesjardinsdagathe.com\/wp-content\/uploads\/2026\/01\/camping-cap-dagde-avec-piscine-768x509.jpg 768w, https:\/\/www.camping-lesjardinsdagathe.com\/wp-content\/uploads\/2026\/01\/camping-cap-dagde-avec-piscine-1536x1017.jpg 1536w\" sizes=\"(max-width: 1631px) 100vw, 1631px\" \/><\/figure>\n<\/div>\n<\/div>\n\n\n\n<p class=\"has-text-align-center big-title has-text-color has-link-color has-chanticleer-font-family wp-elements-0d4e3bf5e5afd844684fd32aecc03efa\" style=\"color:#f2cbc057;font-size:clamp(97.676px, 6.105rem + ((1vw - 3.2px) * 14.825), 240px);font-style:normal;font-weight:400;line-height:1;text-transform:uppercase\">Barbotage<\/p>\n\n\n\n<h2 class=\"wp-block-heading has-text-align-center has-base-2-color has-text-color has-link-color wp-elements-25693c4eeefe407585ee473aa5cc8a3c\" style=\"padding-right:10rem;padding-left:10rem\"><strong>Beheizter Swimmingpool unter der Sonne<\/strong> <br\/>des H\u00e9rault<\/h2>\n<\/div><\/div>\n\n\n\n<div class=\"wp-block-group content has-global-padding is-layout-constrained wp-container-core-group-is-layout-83b9ca77 wp-block-group-is-layout-constrained\" style=\"margin-top:0px;margin-bottom:0px;padding-top:4rem;padding-right:14rem;padding-bottom:4rem;padding-left:14rem\">\n<div class=\"wp-block-columns are-vertically-aligned-center is-layout-flex wp-container-core-columns-is-layout-123045d2 wp-block-columns-is-layout-flex\">\n<div class=\"wp-block-column is-vertically-aligned-center left is-layout-flow wp-block-column-is-layout-flow\" style=\"flex-basis:66.66%\">\n<p class=\"has-text-align-left\" style=\"margin-bottom:4rem\">Auf dem Campingplatz Les Jardins d&#8217;Agathe ist alles darauf ausgerichtet, dass Sie einen ausgezeichneten Aufenthalt haben und jeder Moment, den Sie in unserer Badelandschaft <a href=\"https:\/\/www.camping-lesjardinsdagathe.com\/de\/campingplatz-beheiztem-schwimmbad-agde\/\" data-type=\"page\" data-id=\"8\">in Cap d&#8217;Agde<\/a> verbringen, ist eine Einladung zur <strong>Entspannung <\/strong>und zum <strong>Spa\u00df<\/strong>. Sie k\u00f6nnen sich im <strong>Pool<\/strong> erfrischen, auf den <strong>Liegest\u00fchlen<\/strong> entspannen und sich auf der <strong>Wasserrutsche<\/strong> vergn\u00fcgen.<br\/>Zwischen dem beheizten Pool, den Liegest\u00fchlen, der 35 Meter langen Rutsche, dem <strong>spielerischen Planschbecken<\/strong> und den Wasserspielen finden <strong>Gro\u00df und Klein<\/strong> ihr Gl\u00fcck. Genie\u00dfen Sie eine famili\u00e4re und gesellige Umgebung f\u00fcr einen unvergesslichen Urlaub auf dem Campingplatz mit Pool in Cap d&#8217;Agde.  <\/p>\n\n\n\n<div class=\"wp-block-buttons is-layout-flex wp-block-buttons-is-layout-flex\">\n<div class=\"wp-block-button is-style-outline btn-1 is-style-outline--1\"><a class=\"wp-block-button__link has-custom-color-1-color has-text-color has-link-color has-custom-font-size wp-element-button\" href=\"https:\/\/www.camping-lesjardinsdagathe.com\/de\/campingplatz-beheiztem-schwimmbad-agde\/\" style=\"border-radius:100px;font-size:clamp(1.006rem, 1.006rem + ((1vw - 0.2rem) * 0.89), 1.54rem);text-transform:uppercase\"><img decoding=\"async\" width=\"39\" height=\"36\" class=\"wp-image-2011\" style=\"width: 39px;\" src=\"https:\/\/www.camping-lesjardinsdagathe.com\/wp-content\/uploads\/2026\/01\/fleur.svg\" alt=\"Blume\"\/>Wasserpark<img decoding=\"async\" width=\"19\" height=\"19\" class=\"wp-image-2006\" style=\"width: 19px;\" src=\"https:\/\/www.camping-lesjardinsdagathe.com\/wp-content\/uploads\/2026\/01\/angle-de-la-fleche-droite.svg\" alt=\"Winkel des rechten Pfeils\"\/><\/a><\/div>\n<\/div>\n<\/div>\n\n\n\n<div class=\"wp-block-column is-vertically-aligned-center right is-layout-flow wp-block-column-is-layout-flow\" style=\"flex-basis:33.33%\">\n<figure class=\"wp-block-image size-full\"><img decoding=\"async\" width=\"1079\" height=\"805\" src=\"https:\/\/www.camping-lesjardinsdagathe.com\/wp-content\/uploads\/2026\/01\/camping-piscine-herault.png\" alt=\"campingplatz swimmingpool herault\" class=\"wp-image-2168\" srcset=\"https:\/\/www.camping-lesjardinsdagathe.com\/wp-content\/uploads\/2026\/01\/camping-piscine-herault.png 1079w, https:\/\/www.camping-lesjardinsdagathe.com\/wp-content\/uploads\/2026\/01\/camping-piscine-herault-300x224.png 300w, https:\/\/www.camping-lesjardinsdagathe.com\/wp-content\/uploads\/2026\/01\/camping-piscine-herault-1024x764.png 1024w, https:\/\/www.camping-lesjardinsdagathe.com\/wp-content\/uploads\/2026\/01\/camping-piscine-herault-768x573.png 768w\" sizes=\"(max-width: 1079px) 100vw, 1079px\" \/><\/figure>\n\n\n\n<p class=\"has-text-align-center text-deco has-custom-color-1-color has-text-color has-link-color wp-elements-9b569eb7cca489370163fb6beddb6135\" style=\"font-size:clamp(1.686rem, 1.686rem + ((1vw - 0.2rem) * 1.99), 2.88rem);font-style:normal;font-weight:300;line-height:1;text-transform:uppercase\"><strong>Die Entspannung<\/strong><br\/>erwartet Sie!<\/p>\n<\/div>\n<\/div>\n<\/div>\n<\/section>\n\n<section class=\"wp-block-group section-3 has-base-2-background-color has-background has-global-padding is-layout-constrained wp-container-core-group-is-layout-4e9cac8d wp-block-group-is-layout-constrained\" style=\"margin-top:0px;margin-bottom:0px;padding-top:151px;padding-right:0px;padding-left:0px\">\n<div class=\"wp-block-group has-global-padding is-layout-constrained wp-container-core-group-is-layout-c5903013 wp-block-group-is-layout-constrained\" style=\"padding-right:0px;padding-left:0px\">\n<figure class=\"wp-block-image size-large is-resized arrow-slider-prev\"><img decoding=\"async\" width=\"46\" height=\"35\" src=\"https:\/\/www.camping-lesjardinsdagathe.com\/wp-content\/uploads\/2025\/11\/fleche-slider-prev.svg\" alt=\"Pfeil slider prev\" class=\"wp-image-793\" style=\"object-fit:contain;width:43px;height:43px\"\/><\/figure>\n\n\n\n<figure class=\"wp-block-image size-large is-resized arrow-slider-next\"><img decoding=\"async\" width=\"46\" height=\"35\" src=\"https:\/\/www.camping-lesjardinsdagathe.com\/wp-content\/uploads\/2025\/11\/fleche-slider-next.svg\" alt=\"Pfeil slider next\" class=\"wp-image-795\" style=\"object-fit:contain;width:43px;height:43px\"\/><\/figure>\n\n\n\n<div class=\"wp-block-group slider-img has-global-padding is-layout-constrained wp-container-core-group-is-layout-8c91c79d wp-block-group-is-layout-constrained\" style=\"margin-top:0rem;padding-right:0px;padding-left:0px\">\n<div data-swiper=\"{&quot;speed&quot;:400,&quot;spaceBetween&quot;:-100,&quot;slidesPerView&quot;:1,&quot;createElements&quot;:true,&quot;loop&quot;:true,&quot;freemode&quot;:true,&quot;navigation&quot;:{&quot;nextEl&quot;:&quot;.arrow-slider-next&quot;,&quot;prevEl&quot;:&quot;.arrow-slider-prev&quot;},&quot;pagination&quot;:{&quot;el&quot;:&quot;.swiper-pagination&quot;,&quot;dynamicBullets&quot;:true},&quot;breakpoints&quot;:{&quot;330&quot;:{&quot;slidePerView&quot;:1,&quot;spaceBetween&quot;:16},&quot;1024&quot;:{&quot;slidesPerView&quot;:3,&quot;spaceBetween&quot;:-60},&quot;1350&quot;:{&quot;spaceBetween&quot;:-100,&quot;slidesPerView&quot;:3}},&quot;autoplay&quot;:{&quot;delay&quot;:5000}}\" class=\"wp-block-group gt-is-slider gt-is-slider-desktop has-global-padding is-layout-constrained wp-container-core-group-is-layout-12243e0f wp-block-group-is-layout-constrained\"><a href=\"https:\/\/www.camping-lesjardinsdagathe.com\/achat-vente-mobil-home-agde\/\"    class=\"cta wp-block-tiptip-hyperlink-group-block\" >\n<figure class=\"wp-block-image size-full has-custom-border\"><img decoding=\"async\" width=\"1600\" height=\"1068\" src=\"https:\/\/www.camping-lesjardinsdagathe.com\/wp-content\/uploads\/2026\/01\/devenir-propietaire-mobil-home-camping-cap-dagde.jpg\" alt=\"Eigent&#xFC;mer von Mobilheimen auf dem Campingplatz Cap Dagde werden\" class=\"wp-image-2059\" style=\"border-top-left-radius:200px;border-top-right-radius:200px;border-bottom-left-radius:60px;border-bottom-right-radius:60px\" srcset=\"https:\/\/www.camping-lesjardinsdagathe.com\/wp-content\/uploads\/2026\/01\/devenir-propietaire-mobil-home-camping-cap-dagde.jpg 1600w, https:\/\/www.camping-lesjardinsdagathe.com\/wp-content\/uploads\/2026\/01\/devenir-propietaire-mobil-home-camping-cap-dagde-300x200.jpg 300w, https:\/\/www.camping-lesjardinsdagathe.com\/wp-content\/uploads\/2026\/01\/devenir-propietaire-mobil-home-camping-cap-dagde-1024x684.jpg 1024w, https:\/\/www.camping-lesjardinsdagathe.com\/wp-content\/uploads\/2026\/01\/devenir-propietaire-mobil-home-camping-cap-dagde-768x513.jpg 768w, https:\/\/www.camping-lesjardinsdagathe.com\/wp-content\/uploads\/2026\/01\/devenir-propietaire-mobil-home-camping-cap-dagde-1536x1025.jpg 1536w\" sizes=\"(max-width: 1600px) 100vw, 1600px\" \/><\/figure>\n\n<p class=\"is-style-outline btn-1 cta-title has-border-color has-base-2-border-color has-base-2-color has-text-color has-link-color wp-elements-22bb93172f133f9e34d0e654ceddb541\" style=\"border-width:1px;border-radius:100px;font-size:clamp(1.006rem, 1.006rem + ((1vw - 0.2rem) * 0.89), 1.54rem);text-transform:uppercase\"><img decoding=\"async\" width=\"39\" height=\"36\" class=\"wp-image-2449\" style=\"width: 39px;\" src=\"https:\/\/www.camping-lesjardinsdagathe.com\/wp-content\/uploads\/2026\/01\/fleur-blanche.svg\" alt=\"wei&#xDF;e Blume\"\/>Werden Sie Eigent\u00fcmer<img decoding=\"async\" width=\"12\" height=\"19\" class=\"wp-image-425\" style=\"width: 12px;\" src=\"https:\/\/www.camping-lesjardinsdagathe.com\/wp-content\/uploads\/2025\/11\/icon-fleche-btn-blanc.svg\" alt=\"icon fleche btn wei&#xDF;\"\/><\/p>\n<\/a>\n\n<a href=\"https:\/\/www.camping-lesjardinsdagathe.com\/location-mobil-home-agde\/\"    class=\"cta wp-block-tiptip-hyperlink-group-block\" >\n<figure class=\"wp-block-image size-full has-custom-border\"><img decoding=\"async\" width=\"1600\" height=\"1067\" src=\"https:\/\/www.camping-lesjardinsdagathe.com\/wp-content\/uploads\/2026\/01\/camping-cap-dagde-avec-mobil-home.jpg\" alt=\"campingplatz cap dagde mit mobilheim\" class=\"wp-image-2084\" style=\"border-top-left-radius:200px;border-top-right-radius:200px;border-bottom-left-radius:60px;border-bottom-right-radius:60px\" srcset=\"https:\/\/www.camping-lesjardinsdagathe.com\/wp-content\/uploads\/2026\/01\/camping-cap-dagde-avec-mobil-home.jpg 1600w, https:\/\/www.camping-lesjardinsdagathe.com\/wp-content\/uploads\/2026\/01\/camping-cap-dagde-avec-mobil-home-300x200.jpg 300w, https:\/\/www.camping-lesjardinsdagathe.com\/wp-content\/uploads\/2026\/01\/camping-cap-dagde-avec-mobil-home-1024x683.jpg 1024w, https:\/\/www.camping-lesjardinsdagathe.com\/wp-content\/uploads\/2026\/01\/camping-cap-dagde-avec-mobil-home-768x512.jpg 768w, https:\/\/www.camping-lesjardinsdagathe.com\/wp-content\/uploads\/2026\/01\/camping-cap-dagde-avec-mobil-home-1536x1024.jpg 1536w\" sizes=\"(max-width: 1600px) 100vw, 1600px\" \/><\/figure>\n\n<p class=\"is-style-outline btn-1 cta-title has-border-color has-base-2-border-color has-base-2-color has-text-color has-link-color wp-elements-1bb03af1d6ff575db90b0c7d5c70fc3f\" style=\"border-style:solid;border-width:1px;border-radius:100px;font-size:clamp(1.006rem, 1.006rem + ((1vw - 0.2rem) * 0.89), 1.54rem);text-transform:uppercase\"><img decoding=\"async\" width=\"39\" height=\"36\" class=\"wp-image-2449\" style=\"width: 39px;\" src=\"https:\/\/www.camping-lesjardinsdagathe.com\/wp-content\/uploads\/2026\/01\/fleur-blanche.svg\" alt=\"wei&#xDF;e Blume\"\/>Die Mobilheime<img decoding=\"async\" width=\"12\" height=\"19\" class=\"wp-image-425\" style=\"width: 12px;\" src=\"https:\/\/www.camping-lesjardinsdagathe.com\/wp-content\/uploads\/2025\/11\/icon-fleche-btn-blanc.svg\" alt=\"icon fleche btn wei&#xDF;\"\/><\/p>\n<\/a>\n\n<a href=\"https:\/\/www.camping-lesjardinsdagathe.com\/location-mobil-home-agde\/#insolites\"    class=\"cta wp-block-tiptip-hyperlink-group-block\" >\n<figure class=\"wp-block-image size-full has-custom-border\"><img decoding=\"async\" width=\"1600\" height=\"1060\" src=\"https:\/\/www.camping-lesjardinsdagathe.com\/wp-content\/uploads\/2026\/01\/camping-cap-dagde-avec-locations-insolites.jpg\" alt=\"campingplatz cap dagde mit ungew&#xF6;hnlichen vermietungen\" class=\"wp-image-2079\" style=\"border-top-left-radius:200px;border-top-right-radius:200px;border-bottom-left-radius:60px;border-bottom-right-radius:60px\" srcset=\"https:\/\/www.camping-lesjardinsdagathe.com\/wp-content\/uploads\/2026\/01\/camping-cap-dagde-avec-locations-insolites.jpg 1600w, https:\/\/www.camping-lesjardinsdagathe.com\/wp-content\/uploads\/2026\/01\/camping-cap-dagde-avec-locations-insolites-300x199.jpg 300w, https:\/\/www.camping-lesjardinsdagathe.com\/wp-content\/uploads\/2026\/01\/camping-cap-dagde-avec-locations-insolites-1024x678.jpg 1024w, https:\/\/www.camping-lesjardinsdagathe.com\/wp-content\/uploads\/2026\/01\/camping-cap-dagde-avec-locations-insolites-768x509.jpg 768w, https:\/\/www.camping-lesjardinsdagathe.com\/wp-content\/uploads\/2026\/01\/camping-cap-dagde-avec-locations-insolites-1536x1018.jpg 1536w\" sizes=\"(max-width: 1600px) 100vw, 1600px\" \/><\/figure>\n\n<p class=\"is-style-outline btn-1 cta-title has-border-color has-base-2-border-color has-base-2-color has-text-color has-link-color wp-elements-3a3f1737edbd6c03da7d57a877116391\" style=\"border-style:solid;border-width:1px;border-radius:100px;font-size:clamp(1.006rem, 1.006rem + ((1vw - 0.2rem) * 0.89), 1.54rem);text-transform:uppercase\"><img decoding=\"async\" width=\"39\" height=\"36\" class=\"wp-image-2449\" style=\"width: 39px;\" src=\"https:\/\/www.camping-lesjardinsdagathe.com\/wp-content\/uploads\/2026\/01\/fleur-blanche.svg\" alt=\"wei&#xDF;e Blume\"\/>Ungew\u00f6hnliche<img decoding=\"async\" width=\"12\" height=\"19\" class=\"wp-image-425\" style=\"width: 12px;\" src=\"https:\/\/www.camping-lesjardinsdagathe.com\/wp-content\/uploads\/2025\/11\/icon-fleche-btn-blanc.svg\" alt=\"icon fleche btn wei&#xDF;\"\/><\/p>\n<\/a>\n\n<a href=\"https:\/\/www.camping-lesjardinsdagathe.com\/location-emplacement-agde\/\"    class=\"cta wp-block-tiptip-hyperlink-group-block\" >\n<figure class=\"wp-block-image size-full has-custom-border\"><img decoding=\"async\" width=\"1600\" height=\"1060\" src=\"https:\/\/www.camping-lesjardinsdagathe.com\/wp-content\/uploads\/2026\/01\/camping-avec-emplacement-tente-cap-dagde.jpg\" alt=\"Campingplatz mit Campingplatz mit Zeltplatz cap dagde\" class=\"wp-image-2428\" style=\"border-top-left-radius:200px;border-top-right-radius:200px;border-bottom-left-radius:60px;border-bottom-right-radius:60px\" srcset=\"https:\/\/www.camping-lesjardinsdagathe.com\/wp-content\/uploads\/2026\/01\/camping-avec-emplacement-tente-cap-dagde.jpg 1600w, https:\/\/www.camping-lesjardinsdagathe.com\/wp-content\/uploads\/2026\/01\/camping-avec-emplacement-tente-cap-dagde-300x199.jpg 300w, https:\/\/www.camping-lesjardinsdagathe.com\/wp-content\/uploads\/2026\/01\/camping-avec-emplacement-tente-cap-dagde-1024x678.jpg 1024w, https:\/\/www.camping-lesjardinsdagathe.com\/wp-content\/uploads\/2026\/01\/camping-avec-emplacement-tente-cap-dagde-768x509.jpg 768w, https:\/\/www.camping-lesjardinsdagathe.com\/wp-content\/uploads\/2026\/01\/camping-avec-emplacement-tente-cap-dagde-1536x1018.jpg 1536w\" sizes=\"(max-width: 1600px) 100vw, 1600px\" \/><\/figure>\n\n<p class=\"is-style-outline btn-1 cta-title has-border-color has-base-2-border-color has-base-2-color has-text-color has-link-color wp-elements-12ebf12de7f42db8194865fa9f76f6b4\" style=\"border-style:solid;border-width:1px;border-radius:100px;font-size:clamp(1.006rem, 1.006rem + ((1vw - 0.2rem) * 0.89), 1.54rem);text-transform:uppercase\"><img decoding=\"async\" width=\"39\" height=\"36\" class=\"wp-image-2449\" style=\"width: 39px;\" src=\"https:\/\/www.camping-lesjardinsdagathe.com\/wp-content\/uploads\/2026\/01\/fleur-blanche.svg\" alt=\"wei&#xDF;e Blume\"\/>Die Campingpl\u00e4tze<img decoding=\"async\" width=\"12\" height=\"19\" class=\"wp-image-425\" style=\"width: 12px;\" src=\"https:\/\/www.camping-lesjardinsdagathe.com\/wp-content\/uploads\/2025\/11\/icon-fleche-btn-blanc.svg\" alt=\"icon fleche btn wei&#xDF;\"\/><\/p>\n<\/a><\/div>\n\n\n\n<div class=\"wp-block-group big-title is-vertical is-content-justification-center is-layout-flex wp-container-core-group-is-layout-ce155fab wp-block-group-is-layout-flex\">\n<p class=\"has-text-align-center has-custom-color-4-color has-text-color has-link-color has-chanticleer-font-family wp-elements-d75d4e0a75cb6589f96c6d42745d1afb\" style=\"margin-top:2rem;font-size:clamp(75.53px, 4.721rem + ((1vw - 3.2px) * 9.841), 170px);font-style:normal;font-weight:400;line-height:1;text-transform:uppercase\">S\u00fc\u00dfe Tr\u00e4ume<\/p>\n<\/div>\n<\/div>\n<\/div>\n\n\n\n<div class=\"wp-block-columns are-vertically-aligned-center content is-layout-flex wp-container-core-columns-is-layout-44dfee6c wp-block-columns-is-layout-flex\" style=\"padding-top:6rem;padding-right:10rem;padding-bottom:6rem;padding-left:10rem\">\n<div class=\"wp-block-column is-vertically-aligned-center left is-layout-flow wp-block-column-is-layout-flow\" style=\"padding-right:0px;padding-left:0px;flex-basis:50%\">\n<figure class=\"wp-block-image size-large\"><img decoding=\"async\" width=\"1024\" height=\"768\" src=\"https:\/\/www.camping-lesjardinsdagathe.com\/wp-content\/uploads\/2026\/01\/camping-avec-hebergement-climatise-herault-1024x768.png\" alt=\"campingplatz mit klimatisierter unterkunft herault\" class=\"wp-image-2173\" srcset=\"https:\/\/www.camping-lesjardinsdagathe.com\/wp-content\/uploads\/2026\/01\/camping-avec-hebergement-climatise-herault-1024x768.png 1024w, https:\/\/www.camping-lesjardinsdagathe.com\/wp-content\/uploads\/2026\/01\/camping-avec-hebergement-climatise-herault-300x225.png 300w, https:\/\/www.camping-lesjardinsdagathe.com\/wp-content\/uploads\/2026\/01\/camping-avec-hebergement-climatise-herault-768x576.png 768w, https:\/\/www.camping-lesjardinsdagathe.com\/wp-content\/uploads\/2026\/01\/camping-avec-hebergement-climatise-herault.png 1078w\" sizes=\"(max-width: 1024px) 100vw, 1024px\" \/><\/figure>\n\n\n\n<p class=\"has-text-align-center text-deco has-custom-color-1-color has-text-color has-link-color wp-elements-a2d561f9522d0b335a60a7f38059fa0e\" style=\"font-size:clamp(22.544px, 1.409rem + ((1vw - 3.2px) * 1.506), 37px);font-style:normal;font-weight:300;line-height:1;text-transform:uppercase\">Stellen Sie Ihre Sachen ab und <br\/><strong>machen Sie es sich bei <\/strong><br\/>gem\u00fctlich<\/p>\n<\/div>\n\n\n\n<div class=\"wp-block-column is-vertically-aligned-center right is-layout-flow wp-block-column-is-layout-flow\" style=\"flex-basis:50%\">\n<h2 class=\"wp-block-heading\"><strong>Klimatisierte und ungew\u00f6hnliche Unterk\u00fcnfte<\/strong> in Cap d&#8217;Agde zu mieten<\/h2>\n\n\n\n<p>F\u00fcr jeden Geschmack und f\u00fcr jeden Aufenthalt bieten wir Ihnen verschiedene Unterk\u00fcnfte an: <strong>klimatisierte Mobilheime<\/strong>, nackte Campingpl\u00e4tze und <a href=\"https:\/\/www.camping-lesjardinsdagathe.com\/de\/vermietung-mobilheim-agde\/#insolites\" data-type=\"link\" data-id=\"https:\/\/www.camping-lesjardinsdagathe.com\/location-mobil-home-agde\/#insolites\">ungew\u00f6hnliche Mietunterk\u00fcnfte im Herzen des H\u00e9rault<\/a>. Alles, was Sie f\u00fcr Ihren Aufenthalt ben\u00f6tigen, ist vorhanden: Wasser, Strom und Sanit\u00e4ranlagen f\u00fcr die nackten Campingpl\u00e4tze, ausgestattete K\u00fcche, Terrasse und Klimaanlage in unseren <a href=\"https:\/\/www.camping-lesjardinsdagathe.com\/de\/vermietung-mobilheim-agde\/\" data-type=\"page\" data-id=\"9\">Mobilheimen in Cap d&#8217;Agde<\/a>, Markise, Grill und Gartenm\u00f6bel in unserem ungew\u00f6hnlichen Zelt. Sie m\u00fcssen sich nur noch entscheiden, wo Sie auf unserem Campingplatz im H\u00e9rault \u00fcbernachten m\u00f6chten! Ob Sie nun den <strong>Komfort<\/strong> eines Mobilheims, den Charme eines Campingplatzes <a href=\"https:\/\/www.camping-lesjardinsdagathe.com\/de\/vermietung-campingplatze-agde\/\" data-type=\"page\" data-id=\"12\">in Cap d&#8217;Agde<\/a> oder das <strong>Untypische eines Zeltes<\/strong> bevorzugen, wir haben die richtige Unterkunft f\u00fcr Sie. Mieten Sie einen <strong>halbschattigen<\/strong> <a href=\"https:\/\/www.camping-lesjardinsdagathe.com\/de\/guenstiger-campingplatz-agde\/\" data-type=\"page\" data-id=\"13\">Campingplatz<\/a>, ein Mobilheim mit allem Komfort oder ein <strong>atypisches Zelt Coco sweet <\/strong>und genie\u00dfen Sie die besten Bedingungen auf einem preisg\u00fcnstigen Campingplatz im Departement H\u00e9rault.    <\/p>\n\n\n\n<p>M\u00f6chten Sie <strong>Bewohner<\/strong> unseres Campingplatzes in Cap d&#8217;Agde <strong>werden<\/strong>? Entdecken Sie unsere Mobilheime zum Verkauf im Departement H\u00e9rault (Eigent\u00fcmer werden)! <\/p>\n\n\n\n<p>Les Jardins d&#8217;Agathe ist f\u00fcr Bewohner von <strong>Mitte M\u00e4rz bis Anfang November <\/strong>ge\u00f6ffnet. Und f\u00fcr Vermietungen von <strong>Mitte April bis Anfang Oktober<\/strong>.<\/p>\n\n\n\n<div class=\"wp-block-buttons is-layout-flex wp-block-buttons-is-layout-flex\" style=\"margin-top:3rem\">\n<div class=\"wp-block-button is-style-outline btn-1 is-style-outline--2\"><a class=\"wp-block-button__link has-custom-color-1-color has-text-color has-link-color has-custom-font-size wp-element-button\" href=\"https:\/\/www.camping-lesjardinsdagathe.com\/de\/guenstiger-campingplatz-agde\/\" style=\"border-radius:100px;font-size:clamp(1.006rem, 1.006rem + ((1vw - 0.2rem) * 0.89), 1.54rem);text-transform:uppercase\"><img decoding=\"async\" width=\"39\" height=\"36\" class=\"wp-image-2011\" style=\"width: 39px;\" src=\"https:\/\/www.camping-lesjardinsdagathe.com\/wp-content\/uploads\/2026\/01\/fleur.svg\" alt=\"Blume\"\/>unsere Preise<img decoding=\"async\" width=\"19\" height=\"19\" class=\"wp-image-2006\" style=\"width: 19px;\" src=\"https:\/\/www.camping-lesjardinsdagathe.com\/wp-content\/uploads\/2026\/01\/angle-de-la-fleche-droite.svg\" alt=\"Winkel des rechten Pfeils\"\/><\/a><\/div>\n<\/div>\n<\/div>\n<\/div>\n<\/section>\n\n<section class=\"wp-block-group section-4 has-custom-color-4-background-color has-background has-global-padding is-layout-constrained wp-container-core-group-is-layout-458be70e wp-block-group-is-layout-constrained\" style=\"margin-top:0px;margin-bottom:0px;padding-top:4rem;padding-right:0px;padding-bottom:4rem;padding-left:0px\">\n<p class=\"has-text-align-center big-title has-base-2-color has-text-color has-link-color has-chanticleer-font-family wp-elements-28d7b6788ec9dd3a2009fd1ba5ab6180\" style=\"font-size:clamp(48.588px, 3.037rem + ((1vw - 3.2px) * 4.939), 96px);font-style:normal;font-weight:400;line-height:1;text-transform:uppercase\">Freude<\/p>\n\n\n\n<div class=\"wp-block-columns are-vertically-aligned-center is-layout-flex wp-container-core-columns-is-layout-a579c14a wp-block-columns-is-layout-flex\" style=\"padding-right:0px;padding-left:0px\">\n<div class=\"wp-block-column is-vertically-aligned-center left is-layout-flow wp-block-column-is-layout-flow\" style=\"padding-right:5rem;padding-left:10rem;flex-basis:50%\">\n<h2 class=\"wp-block-heading\" style=\"margin-top:6.5rem;margin-bottom:2rem\">Campingplatz in <br\/>l&#8217;H\u00e9rault mit <br\/><strong>Animationen und <\/strong><br\/><strong>mit Sternen ausgezeichnete Dienstleistungen<\/strong><\/h2>\n\n\n\n<p>Bleiben Sie mit Ihrer Familie oder mit Freunden auf unserem ruhigen Familiencampingplatz und genie\u00dfen Sie den <a href=\"https:\/\/www.camping-lesjardinsdagathe.com\/de\/familiencampingplatz-agde\/\" data-type=\"page\" data-id=\"1894\">4-Sterne-Service in Cap d&#8217;Agde<\/a> und die <strong>vielen Einrichtungen<\/strong> f\u00fcr Gro\u00df und Klein: <strong>Snackbar<\/strong>, <strong>Vermietung von Fahrr\u00e4dern<\/strong>, <strong>Schwimmbad<\/strong>, <strong>Wasserrutsche<\/strong>, <strong>Animation im Sommer<\/strong>, etc.  <\/p>\n\n\n\n<p>W\u00e4hrend der Saison bietet unser <a href=\"https:\/\/www.camping-lesjardinsdagathe.com\/de\/campingplatz-animationen-agde\/\" data-type=\"page\" data-id=\"7\">lebhafter Campingplatz im H\u00e9rault<\/a> regelm\u00e4\u00dfig Animationen und <strong>Themenabende<\/strong> an: Treffen Sie sich zu einer Paella oder einem Grillabend und verbringen Sie den Abend mit Musik bei unseren Karaoke-Abenden.<\/p>\n\n\n\n<p>Wir organisieren auch Petanque-Wettk\u00e4mpfe, Rennen mit dem Riesenkarussell, Go-Kart-Fahrten&#8230; zur Freude von Gro\u00df und Klein!<\/p>\n\n\n\n<div class=\"wp-block-buttons is-layout-flex wp-container-core-buttons-is-layout-86e195be wp-block-buttons-is-layout-flex\" style=\"margin-top:3rem\">\n<div class=\"wp-block-button is-style-outline btn-1 is-style-outline--3\"><a class=\"wp-block-button__link has-custom-color-1-color has-text-color has-link-color has-custom-font-size wp-element-button\" href=\"https:\/\/www.camping-lesjardinsdagathe.com\/de\/campingplatz-animationen-agde\/\" style=\"border-radius:100px;font-size:clamp(1.006rem, 1.006rem + ((1vw - 0.2rem) * 0.89), 1.54rem);text-transform:uppercase\"><img decoding=\"async\" width=\"39\" height=\"36\" class=\"wp-image-2011\" style=\"width: 39px;\" src=\"https:\/\/www.camping-lesjardinsdagathe.com\/wp-content\/uploads\/2026\/01\/fleur.svg\" alt=\"Blume\"\/>Animationen &amp; Aktivit\u00e4ten<img decoding=\"async\" width=\"19\" height=\"19\" class=\"wp-image-2006\" style=\"width: 19px;\" src=\"https:\/\/www.camping-lesjardinsdagathe.com\/wp-content\/uploads\/2026\/01\/angle-de-la-fleche-droite.svg\" alt=\"Winkel des rechten Pfeils\"\/><\/a><\/div>\n\n\n\n<div class=\"wp-block-button is-style-outline btn-1 is-style-outline--4\"><a class=\"wp-block-button__link has-custom-color-1-color has-text-color has-link-color has-custom-font-size wp-element-button\" href=\"https:\/\/www.camping-lesjardinsdagathe.com\/de\/familiencampingplatz-agde\/\" style=\"border-radius:100px;font-size:clamp(1.006rem, 1.006rem + ((1vw - 0.2rem) * 0.89), 1.54rem);text-transform:uppercase\"><img decoding=\"async\" width=\"39\" height=\"36\" class=\"wp-image-2011\" style=\"width: 39px;\" src=\"https:\/\/www.camping-lesjardinsdagathe.com\/wp-content\/uploads\/2026\/01\/fleur.svg\" alt=\"Blume\"\/>Dienstleistungen &amp; Snackbar<img decoding=\"async\" width=\"19\" height=\"19\" class=\"wp-image-2006\" style=\"width: 19px;\" src=\"https:\/\/www.camping-lesjardinsdagathe.com\/wp-content\/uploads\/2026\/01\/angle-de-la-fleche-droite.svg\" alt=\"Winkel des rechten Pfeils\"\/><\/a><\/div>\n<\/div>\n<\/div>\n\n\n\n<div class=\"wp-block-column is-vertically-aligned-center right is-layout-flow wp-block-column-is-layout-flow\" style=\"flex-basis:50%\">\n<div data-swiper=\"{&quot;speed&quot;:400,&quot;spaceBetween&quot;:16,&quot;slidesPerView&quot;:1,&quot;createElements&quot;:true,&quot;loop&quot;:true,&quot;freemode&quot;:true,&quot;navigation&quot;:{&quot;nextEl&quot;:&quot;buttonNext&quot;,&quot;prevEl&quot;:&quot;buttonPrev&quot;},&quot;pagination&quot;:{&quot;el&quot;:&quot;.swiper-pagination&quot;,&quot;dynamicBullets&quot;:true},&quot;breakpoints&quot;:[{&quot;slidesPerView&quot;:1}],&quot;effect&quot;:&quot;fade&quot;}\" class=\"wp-block-group gt-is-slider gt-is-slider-desktop has-global-padding is-layout-constrained wp-block-group-is-layout-constrained\">\n<figure class=\"wp-block-image size-full has-custom-border\"><img decoding=\"async\" width=\"889\" height=\"900\" src=\"https:\/\/www.camping-lesjardinsdagathe.com\/wp-content\/uploads\/2026\/01\/camping-herault-avec-animations-et-services.jpg\" alt=\"campingplatz herault mit animationen und dienstleistungen\" class=\"wp-image-2034\" style=\"border-top-left-radius:200px;aspect-ratio:1;object-fit:cover\" srcset=\"https:\/\/www.camping-lesjardinsdagathe.com\/wp-content\/uploads\/2026\/01\/camping-herault-avec-animations-et-services.jpg 889w, https:\/\/www.camping-lesjardinsdagathe.com\/wp-content\/uploads\/2026\/01\/camping-herault-avec-animations-et-services-296x300.jpg 296w, https:\/\/www.camping-lesjardinsdagathe.com\/wp-content\/uploads\/2026\/01\/camping-herault-avec-animations-et-services-768x778.jpg 768w\" sizes=\"(max-width: 889px) 100vw, 889px\" \/><\/figure>\n\n\n\n<figure class=\"wp-block-image size-full has-custom-border\"><img decoding=\"async\" width=\"893\" height=\"900\" src=\"https:\/\/www.camping-lesjardinsdagathe.com\/wp-content\/uploads\/2026\/01\/camping-herault-avec-soirees.jpg\" alt=\"campingplatz herault mit partys\" class=\"wp-image-2039\" style=\"border-top-left-radius:200px;aspect-ratio:1;object-fit:cover\" srcset=\"https:\/\/www.camping-lesjardinsdagathe.com\/wp-content\/uploads\/2026\/01\/camping-herault-avec-soirees.jpg 893w, https:\/\/www.camping-lesjardinsdagathe.com\/wp-content\/uploads\/2026\/01\/camping-herault-avec-soirees-298x300.jpg 298w, https:\/\/www.camping-lesjardinsdagathe.com\/wp-content\/uploads\/2026\/01\/camping-herault-avec-soirees-150x150.jpg 150w, https:\/\/www.camping-lesjardinsdagathe.com\/wp-content\/uploads\/2026\/01\/camping-herault-avec-soirees-768x774.jpg 768w\" sizes=\"(max-width: 893px) 100vw, 893px\" \/><\/figure>\n\n\n\n<figure class=\"wp-block-image size-full has-custom-border\"><img decoding=\"async\" width=\"886\" height=\"900\" src=\"https:\/\/www.camping-lesjardinsdagathe.com\/wp-content\/uploads\/2026\/01\/camping-herault-avec-animations.jpg\" alt=\"Campingplatz Herault mit Animationen\" class=\"wp-image-2029\" style=\"border-top-left-radius:200px;aspect-ratio:1;object-fit:cover\" srcset=\"https:\/\/www.camping-lesjardinsdagathe.com\/wp-content\/uploads\/2026\/01\/camping-herault-avec-animations.jpg 886w, https:\/\/www.camping-lesjardinsdagathe.com\/wp-content\/uploads\/2026\/01\/camping-herault-avec-animations-295x300.jpg 295w, https:\/\/www.camping-lesjardinsdagathe.com\/wp-content\/uploads\/2026\/01\/camping-herault-avec-animations-768x780.jpg 768w\" sizes=\"(max-width: 886px) 100vw, 886px\" \/><\/figure>\n\n\n\n<figure class=\"wp-block-image size-full has-custom-border\"><img decoding=\"async\" width=\"899\" height=\"900\" src=\"https:\/\/www.camping-lesjardinsdagathe.com\/wp-content\/uploads\/2026\/01\/camping-herault-avec-activites-enfants.jpg\" alt=\"campingplatz herault mit aktivit&#xE4;ten f&#xFC;r kinder\" class=\"wp-image-2024\" style=\"border-top-left-radius:200px;aspect-ratio:1;object-fit:cover\" srcset=\"https:\/\/www.camping-lesjardinsdagathe.com\/wp-content\/uploads\/2026\/01\/camping-herault-avec-activites-enfants.jpg 899w, https:\/\/www.camping-lesjardinsdagathe.com\/wp-content\/uploads\/2026\/01\/camping-herault-avec-activites-enfants-300x300.jpg 300w, https:\/\/www.camping-lesjardinsdagathe.com\/wp-content\/uploads\/2026\/01\/camping-herault-avec-activites-enfants-150x150.jpg 150w, https:\/\/www.camping-lesjardinsdagathe.com\/wp-content\/uploads\/2026\/01\/camping-herault-avec-activites-enfants-768x769.jpg 768w\" sizes=\"(max-width: 899px) 100vw, 899px\" \/><\/figure>\n<\/div>\n\n\n\n<div class=\"wp-block-group fake-pagination has-custom-color-4-background-color has-background is-vertical is-layout-flex wp-container-core-group-is-layout-74fd7d07 wp-block-group-is-layout-flex\" style=\"border-top-left-radius:100px;border-top-right-radius:100px;padding-top:2rem;padding-right:1em;padding-bottom:0rem;padding-left:1em\">\n<div class=\"wp-block-group bullet active has-global-padding is-layout-constrained wp-block-group-is-layout-constrained\">\n<figure class=\"wp-block-image size-full has-custom-border\"><img decoding=\"async\" width=\"889\" height=\"900\" src=\"https:\/\/www.camping-lesjardinsdagathe.com\/wp-content\/uploads\/2026\/01\/camping-herault-avec-animations-et-services.jpg\" alt=\"campingplatz herault mit animationen und dienstleistungen\" class=\"wp-image-2034\" style=\"border-radius:1000px;object-fit:cover\" srcset=\"https:\/\/www.camping-lesjardinsdagathe.com\/wp-content\/uploads\/2026\/01\/camping-herault-avec-animations-et-services.jpg 889w, https:\/\/www.camping-lesjardinsdagathe.com\/wp-content\/uploads\/2026\/01\/camping-herault-avec-animations-et-services-296x300.jpg 296w, https:\/\/www.camping-lesjardinsdagathe.com\/wp-content\/uploads\/2026\/01\/camping-herault-avec-animations-et-services-768x778.jpg 768w\" sizes=\"(max-width: 889px) 100vw, 889px\" \/><\/figure>\n<\/div>\n\n\n\n<div class=\"wp-block-group bullet has-global-padding is-layout-constrained wp-block-group-is-layout-constrained\">\n<figure class=\"wp-block-image size-full is-resized has-custom-border\"><img decoding=\"async\" width=\"893\" height=\"900\" src=\"https:\/\/www.camping-lesjardinsdagathe.com\/wp-content\/uploads\/2026\/01\/camping-herault-avec-soirees.jpg\" alt=\"campingplatz herault mit partys\" class=\"wp-image-2039\" style=\"border-radius:1000px;object-fit:cover;width:114px;height:114px\" srcset=\"https:\/\/www.camping-lesjardinsdagathe.com\/wp-content\/uploads\/2026\/01\/camping-herault-avec-soirees.jpg 893w, https:\/\/www.camping-lesjardinsdagathe.com\/wp-content\/uploads\/2026\/01\/camping-herault-avec-soirees-298x300.jpg 298w, https:\/\/www.camping-lesjardinsdagathe.com\/wp-content\/uploads\/2026\/01\/camping-herault-avec-soirees-150x150.jpg 150w, https:\/\/www.camping-lesjardinsdagathe.com\/wp-content\/uploads\/2026\/01\/camping-herault-avec-soirees-768x774.jpg 768w\" sizes=\"(max-width: 893px) 100vw, 893px\" \/><\/figure>\n<\/div>\n\n\n\n<div class=\"wp-block-group bullet has-global-padding is-layout-constrained wp-block-group-is-layout-constrained\">\n<figure class=\"wp-block-image size-full is-resized has-custom-border\"><img decoding=\"async\" width=\"886\" height=\"900\" src=\"https:\/\/www.camping-lesjardinsdagathe.com\/wp-content\/uploads\/2026\/01\/camping-herault-avec-animations.jpg\" alt=\"Campingplatz Herault mit Animationen\" class=\"wp-image-2029\" style=\"border-radius:1000px;object-fit:cover;width:114px;height:114px\" srcset=\"https:\/\/www.camping-lesjardinsdagathe.com\/wp-content\/uploads\/2026\/01\/camping-herault-avec-animations.jpg 886w, https:\/\/www.camping-lesjardinsdagathe.com\/wp-content\/uploads\/2026\/01\/camping-herault-avec-animations-295x300.jpg 295w, https:\/\/www.camping-lesjardinsdagathe.com\/wp-content\/uploads\/2026\/01\/camping-herault-avec-animations-768x780.jpg 768w\" sizes=\"(max-width: 886px) 100vw, 886px\" \/><\/figure>\n<\/div>\n\n\n\n<div class=\"wp-block-group bullet has-global-padding is-layout-constrained wp-block-group-is-layout-constrained\">\n<figure class=\"wp-block-image size-full is-resized has-custom-border\"><img decoding=\"async\" width=\"899\" height=\"900\" src=\"https:\/\/www.camping-lesjardinsdagathe.com\/wp-content\/uploads\/2026\/01\/camping-herault-avec-activites-enfants.jpg\" alt=\"campingplatz herault mit aktivit&#xE4;ten f&#xFC;r kinder\" class=\"wp-image-2024\" style=\"border-radius:1000px;object-fit:cover;width:114px;height:114px\" srcset=\"https:\/\/www.camping-lesjardinsdagathe.com\/wp-content\/uploads\/2026\/01\/camping-herault-avec-activites-enfants.jpg 899w, https:\/\/www.camping-lesjardinsdagathe.com\/wp-content\/uploads\/2026\/01\/camping-herault-avec-activites-enfants-300x300.jpg 300w, https:\/\/www.camping-lesjardinsdagathe.com\/wp-content\/uploads\/2026\/01\/camping-herault-avec-activites-enfants-150x150.jpg 150w, https:\/\/www.camping-lesjardinsdagathe.com\/wp-content\/uploads\/2026\/01\/camping-herault-avec-activites-enfants-768x769.jpg 768w\" sizes=\"(max-width: 899px) 100vw, 899px\" \/><\/figure>\n<\/div>\n<\/div>\n<\/div>\n<\/div>\n\n\n\n<div class=\"wp-block-group list-icons is-horizontal is-nowrap is-layout-flex wp-container-core-group-is-layout-4e2e698d wp-block-group-is-layout-flex\" style=\"padding-top:6rem;padding-right:10rem;padding-left:10rem\">\n<div class=\"wp-block-group card-txt has-global-padding is-content-justification-left is-layout-constrained wp-container-core-group-is-layout-17dd1b49 wp-block-group-is-layout-constrained\">\n<p class=\"has-text-align-left has-custom-color-2-color has-text-color has-link-color wp-elements-5fa27a4da9ac3ad78c524883c321ee95\" style=\"font-size:clamp(1.743rem, 1.743rem + ((1vw - 0.2rem) * 2.095), 3rem);font-style:normal;font-weight:400;line-height:1;text-transform:uppercase\">Unser Unterschied?  <br\/><strong>Diese kleinen Extras&#8230;<\/strong><\/p>\n<\/div>\n\n\n\n<div class=\"wp-block-group card-icon has-global-padding is-content-justification-left is-layout-constrained wp-container-core-group-is-layout-45306978 wp-block-group-is-layout-constrained\" style=\"padding-top:2rem;padding-right:2rem;padding-bottom:2rem;padding-left:2rem\">\n<div class=\"wp-block-group icon has-border-color has-custom-color-3-border-color has-base-2-background-color has-background has-global-padding is-layout-constrained wp-block-group-is-layout-constrained\" style=\"border-width:1px;border-radius:100px\">\n<figure class=\"wp-block-image size-large is-resized\"><img decoding=\"async\" width=\"88\" height=\"88\" src=\"https:\/\/www.camping-lesjardinsdagathe.com\/wp-content\/uploads\/2026\/01\/services-4etoiles.svg\" alt=\"4etoiles-Dienstleistungen\" class=\"wp-image-2203\" style=\"object-fit:contain;width:69px;height:69px\"\/><\/figure>\n<\/div>\n\n\n\n<p class=\"has-custom-color-2-color has-text-color has-link-color wp-elements-ace6e4ecdd8be03f4d10d02d6a5872fa\" style=\"font-size:clamp(17.371px, 1.086rem + ((1vw - 3.2px) * 1.003), 27px);font-style:normal;font-weight:300;text-transform:uppercase\">4-Sterne-Service<br\/><\/p>\n\n\n\n<p style=\"font-style:normal;font-weight:300\">Wir setzen auf Gastfreundschaft, um Ihnen einen guten Start in Ihren Urlaub zu erm\u00f6glichen.<\/p>\n<\/div>\n\n\n\n<div class=\"wp-block-group card-icon has-global-padding is-content-justification-left is-layout-constrained wp-container-core-group-is-layout-45306978 wp-block-group-is-layout-constrained\" style=\"border-left-color:var(--wp--preset--color--custom-color-3);border-left-width:1px;padding-top:2rem;padding-right:2rem;padding-bottom:2rem;padding-left:2rem\">\n<div class=\"wp-block-group icon has-border-color has-custom-color-3-border-color has-base-2-background-color has-background has-global-padding is-layout-constrained wp-block-group-is-layout-constrained\" style=\"border-width:1px;border-radius:100px\">\n<figure class=\"wp-block-image size-large is-resized\"><img decoding=\"async\" width=\"43\" height=\"67\" src=\"https:\/\/www.camping-lesjardinsdagathe.com\/wp-content\/uploads\/2026\/01\/snack.svg\" alt=\"Snack\" class=\"wp-image-2208\" style=\"object-fit:contain;width:69px;height:69px\"\/><\/figure>\n<\/div>\n\n\n\n<p class=\"has-custom-color-2-color has-text-color has-link-color wp-elements-41aae51e0046ca10cdf08c7121347e19\" style=\"font-size:clamp(17.371px, 1.086rem + ((1vw - 3.2px) * 1.003), 27px);font-style:normal;font-weight:300;text-transform:uppercase\">Snackbar<br\/>vor Ort<\/p>\n\n\n\n<p style=\"font-style:normal;font-weight:300\">WIFI, W\u00e4scherei, Vermietung von Babysets oder K\u00fchlschr\u00e4nken&#8230;<\/p>\n<\/div>\n\n\n\n<div class=\"wp-block-group card-icon has-global-padding is-content-justification-left is-layout-constrained wp-container-core-group-is-layout-45306978 wp-block-group-is-layout-constrained\" style=\"border-left-color:var(--wp--preset--color--custom-color-3);border-left-width:1px;padding-top:2rem;padding-right:2rem;padding-bottom:2rem;padding-left:2rem\">\n<div class=\"wp-block-group icon has-border-color has-custom-color-3-border-color has-base-2-background-color has-background has-global-padding is-layout-constrained wp-block-group-is-layout-constrained\" style=\"border-width:1px;border-radius:100px\">\n<figure class=\"wp-block-image size-large is-resized\"><img decoding=\"async\" width=\"70\" height=\"54\" src=\"https:\/\/www.camping-lesjardinsdagathe.com\/wp-content\/uploads\/2026\/01\/velo.svg\" alt=\"Fahrrad\" class=\"wp-image-2213\" style=\"object-fit:contain;width:69px;height:69px\"\/><\/figure>\n<\/div>\n\n\n\n<p class=\"has-custom-color-2-color has-text-color has-link-color wp-elements-77c338c2de5a939a87f08c64f582d2fb\" style=\"font-size:clamp(17.371px, 1.086rem + ((1vw - 3.2px) * 1.003), 27px);font-style:normal;font-weight:300;text-transform:uppercase\">Vermietung<br\/>von Fahrr\u00e4dern<\/p>\n\n\n\n<p style=\"font-style:normal;font-weight:300\">Brotverkauf, Lebensmittelgesch\u00e4ft, Snackbar, ideal f\u00fcr einen praktischen Urlaub!<\/p>\n<\/div>\n\n\n\n<div class=\"wp-block-group card-icon has-global-padding is-content-justification-left is-layout-constrained wp-container-core-group-is-layout-45306978 wp-block-group-is-layout-constrained\" style=\"border-left-color:var(--wp--preset--color--custom-color-3);border-left-width:1px;padding-top:2rem;padding-right:2rem;padding-bottom:2rem;padding-left:2rem\">\n<div class=\"wp-block-group icon has-border-color has-custom-color-3-border-color has-base-2-background-color has-background has-global-padding is-layout-constrained wp-block-group-is-layout-constrained\" style=\"border-width:1px;border-radius:100px\">\n<figure class=\"wp-block-image size-large is-resized\"><img decoding=\"async\" width=\"62\" height=\"62\" src=\"https:\/\/www.camping-lesjardinsdagathe.com\/wp-content\/uploads\/2026\/01\/club-enfants.svg\" alt=\"Kinderclub\" class=\"wp-image-2218\" style=\"object-fit:contain;width:69px;height:69px\"\/><\/figure>\n<\/div>\n\n\n\n<p class=\"has-custom-color-2-color has-text-color has-link-color wp-elements-e07ec96ed70f24309205cc3c512f3a1a\" style=\"font-size:clamp(17.371px, 1.086rem + ((1vw - 3.2px) * 1.003), 27px);font-style:normal;font-weight:300;text-transform:uppercase\">Club<br\/>Kinder<\/p>\n\n\n\n<p style=\"font-style:normal;font-weight:300\">Wir setzen auf Gastfreundschaft, um Ihnen einen guten Start in Ihren Urlaub zu erm\u00f6glichen.<\/p>\n<\/div>\n<\/div>\n<\/section>\n\n<section class=\"wp-block-group section-2 has-base-2-background-color has-background has-global-padding is-layout-constrained wp-container-core-group-is-layout-ed0d3ee8 wp-block-group-is-layout-constrained\" style=\"margin-top:0px;margin-bottom:0px;padding-right:0px;padding-left:0px\">\n<div class=\"wp-block-cover is-light gt-multiple-images-cover has-slider\" style=\"padding-bottom:5rem;min-height:100vh;aspect-ratio:unset;\" data-image-ids=\"[2114,2019,2044,2049]\"><div class=\"gt-is-slider swiper-container\" data-swiper=\"{&quot;speed&quot;:1000,&quot;autoplay&quot;:{&quot;delay&quot;:5000,&quot;disableOnInteraction&quot;:false},&quot;spaceBetween&quot;:0,&quot;slidesPerView&quot;:1,&quot;pagination&quot;:{&quot;el&quot;:&quot;.swiper-pagination&quot;,&quot;dynamicBullets&quot;:true,&quot;clickable&quot;:true,&quot;type&quot;:&quot;bullets&quot;},&quot;navigation&quot;:{&quot;nextEl&quot;:&quot;.swiper-button-next&quot;,&quot;prevEl&quot;:&quot;.swiper-button-prev&quot;},&quot;breakpoints&quot;:[{&quot;slidesPerView&quot;:1}],&quot;effect&quot;:&quot;fade&quot;}\"><div class=\"swiper-wrapper\"><div class=\"swiper-slide\"><img decoding=\"async\" src=\"https:\/\/www.camping-lesjardinsdagathe.com\/wp-content\/uploads\/2026\/01\/camping-herault-au-cap-dagde.jpg\" alt=\"camping herault au cap dagde\" class=\"gt-cover-image\" \/><\/div><div class=\"swiper-slide\"><img decoding=\"async\" src=\"https:\/\/www.camping-lesjardinsdagathe.com\/wp-content\/uploads\/2026\/01\/camping-herault-au-cap-dagde-en-bord-de-plage.jpg\" alt=\"camping herault au cap dagde en bord de plage\" class=\"gt-cover-image\" \/><\/div><div class=\"swiper-slide\"><img decoding=\"async\" src=\"https:\/\/www.camping-lesjardinsdagathe.com\/wp-content\/uploads\/2026\/01\/camping-herault-en-bord-de-mer.jpg\" alt=\"camping herault en bord de mer\" class=\"gt-cover-image\" \/><\/div><div class=\"swiper-slide\"><img decoding=\"async\" src=\"https:\/\/www.camping-lesjardinsdagathe.com\/wp-content\/uploads\/2026\/01\/camping-herault-en-bord-de-plage.jpg\" alt=\"camping herault en bord de plage\" class=\"gt-cover-image\" \/><\/div><\/div><\/div><span aria-hidden=\"true\" class=\"wp-block-cover__background has-contrast-background-color has-background-dim-20 has-background-dim\"><\/span><div class=\"wp-block-cover__inner-container has-global-padding is-layout-constrained wp-container-core-cover-is-layout-5d8960c0 wp-block-cover-is-layout-constrained\">\n<div class=\"wp-block-group fake-pagination is-horizontal is-nowrap is-layout-flex wp-container-core-group-is-layout-263b45c2 wp-block-group-is-layout-flex\" style=\"border-top-left-radius:100px;border-top-right-radius:100px;padding-top:0rem;padding-right:0em;padding-bottom:8rem;padding-left:0em\">\n<div class=\"wp-block-group bullet active has-border-color has-global-padding is-layout-constrained wp-block-group-is-layout-constrained\" style=\"border-color:#ffffff;border-width:2px;border-top-left-radius:30px;border-top-right-radius:30px;border-bottom-left-radius:30px;border-bottom-right-radius:30px\">\n<figure class=\"wp-block-image size-full is-resized has-custom-border\"><img decoding=\"async\" width=\"1920\" height=\"970\" src=\"https:\/\/www.camping-lesjardinsdagathe.com\/wp-content\/uploads\/2026\/01\/camping-herault-au-cap-dagde.jpg\" alt=\"camping herault au cap dagde\" class=\"wp-image-2114\" style=\"border-top-left-radius:30px;border-top-right-radius:30px;border-bottom-left-radius:30px;border-bottom-right-radius:30px;object-fit:cover;width:111px;height:111px\" srcset=\"https:\/\/www.camping-lesjardinsdagathe.com\/wp-content\/uploads\/2026\/01\/camping-herault-au-cap-dagde.jpg 1920w, https:\/\/www.camping-lesjardinsdagathe.com\/wp-content\/uploads\/2026\/01\/camping-herault-au-cap-dagde-300x152.jpg 300w, https:\/\/www.camping-lesjardinsdagathe.com\/wp-content\/uploads\/2026\/01\/camping-herault-au-cap-dagde-1024x517.jpg 1024w, https:\/\/www.camping-lesjardinsdagathe.com\/wp-content\/uploads\/2026\/01\/camping-herault-au-cap-dagde-768x388.jpg 768w, https:\/\/www.camping-lesjardinsdagathe.com\/wp-content\/uploads\/2026\/01\/camping-herault-au-cap-dagde-1536x776.jpg 1536w\" sizes=\"(max-width: 1920px) 100vw, 1920px\" \/><\/figure>\n<\/div>\n\n\n\n<div class=\"wp-block-group bullet active has-border-color has-global-padding is-layout-constrained wp-block-group-is-layout-constrained\" style=\"border-color:#ffffff;border-width:2px;border-top-left-radius:30px;border-top-right-radius:30px;border-bottom-left-radius:30px;border-bottom-right-radius:30px\">\n<figure class=\"wp-block-image size-full is-resized has-custom-border\"><img decoding=\"async\" width=\"1621\" height=\"1081\" src=\"https:\/\/www.camping-lesjardinsdagathe.com\/wp-content\/uploads\/2026\/01\/camping-herault-au-cap-dagde-en-bord-de-plage.jpg\" alt=\"campingplatz herault in cap dagde direkt am strand\" class=\"wp-image-2019\" style=\"border-top-left-radius:30px;border-top-right-radius:30px;border-bottom-left-radius:30px;border-bottom-right-radius:30px;object-fit:cover;width:111px;height:111px\" srcset=\"https:\/\/www.camping-lesjardinsdagathe.com\/wp-content\/uploads\/2026\/01\/camping-herault-au-cap-dagde-en-bord-de-plage.jpg 1621w, https:\/\/www.camping-lesjardinsdagathe.com\/wp-content\/uploads\/2026\/01\/camping-herault-au-cap-dagde-en-bord-de-plage-300x200.jpg 300w, https:\/\/www.camping-lesjardinsdagathe.com\/wp-content\/uploads\/2026\/01\/camping-herault-au-cap-dagde-en-bord-de-plage-1024x683.jpg 1024w, https:\/\/www.camping-lesjardinsdagathe.com\/wp-content\/uploads\/2026\/01\/camping-herault-au-cap-dagde-en-bord-de-plage-768x512.jpg 768w, https:\/\/www.camping-lesjardinsdagathe.com\/wp-content\/uploads\/2026\/01\/camping-herault-au-cap-dagde-en-bord-de-plage-1536x1024.jpg 1536w\" sizes=\"(max-width: 1621px) 100vw, 1621px\" \/><\/figure>\n<\/div>\n\n\n\n<div class=\"wp-block-group bullet active has-border-color has-global-padding is-layout-constrained wp-block-group-is-layout-constrained\" style=\"border-color:#ffffff;border-width:2px;border-top-left-radius:30px;border-top-right-radius:30px;border-bottom-left-radius:30px;border-bottom-right-radius:30px\">\n<figure class=\"wp-block-image size-full is-resized has-custom-border\"><img decoding=\"async\" width=\"1920\" height=\"933\" src=\"https:\/\/www.camping-lesjardinsdagathe.com\/wp-content\/uploads\/2026\/01\/camping-herault-en-bord-de-mer.jpg\" alt=\"Campingplatz Herault am Meer\" class=\"wp-image-2044\" style=\"border-top-left-radius:30px;border-top-right-radius:30px;border-bottom-left-radius:30px;border-bottom-right-radius:30px;object-fit:cover;width:111px;height:111px\" srcset=\"https:\/\/www.camping-lesjardinsdagathe.com\/wp-content\/uploads\/2026\/01\/camping-herault-en-bord-de-mer.jpg 1920w, https:\/\/www.camping-lesjardinsdagathe.com\/wp-content\/uploads\/2026\/01\/camping-herault-en-bord-de-mer-300x146.jpg 300w, https:\/\/www.camping-lesjardinsdagathe.com\/wp-content\/uploads\/2026\/01\/camping-herault-en-bord-de-mer-1024x498.jpg 1024w, https:\/\/www.camping-lesjardinsdagathe.com\/wp-content\/uploads\/2026\/01\/camping-herault-en-bord-de-mer-768x373.jpg 768w, https:\/\/www.camping-lesjardinsdagathe.com\/wp-content\/uploads\/2026\/01\/camping-herault-en-bord-de-mer-1536x746.jpg 1536w\" sizes=\"(max-width: 1920px) 100vw, 1920px\" \/><\/figure>\n<\/div>\n\n\n\n<div class=\"wp-block-group bullet active has-border-color has-global-padding is-layout-constrained wp-block-group-is-layout-constrained\" style=\"border-color:#ffffff;border-width:2px;border-top-left-radius:30px;border-top-right-radius:30px;border-bottom-left-radius:30px;border-bottom-right-radius:30px\">\n<figure class=\"wp-block-image size-full is-resized has-custom-border\"><img decoding=\"async\" width=\"1920\" height=\"1080\" src=\"https:\/\/www.camping-lesjardinsdagathe.com\/wp-content\/uploads\/2026\/01\/camping-herault-en-bord-de-plage.jpg\" alt=\"Campingplatz Herault direkt am Strand\" class=\"wp-image-2049\" style=\"border-top-left-radius:30px;border-top-right-radius:30px;border-bottom-left-radius:30px;border-bottom-right-radius:30px;object-fit:cover;width:111px;height:111px\" srcset=\"https:\/\/www.camping-lesjardinsdagathe.com\/wp-content\/uploads\/2026\/01\/camping-herault-en-bord-de-plage.jpg 1920w, https:\/\/www.camping-lesjardinsdagathe.com\/wp-content\/uploads\/2026\/01\/camping-herault-en-bord-de-plage-300x169.jpg 300w, https:\/\/www.camping-lesjardinsdagathe.com\/wp-content\/uploads\/2026\/01\/camping-herault-en-bord-de-plage-1024x576.jpg 1024w, https:\/\/www.camping-lesjardinsdagathe.com\/wp-content\/uploads\/2026\/01\/camping-herault-en-bord-de-plage-768x432.jpg 768w, https:\/\/www.camping-lesjardinsdagathe.com\/wp-content\/uploads\/2026\/01\/camping-herault-en-bord-de-plage-1536x864.jpg 1536w\" sizes=\"(max-width: 1920px) 100vw, 1920px\" \/><\/figure>\n<\/div>\n<\/div>\n\n\n\n<p class=\"has-text-align-center big-title has-text-color has-link-color has-chanticleer-font-family wp-elements-85d9382152048db2ec0198d977240bde\" style=\"color:#f2cbc057;font-size:clamp(97.676px, 6.105rem + ((1vw - 3.2px) * 14.825), 240px);font-style:normal;font-weight:400;line-height:1;text-transform:uppercase\">Eskapaden<\/p>\n\n\n\n<h2 class=\"wp-block-heading has-text-align-center has-base-2-color has-text-color has-link-color wp-elements-23bee71b38012e1dd49855aec7635f69\" style=\"padding-right:10rem;padding-left:10rem\"><strong>Entdecken Sie das Departement H\u00e9rault und <\/strong><br\/><strong>Cap d&#8217;Agde<\/strong> w\u00e4hrend Ihres Aufenthalts<strong>. <\/strong><\/h2>\n<\/div><\/div>\n\n\n\n<div class=\"wp-block-group content has-global-padding is-layout-constrained wp-container-core-group-is-layout-83b9ca77 wp-block-group-is-layout-constrained\" style=\"margin-top:0px;margin-bottom:0px;padding-top:4rem;padding-right:14rem;padding-bottom:4rem;padding-left:14rem\">\n<div class=\"wp-block-columns are-vertically-aligned-center is-layout-flex wp-container-core-columns-is-layout-123045d2 wp-block-columns-is-layout-flex\">\n<div class=\"wp-block-column is-vertically-aligned-center left is-layout-flow wp-block-column-is-layout-flow\" style=\"flex-basis:66.66%\">\n<p class=\"has-text-align-left\" style=\"margin-bottom:4rem\"><a href=\"https:\/\/www.camping-lesjardinsdagathe.com\/de\/tourismus-agde-herault-aude\/\" data-type=\"page\" data-id=\"14\">Entdecken Sie w\u00e4hrend Ihres Aufenthalts das Departement H\u00e9rault<\/a>! Jeder Winkel unserer sch\u00f6nen Region ist eine Einladung zum Entfliehen, zwischen Kulturerbe, Ozean, Natur und Lebenskunst. Der Campingplatz Les Jardins d&#8217;Agathe hat einen einzigartigen Campingplatz <strong>zwischen Land und Meer<\/strong>: in einer kleinen Gasse, entlang eines Weinbergs oder mit den F\u00fc\u00dfen im Sand, erleben Sie die sch\u00f6nsten Momente der Entspannung inmitten unserer <strong>prickelnden St\u00e4dte<\/strong>, <strong>mittelalterlichen D\u00f6rfer<\/strong> und <strong>Badeorte<\/strong>. Ob Sie <strong>Ruhe<\/strong>, <strong>kulturelle Entdeckungen<\/strong> oder <a href=\"https:\/\/www.camping-lesjardinsdagathe.com\/de\/aktivitaten-im-herault\/\" data-type=\"page\" data-id=\"1910\">Aktivit\u00e4ten im H\u00e9rault<\/a> suchen, hier finden Sie die perfekte Balance f\u00fcr einen unvergesslichen Aufenthalt. Wenn Sie sich f\u00fcr einen Campingplatz in Cap d&#8217;Agde als Ausgangspunkt entscheiden, haben Sie eine <strong>ideale Lage<\/strong>, um all diese Sch\u00e4tze zu entdecken.    <\/p>\n\n\n\n<div class=\"wp-block-group is-nowrap is-layout-flex wp-container-core-group-is-layout-c0d7094d wp-block-group-is-layout-flex\">\n<div class=\"wp-block-buttons is-layout-flex wp-block-buttons-is-layout-flex\">\n<div class=\"wp-block-button is-style-outline btn-1 is-style-outline--5\"><a class=\"wp-block-button__link has-custom-color-1-color has-text-color has-link-color has-custom-font-size wp-element-button\" href=\"https:\/\/www.camping-lesjardinsdagathe.com\/de\/tourismus-agde-herault-aude\/\" style=\"border-radius:100px;font-size:clamp(1.006rem, 1.006rem + ((1vw - 0.2rem) * 0.89), 1.54rem);text-transform:uppercase\"><img decoding=\"async\" width=\"39\" height=\"36\" class=\"wp-image-2011\" style=\"width: 39px;\" src=\"https:\/\/www.camping-lesjardinsdagathe.com\/wp-content\/uploads\/2026\/01\/fleur.svg\" alt=\"Blume\"\/>Zu sehen<img decoding=\"async\" width=\"19\" height=\"19\" class=\"wp-image-2006\" style=\"width: 19px;\" src=\"https:\/\/www.camping-lesjardinsdagathe.com\/wp-content\/uploads\/2026\/01\/angle-de-la-fleche-droite.svg\" alt=\"Winkel des rechten Pfeils\"\/><\/a><\/div>\n<\/div>\n\n\n\n<div class=\"wp-block-buttons is-layout-flex wp-block-buttons-is-layout-flex\">\n<div class=\"wp-block-button is-style-outline btn-1 is-style-outline--6\"><a class=\"wp-block-button__link has-custom-color-1-color has-text-color has-link-color has-custom-font-size wp-element-button\" href=\"https:\/\/www.camping-lesjardinsdagathe.com\/de\/aktivitaten-im-herault\/\" style=\"border-radius:100px;font-size:clamp(1.006rem, 1.006rem + ((1vw - 0.2rem) * 0.89), 1.54rem);text-transform:uppercase\"><img decoding=\"async\" width=\"39\" height=\"36\" class=\"wp-image-2011\" style=\"width: 39px;\" src=\"https:\/\/www.camping-lesjardinsdagathe.com\/wp-content\/uploads\/2026\/01\/fleur.svg\" alt=\"Blume\"\/>Zu erledigen<img decoding=\"async\" width=\"19\" height=\"19\" class=\"wp-image-2006\" style=\"width: 19px;\" src=\"https:\/\/www.camping-lesjardinsdagathe.com\/wp-content\/uploads\/2026\/01\/angle-de-la-fleche-droite.svg\" alt=\"Winkel des rechten Pfeils\"\/><\/a><\/div>\n<\/div>\n<\/div>\n<\/div>\n\n\n\n<div class=\"wp-block-column is-vertically-aligned-center right is-layout-flow wp-block-column-is-layout-flow\" style=\"flex-basis:33.33%\">\n<figure class=\"wp-block-image size-full has-custom-border\"><img decoding=\"async\" width=\"1085\" height=\"832\" src=\"https:\/\/www.camping-lesjardinsdagathe.com\/wp-content\/uploads\/2026\/01\/camping-en-bord-de-mer-herault.png\" alt=\"Campingplatz am Meer Herault\" class=\"wp-image-2162\" style=\"border-style:none;border-width:0px\" srcset=\"https:\/\/www.camping-lesjardinsdagathe.com\/wp-content\/uploads\/2026\/01\/camping-en-bord-de-mer-herault.png 1085w, https:\/\/www.camping-lesjardinsdagathe.com\/wp-content\/uploads\/2026\/01\/camping-en-bord-de-mer-herault-300x230.png 300w, https:\/\/www.camping-lesjardinsdagathe.com\/wp-content\/uploads\/2026\/01\/camping-en-bord-de-mer-herault-1024x785.png 1024w, https:\/\/www.camping-lesjardinsdagathe.com\/wp-content\/uploads\/2026\/01\/camping-en-bord-de-mer-herault-768x589.png 768w\" sizes=\"(max-width: 1085px) 100vw, 1085px\" \/><\/figure>\n\n\n\n<p class=\"has-text-align-center text-deco has-custom-color-1-color has-text-color has-link-color wp-elements-a509847cbfd85718a4ee0b9f58b8f4ba\" style=\"font-size:clamp(27.894px, 1.743rem + ((1vw - 3.2px) * 2.094), 48px);font-style:normal;font-weight:300;line-height:1;text-transform:uppercase\"><strong>Meeresluft<\/strong> atmen <strong><br\/><\/strong><\/p>\n<\/div>\n<\/div>\n<\/div>\n<\/section>\n\n<section class=\"wp-block-group section-avis-faq has-custom-color-4-background-color has-background has-global-padding is-layout-constrained wp-container-core-group-is-layout-187900ab wp-block-group-is-layout-constrained\" style=\"margin-top:0px;margin-bottom:0px;padding-top:4rem;padding-right:10rem;padding-bottom:4rem;padding-left:10rem\">\n<div class=\"wp-block-columns is-layout-flex wp-container-core-columns-is-layout-b23a18ed wp-block-columns-is-layout-flex\">\n<div class=\"wp-block-column left is-layout-flow wp-block-column-is-layout-flow\" style=\"flex-basis:50%\">\n<div class=\"wp-block-group is-layout-flow wp-block-group-is-layout-flow\" style=\"margin-bottom:2rem\">\n<p class=\"has-custom-color-2-color has-text-color has-link-color wp-elements-649f843e0aedd4c4bcfeb2aff2711025\" style=\"margin-bottom:0px;font-size:clamp(37.821px, 2.364rem + ((1vw - 3.2px) * 3.352), 70px);font-style:normal;font-weight:500;line-height:1.05;text-transform:uppercase\"><strong>Zweifel?<\/strong><\/p>\n\n\n\n<p style=\"margin-top:0px;font-size:clamp(21.536px, 1.346rem + ((1vw - 3.2px) * 1.403), 35px);font-style:normal;font-weight:300;line-height:1.2;text-transform:uppercase\">Entdecken Sie die Meinungen und die<br\/> Antwort auf alle Ihre Fragen!<\/p>\n<\/div>\n\n\n\n        <div class=\"gs-slick-slider-wrapper\">\n            <ul id=\"gs-carousel\" class=\"gscolumns\">\n                <li class=\"gs-review-item\" style=\"margin-left:0;margin-top:0;background:#ffffff;border: 1px solid transparent;border-radius: 20px\"><div class=\"gs-review-header\"><strong style=\"color:#494242\" class=\"gs-review-username\">Morvan GICQUEL<\/strong><span style=\"color:#494242\" class=\"gs-review-date\">01 \/ 10 \/ 25<\/span><\/div><div class=\"gs-review-rating\"><span style=\"color:#981f5e\" class=\"review-rate\"><div class=\"gs-stars\"><div class=\"gs-star-rating\"><span class=\"screen-reader-text\">3,5 rating based on 7 rating<\/span><div class=\"star star-full\" style=\"color:#981f5e\" aria-hidden=\"true\"><\/div><div class=\"star star-full\" style=\"color:#981f5e\" aria-hidden=\"true\"><\/div><div class=\"star star-full\" style=\"color:#981f5e\" aria-hidden=\"true\"><\/div><div class=\"star star-half\" style=\"color:#981f5e\" aria-hidden=\"true\"><\/div><div class=\"star star-empty\" style=\"color:#981f5e\" aria-hidden=\"true\"><\/div><\/div><\/div><\/span><\/div><p class=\"gs-review-comment\"><span style=\"color:#494242\" class=\"short-comment\">Sanitaires pas tr\u00e8s spacieux.. parcelle tr\u00e8s bien.Avec robinet tr\u00e8s pratique .Dommage qu&#039;il n&#039;y a pas d&#039;animations en Septembre. <\/span><\/p><div class=\"gs-review-footer\"><div class=\"gs-review-buttons\"><a href=\"https:\/\/widget.guest-suite.com\/reviews\/1d6163d8-eb5a-43ac-8e5e-d54674754718\/warn\" target=\"_blank\" class=\"gs-review-button signaler\"><span class=\"dashicons dashicons-flag\"><\/span> Report<\/a><\/div><span style=\"color:#494242\" class=\"gs-review-experience-date\">Experience date 28\/09\/25<br \/><i>Camping les Jardins d&#039;Agathe<\/i><\/span><\/div><\/li><li class=\"gs-review-item\" style=\"margin-left:0;margin-top:0;background:#ffffff;border: 1px solid transparent;border-radius: 20px\"><div class=\"gs-review-header\"><strong style=\"color:#494242\" class=\"gs-review-username\">Jean Pierre MARCHADOUR<\/strong><span style=\"color:#494242\" class=\"gs-review-date\">26 \/ 09 \/ 25<\/span><\/div><div class=\"gs-review-rating\"><span style=\"color:#981f5e\" class=\"review-rate\"><div class=\"gs-stars\"><div class=\"gs-star-rating\"><span class=\"screen-reader-text\">5,0 rating based on 10 rating<\/span><div class=\"star star-full\" style=\"color:#981f5e\" aria-hidden=\"true\"><\/div><div class=\"star star-full\" style=\"color:#981f5e\" aria-hidden=\"true\"><\/div><div class=\"star star-full\" style=\"color:#981f5e\" aria-hidden=\"true\"><\/div><div class=\"star star-full\" style=\"color:#981f5e\" aria-hidden=\"true\"><\/div><div class=\"star star-full\" style=\"color:#981f5e\" aria-hidden=\"true\"><\/div><\/div><\/div><\/span><\/div><p class=\"gs-review-comment\"><span style=\"color:#494242\" class=\"short-comment\">Tr\u00e8s bien personnel tr\u00e8s agr\u00e9able <\/span><\/p><div class=\"gs-review-footer\"><div class=\"gs-review-buttons\"><a href=\"https:\/\/widget.guest-suite.com\/reviews\/fdf35041-4ede-4c9c-b8df-3200b517206a\/warn\" target=\"_blank\" class=\"gs-review-button signaler\"><span class=\"dashicons dashicons-flag\"><\/span> Report<\/a><\/div><span style=\"color:#494242\" class=\"gs-review-experience-date\">Experience date 23\/09\/25<br \/><i>Camping les Jardins d&#039;Agathe<\/i><\/span><\/div><\/li><li class=\"gs-review-item\" style=\"margin-left:0;margin-top:0;background:#ffffff;border: 1px solid transparent;border-radius: 20px\"><div class=\"gs-review-header\"><strong style=\"color:#494242\" class=\"gs-review-username\">Marianne AUERBACH<\/strong><span style=\"color:#494242\" class=\"gs-review-date\">19 \/ 09 \/ 25<\/span><\/div><div class=\"gs-review-rating\"><span style=\"color:#981f5e\" class=\"review-rate\"><div class=\"gs-stars\"><div class=\"gs-star-rating\"><span class=\"screen-reader-text\">4,5 rating based on 9 rating<\/span><div class=\"star star-full\" style=\"color:#981f5e\" aria-hidden=\"true\"><\/div><div class=\"star star-full\" style=\"color:#981f5e\" aria-hidden=\"true\"><\/div><div class=\"star star-full\" style=\"color:#981f5e\" aria-hidden=\"true\"><\/div><div class=\"star star-full\" style=\"color:#981f5e\" aria-hidden=\"true\"><\/div><div class=\"star star-half\" style=\"color:#981f5e\" aria-hidden=\"true\"><\/div><\/div><\/div><\/span><\/div><p class=\"gs-review-comment\"><span style=\"color:#494242\" class=\"short-comment\">Mobil tr\u00e8s propre \u00e0 mon arriv\u00e9e <\/span><\/p><div class=\"gs-review-footer\"><div class=\"gs-review-buttons\"><a href=\"https:\/\/widget.guest-suite.com\/reviews\/a9424601-5d09-4de9-a265-5ccfe362ea9d\/warn\" target=\"_blank\" class=\"gs-review-button signaler\"><span class=\"dashicons dashicons-flag\"><\/span> Report<\/a><\/div><span style=\"color:#494242\" class=\"gs-review-experience-date\">Experience date 13\/09\/25<br \/><i>Camping les Jardins d&#039;Agathe<\/i><\/span><\/div><\/li><li class=\"gs-review-item\" style=\"margin-left:0;margin-top:0;background:#ffffff;border: 1px solid transparent;border-radius: 20px\"><div class=\"gs-review-header\"><strong style=\"color:#494242\" class=\"gs-review-username\">Bruno THOLLY<\/strong><span style=\"color:#494242\" class=\"gs-review-date\">18 \/ 09 \/ 25<\/span><\/div><div class=\"gs-review-rating\"><span style=\"color:#981f5e\" class=\"review-rate\"><div class=\"gs-stars\"><div class=\"gs-star-rating\"><span class=\"screen-reader-text\">4,0 rating based on 8 rating<\/span><div class=\"star star-full\" style=\"color:#981f5e\" aria-hidden=\"true\"><\/div><div class=\"star star-full\" style=\"color:#981f5e\" aria-hidden=\"true\"><\/div><div class=\"star star-full\" style=\"color:#981f5e\" aria-hidden=\"true\"><\/div><div class=\"star star-full\" style=\"color:#981f5e\" aria-hidden=\"true\"><\/div><div class=\"star star-empty\" style=\"color:#981f5e\" aria-hidden=\"true\"><\/div><\/div><\/div><\/span><\/div><p class=\"gs-review-comment\"><span style=\"color:#494242\" class=\"short-comment\">Difficile avec un camping car car pas de parking sans bloquer l\u2019acc\u00e8s du camping <\/span><\/p><div class=\"gs-review-footer\"><div class=\"gs-review-buttons\"><a href=\"https:\/\/widget.guest-suite.com\/reviews\/fb91d9bc-bd14-4278-9052-9da4d3fba0df\/warn\" target=\"_blank\" class=\"gs-review-button signaler\"><span class=\"dashicons dashicons-flag\"><\/span> Report<\/a><\/div><span style=\"color:#494242\" class=\"gs-review-experience-date\">Experience date 15\/09\/25<br \/><i>Camping les Jardins d&#039;Agathe<\/i><\/span><\/div><\/li><li class=\"gs-review-item\" style=\"margin-left:0;margin-top:0;background:#ffffff;border: 1px solid transparent;border-radius: 20px\"><div class=\"gs-review-header\"><strong style=\"color:#494242\" class=\"gs-review-username\">Gilles CAISSEE<\/strong><span style=\"color:#494242\" class=\"gs-review-date\">11 \/ 09 \/ 25<\/span><\/div><div class=\"gs-review-rating\"><span style=\"color:#981f5e\" class=\"review-rate\"><div class=\"gs-stars\"><div class=\"gs-star-rating\"><span class=\"screen-reader-text\">5,0 rating based on 10 rating<\/span><div class=\"star star-full\" style=\"color:#981f5e\" aria-hidden=\"true\"><\/div><div class=\"star star-full\" style=\"color:#981f5e\" aria-hidden=\"true\"><\/div><div class=\"star star-full\" style=\"color:#981f5e\" aria-hidden=\"true\"><\/div><div class=\"star star-full\" style=\"color:#981f5e\" aria-hidden=\"true\"><\/div><div class=\"star star-full\" style=\"color:#981f5e\" aria-hidden=\"true\"><\/div><\/div><\/div><\/span><\/div><p class=\"gs-review-comment\"><span style=\"color:#494242\" class=\"short-comment\">Tr\u00e8s bien <\/span><\/p><div class=\"gs-review-footer\"><div class=\"gs-review-buttons\"><a href=\"https:\/\/widget.guest-suite.com\/reviews\/1ed54de5-7d74-4c83-95e9-a5f5f078132f\/warn\" target=\"_blank\" class=\"gs-review-button signaler\"><span class=\"dashicons dashicons-flag\"><\/span> Report<\/a><\/div><span style=\"color:#494242\" class=\"gs-review-experience-date\">Experience date 08\/09\/25<br \/><i>Camping les Jardins d&#039;Agathe<\/i><\/span><\/div><\/li><li class=\"gs-review-item\" style=\"margin-left:0;margin-top:0;background:#ffffff;border: 1px solid transparent;border-radius: 20px\"><div class=\"gs-review-header\"><strong style=\"color:#494242\" class=\"gs-review-username\">Dany BROSSARD<\/strong><span style=\"color:#494242\" class=\"gs-review-date\">05 \/ 09 \/ 25<\/span><\/div><div class=\"gs-review-rating\"><span style=\"color:#981f5e\" class=\"review-rate\"><div class=\"gs-stars\"><div class=\"gs-star-rating\"><span class=\"screen-reader-text\">4,5 rating based on 9 rating<\/span><div class=\"star star-full\" style=\"color:#981f5e\" aria-hidden=\"true\"><\/div><div class=\"star star-full\" style=\"color:#981f5e\" aria-hidden=\"true\"><\/div><div class=\"star star-full\" style=\"color:#981f5e\" aria-hidden=\"true\"><\/div><div class=\"star star-full\" style=\"color:#981f5e\" aria-hidden=\"true\"><\/div><div class=\"star star-half\" style=\"color:#981f5e\" aria-hidden=\"true\"><\/div><\/div><\/div><\/span><\/div><p class=\"gs-review-comment\"><span style=\"color:#494242\" class=\"short-comment\">Dommage le bruit de la buse de refoulement d&#039;eau piscine en permanence, surtout lorsque l&#039;on est sur un emplacement proche...<\/span><\/p><div class=\"gs-review-footer\"><div class=\"gs-review-buttons\"><a href=\"https:\/\/widget.guest-suite.com\/reviews\/685c4767-7c0c-4a66-9df6-5e9de8a8c4af\/warn\" target=\"_blank\" class=\"gs-review-button signaler\"><span class=\"dashicons dashicons-flag\"><\/span> Report<\/a><\/div><span style=\"color:#494242\" class=\"gs-review-experience-date\">Experience date 31\/08\/25<br \/><i>Camping les Jardins d&#039;Agathe<\/i><\/span><\/div><\/li>            <\/ul>\n\n                    <div class=\"gs-footer\">\n                        <a href=\"https:\/\/www.guest-suite.com\/\" target=\"_blank\" class=\"gs-footer-link\">\n                            <span style=\"color:#494242\">Powered by customer reviews solution<\/span>\n                            <img decoding=\"async\" src=\"https:\/\/www.camping-lesjardinsdagathe.com\/wp-content\/plugins\/guestapp\/assets\/images\/gs-logo.png\" alt=\"Guest Suite logo\" class=\"gs_badge_footer_logo\" \/>\n                        <\/a>\n                    <\/div>\n                    <\/div>\n\n<\/div>\n\n\n\n<div class=\"wp-block-column right is-layout-flow wp-block-column-is-layout-flow\" style=\"flex-basis:50%\">\n    <style>\n    .gt-faq-10326adb-644b-4865-b834-014c5f37fcd1-question {\n        color: #3d3d3d !important; \n    }\n    .gt-faq-10326adb-644b-4865-b834-014c5f37fcd1-answer {\n        color: #3d3d3d !important; \n    }\n    <\/style>\n           <div class=\"gt-faq-block wp-block-gt-fse-faq\">\n                                                     <div class=\"gt-faq-item\">\n                       <input type=\"checkbox\" id=\"faq-0\" class=\"gt-faq-toggle\" \/>\n                       <label for=\"faq-0\" class=\"gt-faq-question gt-faq-10326adb-644b-4865-b834-014c5f37fcd1-question\">\n                           <span>Ist eine Kaution erforderlich?<\/span>\n                           <span class=\"gt-faq-icon\">+<\/span>\n                       <\/label>\n                       <div class=\"gt-faq-answer\">\n                           <div class=\"gt-faq-content gt-faq-10326adb-644b-4865-b834-014c5f37fcd1-answer\">\n                               <p>Nein, f\u00fcr Vermietungen verlangen wir keine Kaution.<\/p>\n                           <\/div>\n                       <\/div>\n                   <\/div>\n                                                     <div class=\"gt-faq-item\">\n                       <input type=\"checkbox\" id=\"faq-1\" class=\"gt-faq-toggle\" \/>\n                       <label for=\"faq-1\" class=\"gt-faq-question gt-faq-10326adb-644b-4865-b834-014c5f37fcd1-question\">\n                           <span>Sind Bettw\u00e4sche und Handt\u00fccher in der Unterkunft enthalten?<\/span>\n                           <span class=\"gt-faq-icon\">+<\/span>\n                       <\/label>\n                       <div class=\"gt-faq-answer\">\n                           <div class=\"gt-faq-content gt-faq-10326adb-644b-4865-b834-014c5f37fcd1-answer\">\n                               <p>Bettw\u00e4sche und Handt\u00fccher sind nur in den Kategorien Stella Maris und Prestige Garden inbegriffen; f\u00fcr die anderen Kategorien sind sie gegen Aufpreis im Voraus zu reservieren, sofern verf\u00fcgbar.<\/p>\n                           <\/div>\n                       <\/div>\n                   <\/div>\n                                                     <div class=\"gt-faq-item\">\n                       <input type=\"checkbox\" id=\"faq-2\" class=\"gt-faq-toggle\" \/>\n                       <label for=\"faq-2\" class=\"gt-faq-question gt-faq-10326adb-644b-4865-b834-014c5f37fcd1-question\">\n                           <span>Kann man sein Fahrzeug oder seinen Van auf einem Stellplatz parken?<\/span>\n                           <span class=\"gt-faq-icon\">+<\/span>\n                       <\/label>\n                       <div class=\"gt-faq-answer\">\n                           <div class=\"gt-faq-content gt-faq-10326adb-644b-4865-b834-014c5f37fcd1-answer\">\n                               <p>Ja, ein Auto ist pro Stellplatz inbegriffen.<\/p>\n                           <\/div>\n                       <\/div>\n                   <\/div>\n                                                     <div class=\"gt-faq-item\">\n                       <input type=\"checkbox\" id=\"faq-3\" class=\"gt-faq-toggle\" \/>\n                       <label for=\"faq-3\" class=\"gt-faq-question gt-faq-10326adb-644b-4865-b834-014c5f37fcd1-question\">\n                           <span>Ist der Pool f\u00fcr Campingg\u00e4ste zug\u00e4nglich?<\/span>\n                           <span class=\"gt-faq-icon\">+<\/span>\n                       <\/label>\n                       <div class=\"gt-faq-answer\">\n                           <div class=\"gt-faq-content gt-faq-10326adb-644b-4865-b834-014c5f37fcd1-answer\">\n                               <p>Nein, sie ist f\u00fcr Besucher des Campingplatzes nicht zug\u00e4nglich.<\/p>\n                           <\/div>\n                       <\/div>\n                   <\/div>\n                                                     <div class=\"gt-faq-item\">\n                       <input type=\"checkbox\" id=\"faq-4\" class=\"gt-faq-toggle\" \/>\n                       <label for=\"faq-4\" class=\"gt-faq-question gt-faq-10326adb-644b-4865-b834-014c5f37fcd1-question\">\n                           <span>Verf\u00fcgt der Campingplatz \u00fcber einen W\u00e4scheservice oder einen Waschsalon?<\/span>\n                           <span class=\"gt-faq-icon\">+<\/span>\n                       <\/label>\n                       <div class=\"gt-faq-answer\">\n                           <div class=\"gt-faq-content gt-faq-10326adb-644b-4865-b834-014c5f37fcd1-answer\">\n                               <p>Ja, in den Sanit\u00e4ranlagen haben wir Waschmaschinen und einen W\u00e4schetrockner.<\/p>\n                           <\/div>\n                       <\/div>\n                   <\/div>\n                          <\/div>\n<\/div>\n<\/div>\n<\/section>\n","protected":false},"excerpt":{"rendered":"<p>Willkommen bei Campingplatz in Cap d&#8217;Agde direkt am Meer Suchen Sie einen Campingplatz mit einerwarmen und freundlichen Atmosph\u00e4re f\u00fcr Ihren n\u00e4chsten Aufenthalt in Cap d&#8217;Agde? Les Jardins d&#8217;Agathe empf\u00e4ngt Sie vom 17. April bis zum 3. Oktober in einer zauberhaften Umgebung f\u00fcr Ihren Aufenthalt mit der Familie, mit Freunden, zu zweit, etc. In ruhiger Lage, [&hellip;]<\/p>\n","protected":false},"author":1,"featured_media":0,"parent":0,"menu_order":0,"comment_status":"closed","ping_status":"closed","template":"","meta":{"_seopress_robots_primary_cat":"","_seopress_titles_title":"Campingplatz Cap d'Agde | Campingplatz H\u00e9rault 34 Les Jardins d'Agathe","_seopress_titles_desc":"Campingplatz Cap d'Agde - Les Jardins d'Agathe ist ein ruhiger Familiencampingplatz im Herzen von Cap d'Agde. Lassen Sie sich zu einem Aufenthalt mit der Familie, dem Paar oder Freunden auf unserem ruhigen Campingplatz in Cap d'Agde verf\u00fchren. ","_seopress_robots_index":"","_gt_ctv_global_id":"1053","_gt_ctv_id_group":false,"inline_featured_image":false,"gt_fse_maillage_image":"","gt_fse_maillage_titre":"Startseite","gt_fse_maillage_alt":"Accueil","gt_fse_maillage_resume":"","footnotes":""},"categories":[],"tags":[],"class_list":["post-6394","page","type-page","status-publish","hentry"],"_links":{"self":[{"href":"https:\/\/www.camping-lesjardinsdagathe.com\/de\/wp-json\/wp\/v2\/pages\/6394","targetHints":{"allow":["GET"]}}],"collection":[{"href":"https:\/\/www.camping-lesjardinsdagathe.com\/de\/wp-json\/wp\/v2\/pages"}],"about":[{"href":"https:\/\/www.camping-lesjardinsdagathe.com\/de\/wp-json\/wp\/v2\/types\/page"}],"author":[{"embeddable":true,"href":"https:\/\/www.camping-lesjardinsdagathe.com\/de\/wp-json\/wp\/v2\/users\/1"}],"replies":[{"embeddable":true,"href":"https:\/\/www.camping-lesjardinsdagathe.com\/de\/wp-json\/wp\/v2\/comments?post=6394"}],"version-history":[{"count":31,"href":"https:\/\/www.camping-lesjardinsdagathe.com\/de\/wp-json\/wp\/v2\/pages\/6394\/revisions"}],"predecessor-version":[{"id":9281,"href":"https:\/\/www.camping-lesjardinsdagathe.com\/de\/wp-json\/wp\/v2\/pages\/6394\/revisions\/9281"}],"wp:attachment":[{"href":"https:\/\/www.camping-lesjardinsdagathe.com\/de\/wp-json\/wp\/v2\/media?parent=6394"}],"wp:term":[{"taxonomy":"category","embeddable":true,"href":"https:\/\/www.camping-lesjardinsdagathe.com\/de\/wp-json\/wp\/v2\/categories?post=6394"},{"taxonomy":"post_tag","embeddable":true,"href":"https:\/\/www.camping-lesjardinsdagathe.com\/de\/wp-json\/wp\/v2\/tags?post=6394"}],"curies":[{"name":"wp","href":"https:\/\/api.w.org\/{rel}","templated":true}]}}